{"id":2018,"date":"2015-02-20T10:19:17","date_gmt":"2015-02-20T09:19:17","guid":{"rendered":"http:\/\/www.romev.de\/?page_id=2018"},"modified":"2026-04-16T11:38:25","modified_gmt":"2026-04-16T10:38:25","slug":"home","status":"publish","type":"page","link":"https:\/\/www.romev.de\/","title":{"rendered":"Home"},"content":{"rendered":"[vc_row type=&#8220;in_container&#8220; full_screen_row_position=&#8220;middle&#8220; column_margin=&#8220;default&#8220; column_direction=&#8220;default&#8220; column_direction_tablet=&#8220;default&#8220; column_direction_phone=&#8220;default&#8220; scene_position=&#8220;center&#8220; text_color=&#8220;dark&#8220; text_align=&#8220;left&#8220; row_border_radius=&#8220;none&#8220; row_border_radius_applies=&#8220;bg&#8220; overflow=&#8220;visible&#8220; overlay_strength=&#8220;0.3&#8243; gradient_direction=&#8220;left_to_right&#8220; shape_divider_position=&#8220;bottom&#8220; bg_image_animation=&#8220;none&#8220;][vc_column column_padding=&#8220;no-extra-padding&#8220; column_padding_tablet=&#8220;inherit&#8220; column_padding_phone=&#8220;inherit&#8220; column_padding_position=&#8220;all&#8220; column_element_direction_desktop=&#8220;default&#8220; column_element_spacing=&#8220;default&#8220; desktop_text_alignment=&#8220;default&#8220; tablet_text_alignment=&#8220;default&#8220; phone_text_alignment=&#8220;default&#8220; background_color_opacity=&#8220;1&#8243; background_hover_color_opacity=&#8220;1&#8243; column_backdrop_filter=&#8220;none&#8220; column_shadow=&#8220;none&#8220; column_border_radius=&#8220;none&#8220; column_link_target=&#8220;_self&#8220; column_position=&#8220;default&#8220; gradient_direction=&#8220;left_to_right&#8220; overlay_strength=&#8220;0.3&#8243; width=&#8220;1\/1&#8243; tablet_width_inherit=&#8220;default&#8220; animation_type=&#8220;default&#8220; bg_image_animation=&#8220;none&#8220; border_type=&#8220;simple&#8220; column_border_width=&#8220;none&#8220; column_border_color=&#8220;#939393&#8243; column_border_style=&#8220;solid&#8220; column_padding_type=&#8220;default&#8220; gradient_type=&#8220;default&#8220;][vc_column_text]Seit 1986 setzen wir uns f\u00fcr Menschen- und B\u00fcrger*innenrechte von Roma und Sinti ein.<\/p>\n<p>Auf dieser Website erhalten Sie einen \u00dcberblick \u00fcber die vielen Aktivit\u00e4ten unseres Vereins, wie die Beratung in Sozial- und Aufenthaltsfragen, die Arbeit in den verschiedenen p\u00e4dagogischen Projekten und dem europaweit bekannten Archiv- und Dokumentationszentrum.<\/p>\n<p>Wir freuen uns \u00fcber Ihr Interesse an unserem Verein und sollten Sie Fragen oder Anliegen haben, so nutzen Sie bitte die Kontaktm\u00f6glichkeiten der jeweiligen <a href=\"https:\/\/www.romev.de\/?page_id=42\">Arbeitsbereiche<\/a>.[\/vc_column_text][\/vc_column][\/vc_row][vc_row type=&#8220;in_container&#8220; full_screen_row_position=&#8220;middle&#8220; column_margin=&#8220;default&#8220; column_direction=&#8220;default&#8220; column_direction_tablet=&#8220;default&#8220; column_direction_phone=&#8220;default&#8220; scene_position=&#8220;center&#8220; text_color=&#8220;dark&#8220; text_align=&#8220;left&#8220; row_border_radius=&#8220;none&#8220; row_border_radius_applies=&#8220;bg&#8220; overflow=&#8220;visible&#8220; overlay_strength=&#8220;0.3&#8243; gradient_direction=&#8220;left_to_right&#8220; shape_divider_position=&#8220;bottom&#8220; bg_image_animation=&#8220;none&#8220;][vc_column column_padding=&#8220;no-extra-padding&#8220; column_padding_tablet=&#8220;inherit&#8220; column_padding_phone=&#8220;inherit&#8220; column_padding_position=&#8220;all&#8220; column_element_direction_desktop=&#8220;default&#8220; column_element_spacing=&#8220;default&#8220; desktop_text_alignment=&#8220;default&#8220; tablet_text_alignment=&#8220;default&#8220; phone_text_alignment=&#8220;default&#8220; background_color_opacity=&#8220;1&#8243; background_hover_color_opacity=&#8220;1&#8243; column_backdrop_filter=&#8220;none&#8220; column_shadow=&#8220;none&#8220; column_border_radius=&#8220;none&#8220; column_link_target=&#8220;_self&#8220; column_position=&#8220;default&#8220; gradient_direction=&#8220;left_to_right&#8220; overlay_strength=&#8220;0.3&#8243; width=&#8220;1\/1&#8243; tablet_width_inherit=&#8220;default&#8220; animation_type=&#8220;default&#8220; bg_image_animation=&#8220;none&#8220; border_type=&#8220;simple&#8220; column_border_width=&#8220;none&#8220; column_border_style=&#8220;solid&#8220;][divider line_type=&#8220;No Line&#8220; custom_height=&#8220;5&#8243;][\/vc_column][\/vc_row][vc_row type=&#8220;in_container&#8220; full_screen_row_position=&#8220;middle&#8220; column_margin=&#8220;default&#8220; equal_height=&#8220;yes&#8220; column_direction=&#8220;default&#8220; column_direction_tablet=&#8220;default&#8220; column_direction_phone=&#8220;default&#8220; scene_position=&#8220;center&#8220; text_color=&#8220;dark&#8220; text_align=&#8220;left&#8220; row_border_radius=&#8220;none&#8220; row_border_radius_applies=&#8220;bg&#8220; overflow=&#8220;visible&#8220; overlay_strength=&#8220;0.3&#8243; gradient_direction=&#8220;left_to_right&#8220; shape_divider_position=&#8220;bottom&#8220; bg_image_animation=&#8220;none&#8220; shape_type=&#8220;&#8220;][vc_column column_padding=&#8220;padding-1-percent&#8220; column_padding_tablet=&#8220;inherit&#8220; column_padding_phone=&#8220;inherit&#8220; column_padding_position=&#8220;left&#8220; column_element_direction_desktop=&#8220;default&#8220; column_element_spacing=&#8220;default&#8220; desktop_text_alignment=&#8220;default&#8220; tablet_text_alignment=&#8220;default&#8220; phone_text_alignment=&#8220;default&#8220; background_color_opacity=&#8220;1&#8243; background_hover_color_opacity=&#8220;1&#8243; column_backdrop_filter=&#8220;none&#8220; font_color=&#8220;#1e73be&#8220; column_shadow=&#8220;none&#8220; column_border_radius=&#8220;none&#8220; column_link_target=&#8220;_self&#8220; column_position=&#8220;default&#8220; gradient_direction=&#8220;left_to_right&#8220; overlay_strength=&#8220;0.3&#8243; width=&#8220;1\/1&#8243; tablet_width_inherit=&#8220;default&#8220; animation_type=&#8220;default&#8220; bg_image_animation=&#8220;none&#8220; border_type=&#8220;simple&#8220; column_border_width=&#8220;none&#8220; column_border_style=&#8220;solid&#8220;][nectar_highlighted_text color_type=&#8220;regular&#8220; highlight_color=&#8220;#1e73be&#8220; text_color=&#8220;#1e73be&#8220; style=&#8220;regular_underline&#8220; highlight_expansion=&#8220;default&#8220; underline_thickness=&#8220;1px&#8220;]\n<h3>Aktuelles<\/h3>\n<hr \/>\n<h3><\/h3>\n[\/nectar_highlighted_text][\/vc_column][\/vc_row][vc_row type=&#8220;in_container&#8220; full_screen_row_position=&#8220;middle&#8220; column_margin=&#8220;default&#8220; equal_height=&#8220;yes&#8220; column_direction=&#8220;default&#8220; column_direction_tablet=&#8220;default&#8220; column_direction_phone=&#8220;default&#8220; scene_position=&#8220;center&#8220; text_color=&#8220;dark&#8220; text_align=&#8220;left&#8220; row_border_radius=&#8220;none&#8220; row_border_radius_applies=&#8220;bg&#8220; overflow=&#8220;visible&#8220; overlay_strength=&#8220;0.3&#8243; gradient_direction=&#8220;left_to_right&#8220; shape_divider_position=&#8220;bottom&#8220; bg_image_animation=&#8220;none&#8220; shape_type=&#8220;&#8220;][vc_column column_element_direction_desktop=&#8220;default&#8220; column_element_spacing=&#8220;default&#8220; desktop_text_alignment=&#8220;default&#8220; tablet_text_alignment=&#8220;default&#8220; phone_text_alignment=&#8220;default&#8220; background_color_opacity=&#8220;1&#8243; background_hover_color_opacity=&#8220;1&#8243; column_backdrop_filter=&#8220;none&#8220; column_shadow=&#8220;medium_depth&#8220; column_border_radius=&#8220;none&#8220; column_link_target=&#8220;_self&#8220; column_position=&#8220;default&#8220; boxed=&#8220;true&#8220; gradient_direction=&#8220;left_to_right&#8220; overlay_strength=&#8220;0.3&#8243; width=&#8220;1\/2&#8243; tablet_width_inherit=&#8220;default&#8220; animation_type=&#8220;default&#8220; bg_image_animation=&#8220;none&#8220; border_type=&#8220;simple&#8220; column_border_width=&#8220;none&#8220; column_border_color=&#8220;#000000&#8243; column_border_style=&#8220;solid&#8220; column_padding_type=&#8220;advanced&#8220; gradient_type=&#8220;default&#8220;][vc_row_inner column_margin=&#8220;default&#8220; column_direction=&#8220;default&#8220; column_direction_tablet=&#8220;default&#8220; column_direction_phone=&#8220;default&#8220; text_align=&#8220;left&#8220; row_position=&#8220;default&#8220; row_position_tablet=&#8220;inherit&#8220; row_position_phone=&#8220;inherit&#8220; overflow=&#8220;visible&#8220; pointer_events=&#8220;all&#8220;][vc_column_inner column_element_direction_desktop=&#8220;default&#8220; column_element_spacing=&#8220;default&#8220; desktop_text_alignment=&#8220;default&#8220; tablet_text_alignment=&#8220;default&#8220; phone_text_alignment=&#8220;default&#8220; background_color_opacity=&#8220;1&#8243; background_hover_color_opacity=&#8220;1&#8243; column_backdrop_filter=&#8220;none&#8220; column_shadow=&#8220;none&#8220; column_border_radius=&#8220;none&#8220; column_link_target=&#8220;_self&#8220; overflow=&#8220;visible&#8220; gradient_direction=&#8220;left_to_right&#8220; overlay_strength=&#8220;0.3&#8243; width=&#8220;1\/1&#8243; tablet_width_inherit=&#8220;default&#8220; animation_type=&#8220;default&#8220; bg_image_animation=&#8220;none&#8220; border_type=&#8220;simple&#8220; column_border_width=&#8220;none&#8220; column_border_style=&#8220;solid&#8220; column_padding_type=&#8220;advanced&#8220; gradient_type=&#8220;default&#8220;][vc_column_text]<strong>Mehr Sichtbarkeit f\u00fcr die Roma-Community \u2013 der Welt-Roma-Tag, 08.04.2026, in K\u00f6ln<\/strong><\/p>\n<p>Anl\u00e4sslich des Welt-Roma-Tages stand in diesem Jahr in K\u00f6ln alles im Zeichen von mehr Sichtbarkeit, Akzeptanz und demokratischer Teilhabe der Roma-Community. Zwei bedeutende Jubil\u00e4en rund um die Roma-Flagge pr\u00e4gten dabei die Agenda:<\/p>\n<p>Zum einen wurde der 55. Jahrestag der ersten Konstitution und Anerkennung der Roma-Flagge gew\u00fcrdigt (8.April, London). Zum anderen feierte K\u00f6ln eine eigene, mittlerweile f\u00fcnfj\u00e4hrige Tradition: das feierliche Hissen der Roma-Flagge vor dem K\u00f6lner Rathaus, in Anwesenheit des amtierenden Oberb\u00fcrgermeisters, Torsten Burmester.<\/p>\n<p>Unterst\u00fctzt wurde die Veranstaltung vom Kommunalen Integrationszentrum K\u00f6ln, weiteren Interkulturellen Zentren sowie der Roma-Selbstorganisation Carmen e.V. aus D\u00fcsseldorf.<\/p>\n<p>In seiner <span style=\"text-decoration: underline;\"><a href=\"https:\/\/www.romev.de\/?page_id=6239\">Rede<\/a><\/span> formulierte der 1. Sprecher des Rom e.V., Ru\u017edija Sejdovi\u0107, klare politische Forderungen mit Blick auf das Jahr 2027<\/p>\n<ul>\n<li>Erhalt des wichtigen Netzwerks \u201eSoziales K\u00f6ln\u201c f\u00fcr Roma, Sinti und alle Menschen mit internationaler Familiengeschichte in den kommenden Jahren<\/li>\n<li>Entwicklung und Umsetzung eines umfassenden Aktionsplans gegen Antiziganismus in K\u00f6ln \u2013 analog zu bestehenden Strategien auf EU-, Bundes- und Landesebene, mit regelm\u00e4\u00dfiger Fortschreibung<\/li>\n<\/ul>\n<p>Am Samstag, 11.04.2026, fand die \u201ezweite Halbzeit\u201c der Feierlichkeiten auf dem Gel\u00e4nde des Rom e.V. mit einem vielf\u00e4ltigen kulturellen Programm. <a href=\"https:\/\/www.romev.de\/?page_id=6236\">Hier<\/a> findet sich ein ausf\u00fchrlicher Bericht.<\/p>\n<p><a href=\"https:\/\/www.romev.de\/?page_id=6243\/#Eindruecke\">Eindr\u00fccke vom Welt-Roma-Tag 2026<\/a><\/p>\n<p><strong><u>Weitere Links:<\/u><\/strong><\/p>\n<p><u>Bericht der Tagesschau zum Welt-Roma-Tag (und \u00fcber den Rom e.V.) am 08.04.2026<br \/>\n<\/u><a href=\"https:\/\/www.tagesschau.de\/tagesschau_20_uhr\/video-1573206.html\">https:\/\/www.tagesschau.de\/tagesschau_20_uhr\/video-1573206.html<\/a><\/p>\n<p>Link zum Youtube-Kanal des Rom e.V. (gerne abonnieren!)<br \/>\n<a href=\"https:\/\/www.youtube.com\/@rome.v\">https:\/\/www.youtube.com\/@rome.v<\/a>.<\/p>\n<p>Link zum facebook-Auftritt des Rom e.V. (gerne Follower werden!)<br \/>\n<a href=\"https:\/\/www.facebook.com\/RomevKoeln\/?locale=de_DE\">https:\/\/www.facebook.com\/RomevKoeln\/?locale=de_DE<\/a><\/p>\n[\/vc_column_text][\/vc_column_inner][\/vc_row_inner][\/vc_column][vc_column column_padding=&#8220;padding-1-percent&#8220; column_padding_tablet=&#8220;inherit&#8220; column_padding_phone=&#8220;inherit&#8220; column_padding_position=&#8220;all&#8220; column_element_direction_desktop=&#8220;default&#8220; column_element_spacing=&#8220;default&#8220; desktop_text_alignment=&#8220;default&#8220; tablet_text_alignment=&#8220;default&#8220; phone_text_alignment=&#8220;default&#8220; background_color_opacity=&#8220;1&#8243; background_hover_color_opacity=&#8220;1&#8243; column_backdrop_filter=&#8220;none&#8220; column_shadow=&#8220;small_depth&#8220; column_border_radius=&#8220;none&#8220; column_link_target=&#8220;_self&#8220; column_position=&#8220;default&#8220; boxed=&#8220;true&#8220; gradient_direction=&#8220;left_to_right&#8220; overlay_strength=&#8220;0.3&#8243; width=&#8220;1\/2&#8243; tablet_width_inherit=&#8220;default&#8220; animation_type=&#8220;default&#8220; bg_image_animation=&#8220;none&#8220; border_type=&#8220;simple&#8220; column_border_width=&#8220;none&#8220; column_border_color=&#8220;#333333&#8243; column_border_style=&#8220;solid&#8220; column_padding_type=&#8220;default&#8220; gradient_type=&#8220;default&#8220;][vc_row_inner column_margin=&#8220;default&#8220; column_direction=&#8220;default&#8220; column_direction_tablet=&#8220;default&#8220; column_direction_phone=&#8220;default&#8220; top_padding=&#8220;10&#8243; text_align=&#8220;left&#8220; row_position=&#8220;default&#8220; row_position_tablet=&#8220;inherit&#8220; row_position_phone=&#8220;inherit&#8220; overflow=&#8220;visible&#8220; pointer_events=&#8220;all&#8220;][vc_column_inner column_padding=&#8220;no-extra-padding&#8220; column_padding_tablet=&#8220;inherit&#8220; column_padding_phone=&#8220;inherit&#8220; column_padding_position=&#8220;all&#8220; column_element_direction_desktop=&#8220;default&#8220; column_element_spacing=&#8220;default&#8220; desktop_text_alignment=&#8220;default&#8220; tablet_text_alignment=&#8220;default&#8220; phone_text_alignment=&#8220;default&#8220; background_color_opacity=&#8220;1&#8243; background_hover_color_opacity=&#8220;1&#8243; column_backdrop_filter=&#8220;none&#8220; column_shadow=&#8220;none&#8220; column_border_radius=&#8220;none&#8220; column_link_target=&#8220;_self&#8220; overflow=&#8220;visible&#8220; gradient_direction=&#8220;left_to_right&#8220; overlay_strength=&#8220;0.3&#8243; width=&#8220;1\/1&#8243; tablet_width_inherit=&#8220;default&#8220; animation_type=&#8220;default&#8220; bg_image_animation=&#8220;none&#8220; border_type=&#8220;simple&#8220; column_border_width=&#8220;none&#8220; column_border_color=&#8220;#000000&#8243; column_border_style=&#8220;solid&#8220; column_padding_type=&#8220;default&#8220; gradient_type=&#8220;default&#8220;][vc_column_text]\n<h1>&#x1f4d6; Lesung mit Jovan Nikoli\u0107<\/h1>\n<hr \/>\n<p>&#x1f4c5; <strong>Mittwoch, 15. April 2026<\/strong><br \/>\n&#x1f555; <strong>18:00 \u2013 20:30 Uhr<\/strong><br \/>\n&#x1f4cd; <strong>Ev. Kirchenverband K\u00f6ln<\/strong><br \/>\nKart\u00e4usergasse 9\u201311<\/p>\n<hr \/>\n<p>Anl\u00e4sslich des <strong>Welt-Roma-Tags (8. April)<\/strong> laden wir herzlich zu einer Lesung mit <strong>Jovan Nikoli\u0107<\/strong> ein.<\/p>\n<p>Der Autor liest aus:<\/p>\n<ul>\n<li><em>\u201eDer Gast von Nirgendwoher\u201c<\/em> (Lyrik)<\/li>\n<li><em>\u201eHotel Nicaragua\u201c<\/em> (Prosa)<\/li>\n<\/ul>\n<h3>&#x1f4cc; Wichtig<\/h3>\n<p>&#x1f449; Anmeldung erforderlich<br \/>\n\u00fcber die Website der Melanchthon-Akademie:<br \/>\n<a href=\"https:\/\/www.melanchthon-akademie.de\/programm\/kurs\/20867-jovan-nikolic-liest-hotel-nicaragua\">https:\/\/www.melanchthon-akademie.de\/programm\/kurs\/20867-jovan-nikolic-liest-hotel-nicaragua<\/a><\/p>\n<hr \/>\n<p>&#x1f91d; In Kooperation mit der Melanchthon-Akademie K\u00f6ln<\/p>\n<p><a href=\"https:\/\/www.romev.de\/?p=6211\">Weitere Informationen<\/a>[\/vc_column_text][\/vc_column_inner][\/vc_row_inner][\/vc_column][\/vc_row][vc_row type=&#8220;in_container&#8220; full_screen_row_position=&#8220;middle&#8220; column_margin=&#8220;default&#8220; equal_height=&#8220;yes&#8220; column_direction=&#8220;default&#8220; column_direction_tablet=&#8220;default&#8220; column_direction_phone=&#8220;default&#8220; scene_position=&#8220;center&#8220; text_color=&#8220;dark&#8220; text_align=&#8220;left&#8220; row_border_radius=&#8220;none&#8220; row_border_radius_applies=&#8220;bg&#8220; overflow=&#8220;visible&#8220; overlay_strength=&#8220;0.3&#8243; gradient_direction=&#8220;left_to_right&#8220; shape_divider_position=&#8220;bottom&#8220; bg_image_animation=&#8220;none&#8220; shape_type=&#8220;&#8220;][vc_column column_padding=&#8220;padding-1-percent&#8220; column_padding_tablet=&#8220;inherit&#8220; column_padding_phone=&#8220;inherit&#8220; column_padding_position=&#8220;all&#8220; column_element_direction_desktop=&#8220;default&#8220; column_element_spacing=&#8220;default&#8220; desktop_text_alignment=&#8220;default&#8220; tablet_text_alignment=&#8220;default&#8220; phone_text_alignment=&#8220;default&#8220; background_color_opacity=&#8220;1&#8243; background_hover_color_opacity=&#8220;1&#8243; column_backdrop_filter=&#8220;none&#8220; column_shadow=&#8220;small_depth&#8220; column_border_radius=&#8220;none&#8220; column_link_target=&#8220;_self&#8220; column_position=&#8220;default&#8220; boxed=&#8220;true&#8220; gradient_direction=&#8220;left_to_right&#8220; overlay_strength=&#8220;0.3&#8243; width=&#8220;1\/2&#8243; tablet_width_inherit=&#8220;default&#8220; animation_type=&#8220;default&#8220; bg_image_animation=&#8220;none&#8220; border_type=&#8220;simple&#8220; column_border_width=&#8220;3px&#8220; column_border_color=&#8220;#000000&#8243; column_border_style=&#8220;solid&#8220; column_padding_type=&#8220;default&#8220; gradient_type=&#8220;default&#8220;][vc_row_inner column_margin=&#8220;default&#8220; column_direction=&#8220;default&#8220; column_direction_tablet=&#8220;default&#8220; column_direction_phone=&#8220;default&#8220; text_align=&#8220;left&#8220; row_position=&#8220;default&#8220; row_position_tablet=&#8220;inherit&#8220; row_position_phone=&#8220;inherit&#8220; overflow=&#8220;visible&#8220; pointer_events=&#8220;all&#8220;][vc_column_inner column_padding=&#8220;no-extra-padding&#8220; column_padding_tablet=&#8220;inherit&#8220; column_padding_phone=&#8220;inherit&#8220; column_padding_position=&#8220;all&#8220; column_element_direction_desktop=&#8220;default&#8220; column_element_spacing=&#8220;default&#8220; desktop_text_alignment=&#8220;default&#8220; tablet_text_alignment=&#8220;default&#8220; phone_text_alignment=&#8220;default&#8220; background_color_opacity=&#8220;1&#8243; background_hover_color_opacity=&#8220;1&#8243; column_backdrop_filter=&#8220;none&#8220; column_shadow=&#8220;none&#8220; column_border_radius=&#8220;none&#8220; column_link_target=&#8220;_self&#8220; overflow=&#8220;visible&#8220; gradient_direction=&#8220;left_to_right&#8220; overlay_strength=&#8220;0.3&#8243; width=&#8220;1\/1&#8243; tablet_width_inherit=&#8220;default&#8220; animation_type=&#8220;default&#8220; bg_image_animation=&#8220;none&#8220; border_type=&#8220;simple&#8220; column_border_width=&#8220;none&#8220; column_border_style=&#8220;solid&#8220;][vc_column_text]<strong>Neue Brosch\u00fcre:<br \/>\n<\/strong><strong>Sehnsucht nach meiner Stimme \u2013 Roma-Poesie\u00a0 <\/strong><\/p>\n[\/vc_column_text][image_with_animation image_url=&#8220;6176&#8243; image_size=&#8220;full&#8220; animation_type=&#8220;entrance&#8220; animation=&#8220;None&#8220; animation_movement_type=&#8220;transform_y&#8220; hover_animation=&#8220;none&#8220; alignment=&#8220;&#8220; border_radius=&#8220;none&#8220; box_shadow=&#8220;none&#8220; image_loading=&#8220;default&#8220; max_width=&#8220;100%&#8220; max_width_mobile=&#8220;default&#8220; img_link=&#8220;https:\/\/www.romev.de\/?p=6170&#8243;][\/vc_column_inner][\/vc_row_inner][\/vc_column][vc_column column_padding=&#8220;padding-1-percent&#8220; column_padding_tablet=&#8220;inherit&#8220; column_padding_phone=&#8220;inherit&#8220; column_padding_position=&#8220;all&#8220; column_element_direction_desktop=&#8220;default&#8220; column_element_spacing=&#8220;default&#8220; desktop_text_alignment=&#8220;default&#8220; tablet_text_alignment=&#8220;default&#8220; phone_text_alignment=&#8220;default&#8220; background_color_opacity=&#8220;1&#8243; background_hover_color_opacity=&#8220;1&#8243; column_backdrop_filter=&#8220;none&#8220; column_shadow=&#8220;small_depth&#8220; column_border_radius=&#8220;none&#8220; column_link_target=&#8220;_self&#8220; column_position=&#8220;default&#8220; boxed=&#8220;true&#8220; gradient_direction=&#8220;left_to_right&#8220; overlay_strength=&#8220;0.3&#8243; width=&#8220;1\/2&#8243; tablet_width_inherit=&#8220;default&#8220; animation_type=&#8220;default&#8220; bg_image_animation=&#8220;none&#8220; border_type=&#8220;simple&#8220; column_border_width=&#8220;none&#8220; column_border_style=&#8220;solid&#8220;][vc_row_inner column_margin=&#8220;default&#8220; column_direction=&#8220;default&#8220; column_direction_tablet=&#8220;default&#8220; column_direction_phone=&#8220;default&#8220; top_padding=&#8220;10&#8243; text_align=&#8220;left&#8220; row_position=&#8220;default&#8220; row_position_tablet=&#8220;inherit&#8220; row_position_phone=&#8220;inherit&#8220; overflow=&#8220;visible&#8220; pointer_events=&#8220;all&#8220;][vc_column_inner column_padding=&#8220;no-extra-padding&#8220; column_padding_tablet=&#8220;inherit&#8220; column_padding_phone=&#8220;inherit&#8220; column_padding_position=&#8220;all&#8220; column_element_direction_desktop=&#8220;default&#8220; column_element_spacing=&#8220;default&#8220; desktop_text_alignment=&#8220;default&#8220; tablet_text_alignment=&#8220;default&#8220; phone_text_alignment=&#8220;default&#8220; background_color_opacity=&#8220;1&#8243; background_hover_color_opacity=&#8220;1&#8243; column_backdrop_filter=&#8220;none&#8220; column_shadow=&#8220;none&#8220; column_border_radius=&#8220;none&#8220; column_link_target=&#8220;_self&#8220; overflow=&#8220;visible&#8220; gradient_direction=&#8220;left_to_right&#8220; overlay_strength=&#8220;0.3&#8243; width=&#8220;1\/1&#8243; tablet_width_inherit=&#8220;default&#8220; animation_type=&#8220;default&#8220; bg_image_animation=&#8220;none&#8220; border_type=&#8220;simple&#8220; column_border_width=&#8220;none&#8220; column_border_style=&#8220;solid&#8220; column_padding_type=&#8220;default&#8220; gradient_type=&#8220;default&#8220;][vc_column_text]<strong>Nachruf f\u00fcr Renate Graffmann<\/strong><\/p>\n<p>Im Rom e. V. trauern die, die sie kannten, um Renate Graffmann, die \u00fcber viele Jahre im Verein aktiv war und dabei eine gro\u00dfe Rolle gespielt hat als Vorbild f\u00fcr Menschlichkeit, Respekt, Tatkraft und Mut. Sie hat sich dem Rassismus und der Unmenschlichkeit entgegengestellt auch dann, wenn sie ihr bedrohlich nahekamen.<\/p>\n<p>Renate Graffmann, Pfarrerin in Bocklem\u00fcnd, G\u00f6rlinger Zentrum und damit zust\u00e4ndig f\u00fcr die im Winter 1986 auf dem Butzweiler Hof gestrandeten Roma-Familien. So sah sie das und \u00fcbernahm die Verantwortung, getreu der Mahnung im Alten Testament Fremden Gastrecht zu gew\u00e4hren. Das hat sie konsequent weiter so gehalten, unbeirrt von Kritik einzelner Pfarrmitglieder. Sie unterst\u00fctzte seit seinen Anf\u00e4ngen den Rom e. V. durch ihre Anwesenheit bei Demos und Pressekonferenzen, durch Kollekten f\u00fcr die Sache der Rom:nja und sie sorgte f\u00fcr bitter notwendige Geldzuwendungen auf Stadt- und Landesebene.<\/p>\n<p>Nach der Beendigung ihrer Pfarrerinnent\u00e4tigkeit war sie sechs Jahre lang erste Vorsitzende des Rom e. V. K\u00f6ln, keine leichte Aufgabe angesichts eines oft auseinanderdriftenden Vorstands. Ihre zuverl\u00e4ssige, freundliche und ausgleichende Pers\u00f6nlichkeit waren hilfreich und wichtig f\u00fcr das Klima. Sie war ein Fels in der Brandung obwohl wir es ihr manchmal nicht gerade leicht gemacht haben. Aber die Belange der Rom:nja waren ihr wichtiger und so hat sie manchen Streit ertragen. Solange sie konnte war sie pr\u00e4sent und interessiert am Schicksal der Rom:nja und an der Arbeit des Vereins.<\/p>\n<p>Wir trauern mit ihrer Familie um Renate Graffmann und werden sie als mutige und zugewandte Frau in Erinnerung behalten.<\/p>\n<p>Vorstand und Mitarbeiter:innen des Rom e.V.[\/vc_column_text][\/vc_column_inner][\/vc_row_inner][\/vc_column][\/vc_row][vc_row type=&#8220;in_container&#8220; full_screen_row_position=&#8220;middle&#8220; column_margin=&#8220;default&#8220; equal_height=&#8220;yes&#8220; column_direction=&#8220;default&#8220; column_direction_tablet=&#8220;default&#8220; column_direction_phone=&#8220;default&#8220; scene_position=&#8220;center&#8220; text_color=&#8220;dark&#8220; text_align=&#8220;left&#8220; row_border_radius=&#8220;none&#8220; row_border_radius_applies=&#8220;bg&#8220; overflow=&#8220;visible&#8220; overlay_strength=&#8220;0.3&#8243; gradient_direction=&#8220;left_to_right&#8220; shape_divider_position=&#8220;bottom&#8220; bg_image_animation=&#8220;none&#8220; shape_type=&#8220;&#8220;][vc_column column_padding=&#8220;padding-1-percent&#8220; column_padding_tablet=&#8220;inherit&#8220; column_padding_phone=&#8220;inherit&#8220; column_padding_position=&#8220;all&#8220; column_element_direction_desktop=&#8220;default&#8220; column_element_spacing=&#8220;default&#8220; desktop_text_alignment=&#8220;default&#8220; tablet_text_alignment=&#8220;default&#8220; phone_text_alignment=&#8220;default&#8220; background_color_opacity=&#8220;1&#8243; background_hover_color_opacity=&#8220;1&#8243; column_backdrop_filter=&#8220;none&#8220; column_shadow=&#8220;small_depth&#8220; column_border_radius=&#8220;none&#8220; column_link_target=&#8220;_self&#8220; column_position=&#8220;default&#8220; boxed=&#8220;true&#8220; gradient_direction=&#8220;left_to_right&#8220; overlay_strength=&#8220;0.3&#8243; width=&#8220;1\/1&#8243; tablet_width_inherit=&#8220;default&#8220; animation_type=&#8220;default&#8220; bg_image_animation=&#8220;none&#8220; border_type=&#8220;simple&#8220; column_border_width=&#8220;3px&#8220; column_border_color=&#8220;#000000&#8243; column_border_style=&#8220;solid&#8220; column_padding_type=&#8220;default&#8220; gradient_type=&#8220;default&#8220;][vc_row_inner column_margin=&#8220;default&#8220; column_direction=&#8220;default&#8220; column_direction_tablet=&#8220;default&#8220; column_direction_phone=&#8220;default&#8220; text_align=&#8220;left&#8220; row_position=&#8220;default&#8220; row_position_tablet=&#8220;inherit&#8220; row_position_phone=&#8220;inherit&#8220; overflow=&#8220;visible&#8220; pointer_events=&#8220;all&#8220;][vc_column_inner column_padding=&#8220;no-extra-padding&#8220; column_padding_tablet=&#8220;inherit&#8220; column_padding_phone=&#8220;inherit&#8220; column_padding_position=&#8220;all&#8220; column_element_direction_desktop=&#8220;default&#8220; column_element_spacing=&#8220;default&#8220; desktop_text_alignment=&#8220;default&#8220; tablet_text_alignment=&#8220;default&#8220; phone_text_alignment=&#8220;default&#8220; background_color_opacity=&#8220;1&#8243; background_hover_color_opacity=&#8220;1&#8243; column_backdrop_filter=&#8220;none&#8220; column_shadow=&#8220;none&#8220; column_border_radius=&#8220;none&#8220; column_link_target=&#8220;_self&#8220; overflow=&#8220;visible&#8220; gradient_direction=&#8220;left_to_right&#8220; overlay_strength=&#8220;0.3&#8243; width=&#8220;1\/1&#8243; tablet_width_inherit=&#8220;default&#8220; animation_type=&#8220;default&#8220; bg_image_animation=&#8220;none&#8220; border_type=&#8220;simple&#8220; column_border_width=&#8220;none&#8220; column_border_style=&#8220;solid&#8220;][vc_column_text]Wir sind verpflichtet, die offizielle Antwort des Presserates auf unsere Beschwerde gegen den Artikel &#8222;Stadtbezirk droht zu kippen. So funktioniert der Drogenhandel in Kalk \u2013 Ermittler berichten&#8220; von Axel Spilcker und Florian Holler, erschienen am 14.12.2024 im K\u00f6lner Stadt-Anzeiger, zu ver\u00f6ffentlichen.<\/p>\n<p>Die Antwort des Presserates findet sich <a href=\"https:\/\/www.romev.de\/wp-content\/uploads\/2025-05-05-Antwort-Presserat.pdf\" target=\"_blank\" rel=\"noopener\">hier<\/a>.[\/vc_column_text][\/vc_column_inner][\/vc_row_inner][\/vc_column][\/vc_row][vc_row type=&#8220;in_container&#8220; full_screen_row_position=&#8220;middle&#8220; column_margin=&#8220;default&#8220; column_direction=&#8220;default&#8220; column_direction_tablet=&#8220;default&#8220; column_direction_phone=&#8220;default&#8220; scene_position=&#8220;center&#8220; text_color=&#8220;dark&#8220; text_align=&#8220;left&#8220; row_border_radius=&#8220;none&#8220; row_border_radius_applies=&#8220;bg&#8220; overflow=&#8220;visible&#8220; disable_element=&#8220;yes&#8220; overlay_strength=&#8220;0.3&#8243; gradient_direction=&#8220;left_to_right&#8220; shape_divider_position=&#8220;bottom&#8220; bg_image_animation=&#8220;none&#8220; gradient_type=&#8220;default&#8220; shape_type=&#8220;&#8220;][vc_column column_padding=&#8220;no-extra-padding&#8220; column_padding_tablet=&#8220;inherit&#8220; column_padding_phone=&#8220;inherit&#8220; column_padding_position=&#8220;all&#8220; column_element_direction_desktop=&#8220;default&#8220; column_element_spacing=&#8220;default&#8220; desktop_text_alignment=&#8220;default&#8220; tablet_text_alignment=&#8220;default&#8220; phone_text_alignment=&#8220;default&#8220; background_color_opacity=&#8220;1&#8243; background_hover_color_opacity=&#8220;1&#8243; column_backdrop_filter=&#8220;none&#8220; column_shadow=&#8220;none&#8220; column_border_radius=&#8220;none&#8220; column_link_target=&#8220;_self&#8220; column_position=&#8220;default&#8220; gradient_direction=&#8220;left_to_right&#8220; overlay_strength=&#8220;0.3&#8243; width=&#8220;1\/1&#8243; tablet_width_inherit=&#8220;default&#8220; animation_type=&#8220;default&#8220; bg_image_animation=&#8220;none&#8220; border_type=&#8220;simple&#8220; column_border_width=&#8220;none&#8220; column_border_style=&#8220;solid&#8220;][vc_column_text]<b>Wir bedanken uns f\u00fcr die freundliche Unterst\u00fctzung unserer Feier am 11.04. bei der Hildegard Lagrenne Stiftung und dem Arsch huh e.V.<\/b><\/p>\n<table style=\"border-collapse: collapse; width: 100%;\">\n<tbody>\n<tr>\n<td style=\"width: 50%;\"><img loading=\"lazy\" decoding=\"async\" class=\"size-medium wp-image-6218 alignleft\" src=\"https:\/\/www.romev.de\/wp-content\/uploads\/hildegard_lagrenne_logo-300x57.jpg\" alt=\"\" width=\"300\" height=\"57\" srcset=\"https:\/\/www.romev.de\/wp-content\/uploads\/hildegard_lagrenne_logo-300x57.jpg 300w, https:\/\/www.romev.de\/wp-content\/uploads\/hildegard_lagrenne_logo-150x29.jpg 150w, https:\/\/www.romev.de\/wp-content\/uploads\/hildegard_lagrenne_logo.jpg 722w\" sizes=\"auto, (max-width: 300px) 100vw, 300px\" \/><\/td>\n<td style=\"width: 50%;\"><img loading=\"lazy\" decoding=\"async\" class=\"alignnone wp-image-6226\" src=\"https:\/\/www.romev.de\/wp-content\/uploads\/arsch-Huh-4c.avif\" alt=\"\" width=\"130\" height=\"130\" srcset=\"https:\/\/www.romev.de\/wp-content\/uploads\/arsch-Huh-4c.avif 194w, https:\/\/www.romev.de\/wp-content\/uploads\/arsch-Huh-4c-150x150.avif 150w, https:\/\/www.romev.de\/wp-content\/uploads\/arsch-Huh-4c-100x100.avif 100w, https:\/\/www.romev.de\/wp-content\/uploads\/arsch-Huh-4c-140x140.avif 140w\" sizes=\"auto, (max-width: 130px) 100vw, 130px\" \/><\/td>\n<\/tr>\n<\/tbody>\n<\/table>\n<p><b><a href=\"https:\/\/www.romev.de\/?p=6230\" target=\"_blank\" rel=\"noopener\">Hier<\/a> findet sich das Programm vom 11.04.2026 im Detail.<\/b><\/p>\n<hr \/>\n<p><img loading=\"lazy\" decoding=\"async\" class=\"size-medium wp-image-6219 alignleft\" src=\"https:\/\/www.romev.de\/wp-content\/uploads\/8-to-April-Flaer-200x300.png\" alt=\"\" width=\"400\" height=\"600\" srcset=\"https:\/\/www.romev.de\/wp-content\/uploads\/8-to-April-Flaer-200x300.png 200w, https:\/\/www.romev.de\/wp-content\/uploads\/8-to-April-Flaer-683x1024.png 683w, https:\/\/www.romev.de\/wp-content\/uploads\/8-to-April-Flaer-100x150.png 100w, https:\/\/www.romev.de\/wp-content\/uploads\/8-to-April-Flaer-768x1152.png 768w, https:\/\/www.romev.de\/wp-content\/uploads\/8-to-April-Flaer.png 1024w\" sizes=\"auto, (max-width: 400px) 100vw, 400px\" \/>[\/vc_column_text][vc_row_inner column_margin=&#8220;default&#8220; column_direction=&#8220;default&#8220; column_direction_tablet=&#8220;default&#8220; column_direction_phone=&#8220;default&#8220; text_align=&#8220;left&#8220; row_position=&#8220;default&#8220; row_position_tablet=&#8220;inherit&#8220; row_position_phone=&#8220;inherit&#8220; overflow=&#8220;visible&#8220; pointer_events=&#8220;all&#8220;][vc_column_inner column_padding=&#8220;no-extra-padding&#8220; column_padding_tablet=&#8220;inherit&#8220; column_padding_phone=&#8220;inherit&#8220; column_padding_position=&#8220;all&#8220; column_element_direction_desktop=&#8220;default&#8220; column_element_spacing=&#8220;default&#8220; desktop_text_alignment=&#8220;default&#8220; tablet_text_alignment=&#8220;default&#8220; phone_text_alignment=&#8220;default&#8220; background_color_opacity=&#8220;1&#8243; background_hover_color_opacity=&#8220;1&#8243; column_backdrop_filter=&#8220;none&#8220; column_shadow=&#8220;none&#8220; column_border_radius=&#8220;none&#8220; column_link_target=&#8220;_self&#8220; overflow=&#8220;visible&#8220; gradient_direction=&#8220;left_to_right&#8220; overlay_strength=&#8220;0.3&#8243; width=&#8220;1\/3&#8243; tablet_width_inherit=&#8220;default&#8220; animation_type=&#8220;default&#8220; bg_image_animation=&#8220;none&#8220; border_type=&#8220;simple&#8220; column_border_width=&#8220;none&#8220; column_border_style=&#8220;solid&#8220;][\/vc_column_inner][vc_column_inner column_padding=&#8220;no-extra-padding&#8220; column_padding_tablet=&#8220;inherit&#8220; column_padding_phone=&#8220;inherit&#8220; column_padding_position=&#8220;all&#8220; column_element_direction_desktop=&#8220;default&#8220; column_element_spacing=&#8220;default&#8220; desktop_text_alignment=&#8220;default&#8220; tablet_text_alignment=&#8220;default&#8220; phone_text_alignment=&#8220;default&#8220; background_color_opacity=&#8220;1&#8243; background_hover_color_opacity=&#8220;1&#8243; column_backdrop_filter=&#8220;none&#8220; column_shadow=&#8220;none&#8220; column_border_radius=&#8220;none&#8220; column_link_target=&#8220;_self&#8220; overflow=&#8220;visible&#8220; gradient_direction=&#8220;left_to_right&#8220; overlay_strength=&#8220;0.3&#8243; width=&#8220;1\/3&#8243; tablet_width_inherit=&#8220;default&#8220; animation_type=&#8220;default&#8220; bg_image_animation=&#8220;none&#8220; border_type=&#8220;simple&#8220; column_border_width=&#8220;none&#8220; column_border_style=&#8220;solid&#8220;][vc_column_text]<strong>Pressemitteilung: Rassistische Beschimpfungen und unangemessener Polizeieinsatz &#8211; <\/strong><\/p>\n<p><strong>Antiziganismus-Vorfall in K\u00f6lner Universit\u00e4tsklinik<\/strong><\/p>\n<p>Beim Besuch in der Uniklinik berichtet die Familie S.: Die Angeh\u00f6rigen wollten den Besuch einer frisch entbundenen Mutter und ihres Neugeborenen mit einem gemeinsamen Essen im offenen Foyer des Klinikgeb\u00e4udes verbinden. Der Betreiber des Klinik-Kiosks hatte nach Angaben der Familie zugestimmt. Kurz nach der Ankunft soll eine leitende \u00c4rztin die Gruppe laut und ohne Begr\u00fcndung aufgefordert haben, das Geb\u00e4ude zu verlassen, und unverz\u00fcglich die Polizei alarmiert haben. Die Familie berichtet, die eintreffenden Polizeikr\u00e4fte seien ohne vorherige Kl\u00e4rung des Sachverhalts in scharfem Ton aufgetreten, h\u00e4tten keine Vorstellung ihrer Identit\u00e4ten vorgenommen und sofort eine Zuschreibung zu einer Roma-Gro\u00dffamilie hergestellt, zu der keinerlei famili\u00e4re Verbindungen bestehen. In der Folge wurde die Familie S. rassistisch beleidigt und massiv eingesch\u00fcchtert. \u00dcberdies soll ein Polizeibeamter auf den Hinweis, das Vorgehen erinnere an die NS-Zeit \u00a0\u201eWas war so schlecht am Nationalsozialismus?\u201c ge\u00e4u\u00dfert haben.<\/p>\n<p>Der Rom e.V. hat den Vorfall bei der Melde- und Informationsstelle f\u00fcr Antiziganismus (MIA) gemeldet, eine Strafanzeige mit Strafantrag und Dienstbeschwerde beim Polizeipr\u00e4sidium K\u00f6ln gestellt und eine Beschwerde bei der Uniklinik K\u00f6ln eingereicht, und fordert eine unabh\u00e4ngige Untersuchung des Falles.<\/p>\n<p>Hier die <a href=\"https:\/\/www.romev.de\/wp-content\/uploads\/2025-12-17-Pressemitteilung-Antiziganistischer-Vorfall-in-Uniklinik.pdf\" target=\"_blank\" rel=\"noopener\">Pressemitteilung<\/a> \u00a0mit einer detaillierten Schilderung des Falles sowie \u2013 in einem gesonderten Dokument \u2013 weitere <a href=\"https:\/\/www.romev.de\/wp-content\/uploads\/2025-12-17-Pressemitteilung_Einordnung-Hintergundinformationen-zu-Antiziganistischer-Vorfall-in-Uniklinik-2.pdf\" target=\"_blank\" rel=\"noopener\">Hintergrundinformationen<\/a> und eine Einordnung.[\/vc_column_text][\/vc_column_inner][vc_column_inner column_padding=&#8220;no-extra-padding&#8220; column_padding_tablet=&#8220;inherit&#8220; column_padding_phone=&#8220;inherit&#8220; column_padding_position=&#8220;all&#8220; column_element_direction_desktop=&#8220;default&#8220; column_element_spacing=&#8220;default&#8220; desktop_text_alignment=&#8220;default&#8220; tablet_text_alignment=&#8220;default&#8220; phone_text_alignment=&#8220;default&#8220; background_color_opacity=&#8220;1&#8243; background_hover_color_opacity=&#8220;1&#8243; column_backdrop_filter=&#8220;none&#8220; column_shadow=&#8220;none&#8220; column_border_radius=&#8220;none&#8220; column_link_target=&#8220;_self&#8220; overflow=&#8220;visible&#8220; gradient_direction=&#8220;left_to_right&#8220; overlay_strength=&#8220;0.3&#8243; width=&#8220;1\/3&#8243; tablet_width_inherit=&#8220;default&#8220; animation_type=&#8220;default&#8220; bg_image_animation=&#8220;none&#8220; border_type=&#8220;simple&#8220; column_border_width=&#8220;none&#8220; column_border_style=&#8220;solid&#8220;][vc_column_text]<strong>MIA ver\u00f6ffentlicht Bericht zu Antiziganismus in der Polizei: 215 gemeldete F\u00e4lle zeigen institutionelle Diskriminierung<\/strong><\/p>\n<p>&nbsp;<\/p>\n<p>Als Kooperationspartner der Meldestelle f\u00fcr Antiziganismus (MIA) unterst\u00fctzen wir ihre Forderungen zum Abbau der institutionellen Diskriminierung von Rom:nja und Sinti:ze.<\/p>\n<p>Die Analyse zeigt, dass antiziganistische Benachteiligungen im Polizeikontakt kein Randph\u00e4nomen sind, sondern wiederkehrenden Mustern folgen. Die vollst\u00e4ndige Pressemitteilung zum MIA-Bericht findet sich <a href=\"https:\/\/www.romev.de\/wp-content\/uploads\/251204_MIA_PM_Polizeibericht.pdf\" target=\"_blank\" rel=\"noopener\">hier.<\/a><\/p>\n<p><a href=\"https:\/\/www.antiziganismus-melden.de\/wp-content\/uploads\/2025\/12\/MIA_Polizeibericht.pdf\" target=\"_blank\" rel=\"noopener\"><u>Hier<\/u><\/a> findet sich die komplette Studie Antiziganismus in der Polizei (Analyse der Vorf\u00e4lle von 2022-2024)[\/vc_column_text][vc_column_text]<strong>Sogenannter \u201eK\u00f6lner Abschiebeskandal\u201c<\/strong><\/p>\n<p>Anl\u00e4sslich mehrerer Berichte des K\u00f6lner Stadt-Anzeigers \u00fcber den Fall einer Familie aus Bosnien-Herzegowina, hat der Rom e.V. auf der Grundlage eines Kooperationsvertrages mit der Melde- und Informationsstelle gegen Antiziganismus (MIA) Berlin diesen Vorgang an MIA weitergeleitet.[\/vc_column_text][\/vc_column_inner][\/vc_row_inner][vc_column_text]<strong>Reaktionen auf Pressemitteilung \u201eAntiziganistischer Vorfall in Uniklinik\u201c vom 17.12.2025<\/strong><\/p>\n<p>In den vergangenen Tagen hat der Rom e. V. zahlreiche E-Mails und Nachrichten erhalten, die sich auf unsere Pressearbeit beziehen. Ein Teil dieser Zuschriften enth\u00e4lt pauschale Abwertungen, diskriminierende Sprache sowie pers\u00f6nliche Angriffe gegen Rom:nja und Sinti:ze oder gegen zivilgesellschaftliches Engagement insgesamt. <u>Wir sind auch zumindest erstaunt dar\u00fcber, dass in der Berichterstattung von einer \u201eFeier\u201c die Rede ist \u2013 ein Begriff, der Assoziationen hervorruft, auf die sich viele Kommentierende als Grundlage f\u00fcr ihre abwertenden und diskriminierenden \u00c4u\u00dferungen beziehen.<\/u><\/p>\n<p>Wir stellen klar:<\/p>\n<ul>\n<li>Der Rom e. V. toleriert keine rassistischen Beleidigungen oder pauschalen Schuldzuweisungen.<\/li>\n<li>Kritik ist legitim \u2013 Entmenschlichung und Hetze sind es nicht.<\/li>\n<li>Rom:nja und Sinti:ze sind keine homogene Gruppe und nicht kollektiv f\u00fcr individuelles Verhalten verantwortlich.<\/li>\n<li>Der Einsatz gegen Diskriminierung ist kein \u201eOpfernarrativ\u201c, sondern ein verfassungsrechtlich gesch\u00fctztes Engagement f\u00fcr Gleichberechtigung.<\/li>\n<\/ul>\n<p>Die Art vieler Zuschriften best\u00e4tigt, warum Antiziganismus weiterhin thematisiert werden muss. Wer ganze Bev\u00f6lkerungsgruppen pauschal abwertet, tr\u00e4gt nicht zur Kl\u00e4rung eines Sachverhalts bei, sondern versch\u00e4rft gesellschaftliche Spaltungen.<\/p>\n<p>Der Rom e. V. bleibt dialogbereit gegen\u00fcber sachlicher Kritik. Auf beleidigende oder menschenverachtende Zuschriften werden wir jedoch nicht weiter eingehen.[\/vc_column_text][vc_row_inner column_margin=&#8220;default&#8220; column_direction=&#8220;default&#8220; column_direction_tablet=&#8220;default&#8220; column_direction_phone=&#8220;default&#8220; text_align=&#8220;left&#8220; row_position=&#8220;default&#8220; row_position_tablet=&#8220;inherit&#8220; row_position_phone=&#8220;inherit&#8220; overflow=&#8220;visible&#8220; pointer_events=&#8220;all&#8220;][vc_column_inner column_padding=&#8220;no-extra-padding&#8220; column_padding_tablet=&#8220;inherit&#8220; column_padding_phone=&#8220;inherit&#8220; column_padding_position=&#8220;all&#8220; column_element_direction_desktop=&#8220;default&#8220; column_element_spacing=&#8220;default&#8220; desktop_text_alignment=&#8220;default&#8220; tablet_text_alignment=&#8220;default&#8220; phone_text_alignment=&#8220;default&#8220; background_color_opacity=&#8220;1&#8243; background_hover_color_opacity=&#8220;1&#8243; column_backdrop_filter=&#8220;none&#8220; column_shadow=&#8220;none&#8220; column_border_radius=&#8220;none&#8220; column_link_target=&#8220;_self&#8220; overflow=&#8220;visible&#8220; gradient_direction=&#8220;left_to_right&#8220; overlay_strength=&#8220;0.3&#8243; width=&#8220;1\/2&#8243; tablet_width_inherit=&#8220;default&#8220; animation_type=&#8220;default&#8220; bg_image_animation=&#8220;none&#8220; border_type=&#8220;simple&#8220; column_border_width=&#8220;none&#8220; column_border_style=&#8220;solid&#8220;][vc_column_text]<strong>2025 \u2013 ein Wendepunkt der politischen Teilhabe von Roma in NRW<\/strong><\/p>\n<p>Vom 27.-30.11.2025 zogen Aktive und Mitarbeiter Internationalen Kultur- und Sportvereins der Roma Carmen e.V. im Tagungshaus Eitorf eine erste Bilanz der Arbeit des Jahres 2025. Eingeladen hatte Carmen e.V. auch Ruzdija Sejdovic, 1. Sprecher, und Ossi Helling, Vorstandsmitglied des Rom e.V., K\u00f6ln. <a href=\"https:\/\/www.romev.de\/wp-content\/uploads\/PM-Ein-Wendepunkt-der-politischen-Teihabe-von-Roma-in-NRW.pdf\" target=\"_blank\" rel=\"noopener\">Hier<\/a> die vollst\u00e4ndige Pressemitteilung,[\/vc_column_text][\/vc_column_inner][vc_column_inner column_padding=&#8220;no-extra-padding&#8220; column_padding_tablet=&#8220;inherit&#8220; column_padding_phone=&#8220;inherit&#8220; column_padding_position=&#8220;all&#8220; column_element_direction_desktop=&#8220;default&#8220; column_element_spacing=&#8220;default&#8220; desktop_text_alignment=&#8220;default&#8220; tablet_text_alignment=&#8220;default&#8220; phone_text_alignment=&#8220;default&#8220; background_color_opacity=&#8220;1&#8243; background_hover_color_opacity=&#8220;1&#8243; column_backdrop_filter=&#8220;none&#8220; column_shadow=&#8220;none&#8220; column_border_radius=&#8220;none&#8220; column_link_target=&#8220;_self&#8220; overflow=&#8220;visible&#8220; gradient_direction=&#8220;left_to_right&#8220; overlay_strength=&#8220;0.3&#8243; width=&#8220;1\/2&#8243; tablet_width_inherit=&#8220;default&#8220; animation_type=&#8220;default&#8220; bg_image_animation=&#8220;none&#8220; border_type=&#8220;simple&#8220; column_border_width=&#8220;none&#8220; column_border_style=&#8220;solid&#8220;][vc_column_text]<strong>Angebote des Vereins im September <\/strong><\/p>\n<p>Liebe Mitglieder, Freund:innen, Kolleg:innen und Interessierte,<\/p>\n<p>gerne m\u00f6chten wir Sie und Euch auf folgende Angebote des Vereins im September aufmerksam machen und Sie und Euch herzlich zu einer Teilnahme einladen:<\/p>\n<p>Zwei Veranstaltungen finden in Kooperation mit der <strong>Melanchton-Akademie<\/strong> statt:<\/p>\n<p><strong>*Stadtf\u00fchrung am 02.09.2025, 17:30-20:30 Uhr, Waidmarkt<\/strong><\/p>\n<p><em>SpuRom:nja. Auf Spurensuche der Geschichten von Rom:nja und Sinti:ze in K\u00f6ln<\/em><\/p>\n<p>Im Rahmen dieser Stadtf\u00fchrung begeben wir uns mit Hilfe der kostenfreien Actionbound-App auf Spurensuche der Geschichten von Rom:nja und Sinti:ze in K\u00f6ln.<\/p>\n<p><a href=\"https:\/\/www.romev.de\/?p=6105\">Weiterlesen<\/a>[\/vc_column_text][image_with_animation image_url=&#8220;6124&#8243; image_size=&#8220;full&#8220; animation_type=&#8220;entrance&#8220; animation=&#8220;None&#8220; animation_movement_type=&#8220;transform_y&#8220; hover_animation=&#8220;none&#8220; alignment=&#8220;&#8220; border_radius=&#8220;none&#8220; box_shadow=&#8220;none&#8220; image_loading=&#8220;default&#8220; max_width=&#8220;100%&#8220; max_width_mobile=&#8220;default&#8220;][\/vc_column_inner][\/vc_row_inner][vc_column_text]<strong>K\u00f6lner Wahlpr\u00fcfsteine zum Thema Flucht und Migration 2025 <\/strong><\/p>\n<p>Der Rom e.V. fordert zusammen mit weiteren 24 Organisationen im Rahmen der Kommunalwahl 2025 eine klare Position zum Thema Flucht, Migration, Menschenrechte und Solidarit\u00e4t. Daf\u00fcr wurden eine Reihe von <a href=\"https:\/\/www.romev.de\/wp-content\/uploads\/Koelner_Wahlpruefsteine_2025.pdf\" target=\"_blank\" rel=\"prettyPhoto[gallery-QbPR]\">Wahlpr\u00fcfsteinen<\/a> verfasst und an die Oberb\u00fcrgermeister-Kandidat:innen sowie die zur Wahl antretenden Parteien versendet mit der Bitte, diese bis zum 22.8.2025 zu beantworten (werden ab dem 25.08.2025 unter: <a href=\"https:\/\/ja-zu-migration.de\/koelner-wahlpruefsteine\">https:\/\/ja-zu-migration.de\/koelner-wahlpruefsteine<\/a> ver\u00f6ffentlicht). Denn: K\u00f6ln ist \u00fcberregional bekannt f\u00fcr seine sogenannten \u201eLeuchtturmprojekte in der Fl\u00fcchtlingsarbeit\u201c, wie z.B. das Bleiberechtsprogramm oder die Mitgliedschaft im \u201eB\u00fcndnis \u201eSt\u00e4dte Sicherer H\u00e4fen\u201c. Diese menschenrechtsorientierte Aufnahme- und Integrationspolitik (Link) \u2013 auch als \u201e<strong>K\u00f6lner Linie<\/strong>\u201c bezeichnet \u2013 gilt es zu erhalten und weiterzuentwickeln. Damit setzt K\u00f6ln ein Zeichen gegen die zunehmend auf Abschottung und Abschiebung ausgerichtete Politik auf Landes-, Bundes- und EU-Ebene sowie gegen populistische Stimmungsmache und unsachliche Debatten, etwa die Kriminalisierung von gefl\u00fcchteten Menschen durch das Narrativ der \u201eirregul\u00e4ren\u201c Einreise.[\/vc_column_text][vc_row_inner column_margin=&#8220;default&#8220; column_direction=&#8220;default&#8220; column_direction_tablet=&#8220;default&#8220; column_direction_phone=&#8220;default&#8220; text_align=&#8220;left&#8220; row_position=&#8220;default&#8220; row_position_tablet=&#8220;inherit&#8220; row_position_phone=&#8220;inherit&#8220; overflow=&#8220;visible&#8220; pointer_events=&#8220;all&#8220;][vc_column_inner column_padding=&#8220;no-extra-padding&#8220; column_padding_tablet=&#8220;inherit&#8220; column_padding_phone=&#8220;inherit&#8220; column_padding_position=&#8220;all&#8220; column_element_direction_desktop=&#8220;default&#8220; column_element_spacing=&#8220;default&#8220; desktop_text_alignment=&#8220;default&#8220; tablet_text_alignment=&#8220;default&#8220; phone_text_alignment=&#8220;default&#8220; background_color_opacity=&#8220;1&#8243; background_hover_color_opacity=&#8220;1&#8243; column_backdrop_filter=&#8220;none&#8220; column_shadow=&#8220;none&#8220; column_border_radius=&#8220;none&#8220; column_link_target=&#8220;_self&#8220; overflow=&#8220;visible&#8220; gradient_direction=&#8220;left_to_right&#8220; overlay_strength=&#8220;0.3&#8243; width=&#8220;1\/1&#8243; tablet_width_inherit=&#8220;default&#8220; animation_type=&#8220;default&#8220; bg_image_animation=&#8220;none&#8220; border_type=&#8220;simple&#8220; column_border_width=&#8220;none&#8220; column_border_style=&#8220;solid&#8220;][image_with_animation image_url=&#8220;6038&#8243; image_size=&#8220;full&#8220; animation_type=&#8220;entrance&#8220; animation=&#8220;None&#8220; animation_movement_type=&#8220;transform_y&#8220; hover_animation=&#8220;none&#8220; alignment=&#8220;&#8220; img_link_target=&#8220;_blank&#8220; border_radius=&#8220;none&#8220; box_shadow=&#8220;none&#8220; image_loading=&#8220;default&#8220; max_width=&#8220;100%&#8220; max_width_mobile=&#8220;default&#8220; img_link=&#8220;https:\/\/www.proasyl.de\/wp-content\/uploads\/Appell-an-neue-Bundesregierung-fuer-eine-verantwortungsvolle-Migrationspolitik.pdf&#8220;][vc_column_text]Der Rom e.V. ist mit dabei![\/vc_column_text][\/vc_column_inner][\/vc_row_inner][image_with_animation image_url=&#8220;6116&#8243; image_size=&#8220;full&#8220; animation_type=&#8220;entrance&#8220; animation=&#8220;None&#8220; animation_movement_type=&#8220;transform_y&#8220; hover_animation=&#8220;none&#8220; alignment=&#8220;&#8220; border_radius=&#8220;none&#8220; box_shadow=&#8220;none&#8220; image_loading=&#8220;default&#8220; max_width=&#8220;100%&#8220; max_width_mobile=&#8220;default&#8220; img_link=&#8220;https:\/\/www.romev.de\/?p=6114&#8243;][vc_column_text]<a href=\"https:\/\/www.romev.de\/wp-content\/uploads\/Logo-RPC.jpg\" data-rel=\"lightbox-gallery-kaGXcbmI\" data-imagelightbox=\"0\" data-rl_title=\"\" data-rl_caption=\"\" title=\"\"><img loading=\"lazy\" decoding=\"async\" class=\" wp-image-6069 alignnone\" src=\"https:\/\/www.romev.de\/wp-content\/uploads\/Logo-RPC-893x1024.jpg\" alt=\"\" width=\"312\" height=\"358\" srcset=\"https:\/\/www.romev.de\/wp-content\/uploads\/Logo-RPC-893x1024.jpg 893w, https:\/\/www.romev.de\/wp-content\/uploads\/Logo-RPC-262x300.jpg 262w, https:\/\/www.romev.de\/wp-content\/uploads\/Logo-RPC-131x150.jpg 131w, https:\/\/www.romev.de\/wp-content\/uploads\/Logo-RPC-768x881.jpg 768w, https:\/\/www.romev.de\/wp-content\/uploads\/Logo-RPC-1339x1536.jpg 1339w, https:\/\/www.romev.de\/wp-content\/uploads\/Logo-RPC-1786x2048.jpg 1786w, https:\/\/www.romev.de\/wp-content\/uploads\/Logo-RPC.jpg 1932w\" sizes=\"auto, (max-width: 312px) 100vw, 312px\" \/><\/a><\/p>\n<p><strong>Besuch der Romno Power Clubs in K\u00f6ln<\/strong><\/p>\n<p>Vom 04.-06.07.2025 besuchten die Romno Power Clubs (RPC) aus Mannheim, Berlin, Hamburg, Kassel, M\u00fcnchen und Erfurt unseren RPC. Wir haben uns sehr gefreut, dass wir in diesem Jahr Gastgeber sein durften. Danke an alle, die bei der Planung und Umsetzung mitgewirkt haben. <a href=\"https:\/\/www.romev.de\/wp-content\/uploads\/Bericht-Besuch-RPC-in-Koeln_Juli-2025.pdf\">Hier<\/a> findet sich ein ausf\u00fchrlicher Bericht der Lagrenne Stiftung \u00fcber den Besuch. Sch\u00f6n, dass sich alle Teilnehmer:innen so wohl gef\u00fchlt haben![\/vc_column_text][vc_row_inner column_margin=&#8220;default&#8220; column_direction=&#8220;default&#8220; column_direction_tablet=&#8220;default&#8220; column_direction_phone=&#8220;default&#8220; text_align=&#8220;left&#8220; row_position=&#8220;default&#8220; row_position_tablet=&#8220;inherit&#8220; row_position_phone=&#8220;inherit&#8220; overflow=&#8220;visible&#8220; pointer_events=&#8220;all&#8220;][vc_column_inner column_padding=&#8220;no-extra-padding&#8220; column_padding_tablet=&#8220;inherit&#8220; column_padding_phone=&#8220;inherit&#8220; column_padding_position=&#8220;all&#8220; column_element_direction_desktop=&#8220;default&#8220; column_element_spacing=&#8220;default&#8220; desktop_text_alignment=&#8220;default&#8220; tablet_text_alignment=&#8220;default&#8220; phone_text_alignment=&#8220;default&#8220; background_color_opacity=&#8220;1&#8243; background_hover_color_opacity=&#8220;1&#8243; column_backdrop_filter=&#8220;none&#8220; column_shadow=&#8220;none&#8220; column_border_radius=&#8220;none&#8220; column_link_target=&#8220;_self&#8220; overflow=&#8220;visible&#8220; gradient_direction=&#8220;left_to_right&#8220; overlay_strength=&#8220;0.3&#8243; width=&#8220;1\/1&#8243; tablet_width_inherit=&#8220;default&#8220; animation_type=&#8220;default&#8220; bg_image_animation=&#8220;none&#8220; border_type=&#8220;simple&#8220; column_border_width=&#8220;none&#8220; column_border_style=&#8220;solid&#8220;][vc_column_text]wir laden euch und Sie herzlich ein zur <strong>Gedenkveranstaltung f\u00fcr die ermordeten Rom:nja und Sinti:ze in Europa<\/strong>.<\/p>\n<p>Ein neuer Blick auf den Genozid, der das Leben von Millionen Menschen in Europa f\u00fcr immer gezeichnet hat. Erinnern hei\u00dft anerkennen \u2013 Schmerz und Verlust d\u00fcrfen weder tabuisiert noch verdr\u00e4ngt, monopolisiert oder revidiert werden. Diese Veranstaltung setzt ein Zeichen f\u00fcr eine neue Form der Bildungsarbeit: offen, kritisch und generations\u00fcbergreifend.<\/p>\n<p><strong>Eine Kooperation von:<\/strong><br \/>\nNS-DOK, Kommunales Integrationszentrum K\u00f6ln, Volkshochschule K\u00f6ln, Rom e.V., EL-DE-Haus e.V.<strong>\u00a0<\/strong><\/p>\n<p><strong>Mit freundlicher Unterst\u00fctzung der<\/strong> K\u00f6lnischen Gesellschaft f\u00fcr Christlich-j\u00fcdische Zusammenarbeit e.V.<strong>\u00a0<\/strong><\/p>\n<p><strong>Unter der Schirmherrschaft von<\/strong> Oberb\u00fcrgermeisterin Henriette Reker<\/p>\n<p>Weitere Details finden Sie im<a href=\"https:\/\/www.romev.de\/wp-content\/uploads\/Veranstaltung-VHS-Forum-22.05.2025-19-Uhr.pdf\" target=\"_blank\" rel=\"noopener\"> beigef\u00fcgten Flyer.<\/a><\/p>\n<p>Wir freuen uns auf Ihr Kommen.[\/vc_column_text][vc_column_text]\n<p style=\"text-align: center;\"><strong>Nachruf<\/strong><\/p>\n<p>Wir trauern um unser Mitglied, <strong>Dr. Barbara Beuys<\/strong>, die am 19.06.2025 im Alter von 81 Jahren verstorben ist. Frau Dr. Beuys schrieb mehr als 20 B\u00fccher und war bekannt f\u00fcr ihre Biografien, vor allem \u00fcber Menschen aus der Zeit des Nationalsozialismus.<\/p>\n<p>In den Mittelpunkt ihrer Arbeit r\u00fcckte Beuys oft Frauenfiguren. F\u00fcr &#8222;ihren wichtigen Beitrag zur Frauengeschichtsschreibung&#8220; erhielt sie im Jahr 2017 den Luise-B\u00fcchner-Preis f\u00fcr Publizistik.<\/p>\n<p>Wir haben sie als engagierte K\u00e4mpferin f\u00fcr die Rechte von Minderheiten kennengelernt, die sich aktiv in die Arbeit des Rom e.V. einbrachte. \u00a0Als unsere Schatzmeisterin bei der letzten Mitgliederversammlung mitteilte, mit 80 w\u00fcrde sie als ihr Amt aufgeben wollen, fragte Frau Beuys: warum das denn? Sie sei \u00fcber 80 und w\u00fcrde auch noch arbeiten.<\/p>\n<p>Aktiv und\u00a0 interessiert \u00a0&#8211; so erinnern wir uns an sie. Sie wird im Rom e.V. fehlen.[\/vc_column_text][\/vc_column_inner][\/vc_row_inner][image_with_animation image_url=&#8220;5985&#8243; image_size=&#8220;full&#8220; animation_type=&#8220;entrance&#8220; animation=&#8220;None&#8220; animation_movement_type=&#8220;transform_y&#8220; hover_animation=&#8220;none&#8220; alignment=&#8220;&#8220; border_radius=&#8220;none&#8220; box_shadow=&#8220;none&#8220; image_loading=&#8220;default&#8220; max_width=&#8220;100%&#8220; max_width_mobile=&#8220;default&#8220;][vc_column_text]<strong>Der Welt-Roma-Tag 2025<\/strong><\/p>\n<p>\u201eIch m\u00f6chte eine Frage stellen \u2013 eine Frage, die uns alle betrifft: Man sagt, ein Mensch hat eine Heimat, so wie ein Land. Doch was ist die Heimat einer Romni oder eines Rom, wenn das Land oft keine war? Vielleicht ist es nicht ein Ort. Vielleicht ist es ein Gef\u00fchl. Vielleicht ist Heimat dort, wo unsere W\u00fcrde anerkannt wird. Wo wir bleiben d\u00fcrfen. Wo wir sprechen d\u00fcrfen. Wo wir sein d\u00fcrfen. Vielleicht ist Heimat nicht, wo wir herkommen \u2013 sondern wo wir endlich dazugeh\u00f6ren. Und wir Roma geh\u00f6ren zu K\u00f6ln! Opr\u00e9 Rom\u00e1!\u201c<\/p>\n<p>Ru\u017edija Sejdovi\u0107, 1. Sprecher des Rom e.V.<\/p>\n<p><a href=\"https:\/\/www.romev.de\/?page_id=5983\">Hier weiterlesen<\/a>[\/vc_column_text][vc_column_text]<strong>Ma Bistar! Vergesst nicht!<\/strong><\/p>\n<p>Auf Einladung der Gruppe Z -Stolberg und des VVN-BdA Aachen sprach unser 1. Sprecher, Ru\u017edija Sejdovi\u0107, bei einer Gedenkveranstaltung am 16.05.2025 f\u00fcr die aus Stolberg in der NS-Zeit deportierten Rom:nja. Er betonte, dass nicht nur die Erinnerung, sondern auch der aktuelle Kampf gegen Antiziganismus mehr denn je notwendig ist, denn &#8222;Antiziganismus ist nicht das Problem einiger, es ist eine Herausforderung f\u00fcr uns alle in einer demokratischen Gesellschaft&#8220;.\u00a0 Seine vollst\u00e4ndige Rede als Video: <a href=\"https:\/\/youtu.be\/o5Y8B3a3tdI\" target=\"_blank\" rel=\"noopener\">https:\/\/youtu.be\/o5Y8B3a3tdI<\/a>[\/vc_column_text][vc_row_inner column_margin=&#8220;default&#8220; column_direction=&#8220;default&#8220; column_direction_tablet=&#8220;default&#8220; column_direction_phone=&#8220;default&#8220; text_align=&#8220;left&#8220; row_position=&#8220;default&#8220; row_position_tablet=&#8220;inherit&#8220; row_position_phone=&#8220;inherit&#8220; overflow=&#8220;visible&#8220; pointer_events=&#8220;all&#8220;][vc_column_inner column_padding=&#8220;no-extra-padding&#8220; column_padding_tablet=&#8220;inherit&#8220; column_padding_phone=&#8220;inherit&#8220; column_padding_position=&#8220;all&#8220; column_element_direction_desktop=&#8220;default&#8220; column_element_spacing=&#8220;default&#8220; desktop_text_alignment=&#8220;default&#8220; tablet_text_alignment=&#8220;default&#8220; phone_text_alignment=&#8220;default&#8220; background_color_opacity=&#8220;1&#8243; background_hover_color_opacity=&#8220;1&#8243; column_backdrop_filter=&#8220;none&#8220; column_shadow=&#8220;none&#8220; column_border_radius=&#8220;none&#8220; column_link_target=&#8220;_self&#8220; overflow=&#8220;visible&#8220; gradient_direction=&#8220;left_to_right&#8220; overlay_strength=&#8220;0.3&#8243; width=&#8220;1\/1&#8243; tablet_width_inherit=&#8220;default&#8220; animation_type=&#8220;default&#8220; bg_image_animation=&#8220;none&#8220; border_type=&#8220;simple&#8220; column_border_width=&#8220;none&#8220; column_border_style=&#8220;solid&#8220;][image_with_animation image_url=&#8220;5980&#8243; image_size=&#8220;full&#8220; animation_type=&#8220;entrance&#8220; animation=&#8220;None&#8220; animation_movement_type=&#8220;transform_y&#8220; hover_animation=&#8220;none&#8220; alignment=&#8220;&#8220; img_link_target=&#8220;_blank&#8220; border_radius=&#8220;none&#8220; box_shadow=&#8220;none&#8220; image_loading=&#8220;default&#8220; max_width=&#8220;100%&#8220; max_width_mobile=&#8220;default&#8220; img_link=&#8220;https:\/\/www.romev.de\/wp-content\/uploads\/25-1Roma-Poesie-E-WEB.pdf&#8220;][\/vc_column_inner][\/vc_row_inner][vc_row_inner column_margin=&#8220;default&#8220; column_direction=&#8220;default&#8220; column_direction_tablet=&#8220;default&#8220; column_direction_phone=&#8220;default&#8220; text_align=&#8220;left&#8220; row_position=&#8220;default&#8220; row_position_tablet=&#8220;inherit&#8220; row_position_phone=&#8220;inherit&#8220; overflow=&#8220;visible&#8220; pointer_events=&#8220;all&#8220;][vc_column_inner column_padding=&#8220;no-extra-padding&#8220; column_padding_tablet=&#8220;inherit&#8220; column_padding_phone=&#8220;inherit&#8220; column_padding_position=&#8220;all&#8220; column_element_direction_desktop=&#8220;default&#8220; column_element_spacing=&#8220;default&#8220; desktop_text_alignment=&#8220;default&#8220; tablet_text_alignment=&#8220;default&#8220; phone_text_alignment=&#8220;default&#8220; background_color_opacity=&#8220;1&#8243; background_hover_color_opacity=&#8220;1&#8243; column_backdrop_filter=&#8220;none&#8220; column_shadow=&#8220;none&#8220; column_border_radius=&#8220;none&#8220; column_link_target=&#8220;_self&#8220; overflow=&#8220;visible&#8220; gradient_direction=&#8220;left_to_right&#8220; overlay_strength=&#8220;0.3&#8243; width=&#8220;1\/1&#8243; tablet_width_inherit=&#8220;default&#8220; animation_type=&#8220;default&#8220; bg_image_animation=&#8220;none&#8220; border_type=&#8220;simple&#8220; column_border_width=&#8220;none&#8220; column_border_style=&#8220;solid&#8220;][vc_column_text]<strong>Presseerkl\u00e4rung des Rom e.V. zur Beschwerde gegen diskriminierende Berichterstattung im \u201eK\u00f6lner Stadt-Anzeiger\u201c<\/strong><\/p>\n<p>K\u00f6ln, 24.01.2025: Der Verein Rom e.V. hat eine Beschwerde beim Deutschen Presserat gegen den Artikel \u201eStadtbezirk droht zu kippen. So funktioniert der Drogenhandel in Kalk \u2013 Ermittler berichten\u201c im K\u00f6lner Stadt-Anzeiger vom 14.12.2024 eingereicht. Die detaillierte Beschwerde finden Sie <u>hier<\/u>.<\/p>\n<p>Der Artikel enth\u00e4lt zahlreiche diskriminierende und stigmatisierende Darstellungen gegen\u00fcber Rom:nja und Sinti:ze und anderen Gruppen, die eindeutig gegen Ziffer 12 des Pressekodexes versto\u00dfen. Ziffer 12 des Pressekodexes soll vor Diskriminierungen aufgrund der Zugeh\u00f6rigkeit zu einer ethnischen, religi\u00f6sen oder sozialen Gruppe sch\u00fctzen. In den Leits\u00e4tzen zur Richtlinie 12 des Pressekodexes in Bezug auf die Herkunftsnennung von Straft\u00e4ter:innen hei\u00dft es:<\/p>\n<p><a href=\"https:\/\/www.romev.de\/?p=5909\">Weiterlesen<\/a>[\/vc_column_text][\/vc_column_inner][\/vc_row_inner][vc_column_text]<strong>Anti-Vorbild \u00d6sterreich <\/strong><\/p>\n<p><strong>Letzter Newsletter der K\u00f6lnischen Gesellschaft f\u00fcr Christlich-J\u00fcdische Zusammenarbeit<\/strong><\/p>\n<p>Gerne m\u00f6chten wir auf den <u><a href=\"https:\/\/mailchi.mp\/7f53225ba40a\/newsletter-august-14180363?e=%5BUNIQID\" target=\"_blank\" rel=\"noopener\">letzten Newsletter der K\u00f6lnischen Gesellschaft f\u00fcr Christlich-J\u00fcdische Zusammenarbeit<\/a> <\/u>aufmerksam machen.<\/p>\n<p>In der Einleitung erl\u00e4utert der Vorsitzende, Prof. Dr. J\u00fcrgen Wilhelm, zusammen mit dem Gesch\u00e4ftsf\u00fchrer, Dr. Marcus Meier, sehr eindr\u00fccklich, dass die Entwicklungen in unserem Nachbarland \u00d6sterreich Anlass zur Sorge geben: Die rechtsextreme FP\u00d6 mit ihrem Vorsitzenden, Herbert Kickl, wird voraussichtlich den Bundeskanzler stellen und damit eine Regierung in \u00d6sterreich anf\u00fchren \u2013 das mit Segen und Unterst\u00fctzung der konservativen \u00d6VP, die zumindest ihre Bereitschaft zu entsprechenden Koalitionsverhandlungen signalisiert hat. \u00a0Im Newsletter wird darauf hingewiesen, dass nicht nur die AfD hierzulande auf \u00e4hnliche Entwicklungen hofft, sondern dass allgemein eine <strong>\u201e<\/strong><strong>Verschiebung des Diskurses nach rechts<\/strong>\u201c zu beobachten ist, insbesondere die \u201eMigration als Grundproblem\u201c mittlerweile schon fast als politischer Konsens gesehen wird.<\/p>\n<p>Auch uns erf\u00fcllt dies mit Sorge, wir werden \u2013 wie die K\u00f6lnische Gesellschaft \u2013 weiter f\u00fcr den Erhalt einer sozial gerechten und pluralistischen Gesellschaft k\u00e4mpfen und danken Prof. Wilhelm und Dr. Meier f\u00fcr die deutlichen Worte.[\/vc_column_text][vc_row_inner column_margin=&#8220;default&#8220; column_direction=&#8220;default&#8220; column_direction_tablet=&#8220;default&#8220; column_direction_phone=&#8220;default&#8220; text_align=&#8220;left&#8220; row_position=&#8220;default&#8220; row_position_tablet=&#8220;inherit&#8220; row_position_phone=&#8220;inherit&#8220; overflow=&#8220;visible&#8220; pointer_events=&#8220;all&#8220;][vc_column_inner column_padding=&#8220;no-extra-padding&#8220; column_padding_tablet=&#8220;inherit&#8220; column_padding_phone=&#8220;inherit&#8220; column_padding_position=&#8220;all&#8220; column_element_direction_desktop=&#8220;default&#8220; column_element_spacing=&#8220;default&#8220; desktop_text_alignment=&#8220;default&#8220; tablet_text_alignment=&#8220;default&#8220; phone_text_alignment=&#8220;default&#8220; background_color_opacity=&#8220;1&#8243; background_hover_color_opacity=&#8220;1&#8243; column_backdrop_filter=&#8220;none&#8220; column_shadow=&#8220;none&#8220; column_border_radius=&#8220;none&#8220; column_link_target=&#8220;_self&#8220; overflow=&#8220;visible&#8220; gradient_direction=&#8220;left_to_right&#8220; overlay_strength=&#8220;0.3&#8243; width=&#8220;1\/1&#8243; tablet_width_inherit=&#8220;default&#8220; animation_type=&#8220;default&#8220; bg_image_animation=&#8220;none&#8220; border_type=&#8220;simple&#8220; column_border_width=&#8220;none&#8220; column_border_style=&#8220;solid&#8220;][image_with_animation image_url=&#8220;5892&#8243; image_size=&#8220;full&#8220; animation_type=&#8220;entrance&#8220; animation=&#8220;None&#8220; animation_movement_type=&#8220;transform_y&#8220; hover_animation=&#8220;none&#8220; alignment=&#8220;&#8220; img_link_target=&#8220;_blank&#8220; border_radius=&#8220;none&#8220; box_shadow=&#8220;none&#8220; image_loading=&#8220;default&#8220; max_width=&#8220;100%&#8220; max_width_mobile=&#8220;default&#8220; img_link=&#8220;https:\/\/www.kssq.de\/5vor12-laut-fuer-demokratie-am-25-1-2025-um-1155-uhr-auf-dem-heumarkt\/&#8220;][\/vc_column_inner][\/vc_row_inner][vc_row_inner column_margin=&#8220;default&#8220; column_direction=&#8220;default&#8220; column_direction_tablet=&#8220;default&#8220; column_direction_phone=&#8220;default&#8220; text_align=&#8220;left&#8220; row_position=&#8220;default&#8220; row_position_tablet=&#8220;inherit&#8220; row_position_phone=&#8220;inherit&#8220; overflow=&#8220;visible&#8220; pointer_events=&#8220;all&#8220;][vc_column_inner column_padding=&#8220;no-extra-padding&#8220; column_padding_tablet=&#8220;inherit&#8220; column_padding_phone=&#8220;inherit&#8220; column_padding_position=&#8220;all&#8220; column_element_direction_desktop=&#8220;default&#8220; column_element_spacing=&#8220;default&#8220; desktop_text_alignment=&#8220;default&#8220; tablet_text_alignment=&#8220;default&#8220; phone_text_alignment=&#8220;default&#8220; background_color_opacity=&#8220;1&#8243; background_hover_color_opacity=&#8220;1&#8243; column_backdrop_filter=&#8220;none&#8220; column_shadow=&#8220;none&#8220; column_border_radius=&#8220;none&#8220; column_link_target=&#8220;_self&#8220; overflow=&#8220;visible&#8220; gradient_direction=&#8220;left_to_right&#8220; overlay_strength=&#8220;0.3&#8243; width=&#8220;1\/1&#8243; tablet_width_inherit=&#8220;default&#8220; animation_type=&#8220;default&#8220; bg_image_animation=&#8220;none&#8220; border_type=&#8220;simple&#8220; column_border_width=&#8220;none&#8220; column_border_style=&#8220;solid&#8220;][vc_column_text]<b>Filmvorf\u00fchrung und Diskussion: &#8222;Pass(t) uns allen&#8220; l\u00e4dt ein zur Wahlkampftour<\/b><\/p>\n<p>Gerne m\u00f6chten wir auf eine Veranstaltung im Rahmen der Aktion \u201ePass(t) uns allen\u201c aufmerksam machen (gemeinsam mit Integrationshaus e.V., With Wings and Roots e.V., AKAD FM-FM, Initiative \u201eN-Wort stoppen\u201c, Allerweltshaus K\u00f6ln e.V.)<\/p>\n<p>Im Vorfeld der Bundestagswahl veranstalten die o.g. Organisationen eine bundesweite Film- und Diskussionstour mit unserem Kurzfilm \u00abDas Recht, Rechte zu haben\u00bb. Er beleuchtet die K\u00e4mpfe von gefl\u00fcchteten und nicht-gefl\u00fcchteten Migrantinnen, BPoC und\/oder Rom:nja und Sinti:zze um Gleichberechtigung und Zugeh\u00f6rigkeit und wirft kritische Fragen zu Staatsb\u00fcrgerschaft, Staatenlosigkeit, Duldung und der Realit\u00e4t des Lebens in einem Land auf, das so vielen die volle Teilhabe verweigert. Eine Podiumsdiskussion schlie\u00dft sich an, weitere Informationen finden sich <a href=\"https:\/\/www.allerweltshaus.de\/veranstaltungen\/filmvorfuehrung-und-diskussion:%EF%BB%BF-pass(t)-uns-allen-laedt-ein-zur-wahlkampftour\" target=\"_blank\" rel=\"noopener\">hier<\/a>.<\/p>\n<p><strong>Freitag, 07. Februar 2025, 19:00 Uhr<\/strong><br \/>\n<strong>Allerweltshaus K\u00f6ln e.V. , Geisselstra\u00dfe 3-5, 50823 K\u00f6ln<\/strong><br \/>\nEintritt ist frei[\/vc_column_text][\/vc_column_inner][\/vc_row_inner][vc_row_inner column_margin=&#8220;default&#8220; column_direction=&#8220;default&#8220; column_direction_tablet=&#8220;default&#8220; column_direction_phone=&#8220;default&#8220; text_align=&#8220;left&#8220; row_position=&#8220;default&#8220; row_position_tablet=&#8220;inherit&#8220; row_position_phone=&#8220;inherit&#8220; overflow=&#8220;visible&#8220; pointer_events=&#8220;all&#8220;][vc_column_inner column_padding=&#8220;no-extra-padding&#8220; column_padding_tablet=&#8220;inherit&#8220; column_padding_phone=&#8220;inherit&#8220; column_padding_position=&#8220;all&#8220; column_element_direction_desktop=&#8220;default&#8220; column_element_spacing=&#8220;default&#8220; desktop_text_alignment=&#8220;default&#8220; tablet_text_alignment=&#8220;default&#8220; phone_text_alignment=&#8220;default&#8220; background_color_opacity=&#8220;1&#8243; background_hover_color_opacity=&#8220;1&#8243; column_backdrop_filter=&#8220;none&#8220; column_shadow=&#8220;none&#8220; column_border_radius=&#8220;none&#8220; column_link_target=&#8220;_self&#8220; overflow=&#8220;visible&#8220; gradient_direction=&#8220;left_to_right&#8220; overlay_strength=&#8220;0.3&#8243; width=&#8220;1\/1&#8243; tablet_width_inherit=&#8220;default&#8220; animation_type=&#8220;default&#8220; bg_image_animation=&#8220;none&#8220; border_type=&#8220;simple&#8220; column_border_width=&#8220;none&#8220; column_border_style=&#8220;solid&#8220;][image_with_animation image_url=&#8220;5896&#8243; image_size=&#8220;full&#8220; animation_type=&#8220;entrance&#8220; animation=&#8220;None&#8220; animation_movement_type=&#8220;transform_y&#8220; hover_animation=&#8220;none&#8220; alignment=&#8220;&#8220; border_radius=&#8220;none&#8220; box_shadow=&#8220;none&#8220; image_loading=&#8220;default&#8220; max_width=&#8220;100%&#8220; max_width_mobile=&#8220;default&#8220; img_link=&#8220;https:\/\/www.romev.de\/?p=5898&#8243;][\/vc_column_inner][\/vc_row_inner][vc_column_text]<strong>Gedenkstunde f\u00fcr die Opfer des Nationalsozialismus, 27.01.2025<\/strong><\/p>\n<p>Am 27.01.2025 j\u00e4hrt sich die Befreiung des Konzentrationslagers Auschwitz zum 80. Mal. Ausschwitz war das gr\u00f6\u00dfte Konzentrations- und Vernichtungslager. W\u00e4hrend der NS-Zeit ermordeten die Nazis dort \u00fcber anderthalb Millionen Menschen durch systematische industrielle T\u00f6tung, Arbeit, Folter, Krankheit und Hunger. Aus diesem Anlass findet unter der \u00dcberschrift <strong>\u201eErinnern \u2013 Eine Br\u00fccke in die Zukunft\u201c am 27.01.2025, 18 Uhr eine Gedenkstunde f\u00fcr die Opfer des Nationalsozialismus in der Antoniterkirche (Schildergasse K\u00f6ln)<\/strong> statt, die vom Rom e.V. unterst\u00fctzt wird.<\/p>\n<p>Bereits am 21. Mai 1940 wurden die ersten 1.000 Sinti:zze und Rom:nja aus K\u00f6ln und dem gr\u00f6\u00dferen Umland vom Bahnhof-Deutz in den Osten deportiert. Der erste Deportationszug j\u00fcdischer K\u00f6lner*innen, der 1.000 Menschen umfasste, verlie\u00df K\u00f6ln am 22. Oktober 1941. Auschwitz steht heute als Symbol f\u00fcr Verbrechen<\/p>\n<p>gegen die Menschlichkeit, als Symbol f\u00fcr den verbrecherischen Charakter des Nationalsozialismus und seine rassistische Vernichtungspolitik. Weitere Informationen zur Veranstaltung und den Hintergr\u00fcnden finden sich <a href=\"https:\/\/www.romev.de\/wp-content\/uploads\/Flyer_27.1.25_Gedenkstunde.pdf\" target=\"_blank\" rel=\"noopener\">hier<\/a>.[\/vc_column_text][vc_row_inner column_margin=&#8220;default&#8220; column_direction=&#8220;default&#8220; column_direction_tablet=&#8220;default&#8220; column_direction_phone=&#8220;default&#8220; text_align=&#8220;left&#8220; row_position=&#8220;default&#8220; row_position_tablet=&#8220;inherit&#8220; row_position_phone=&#8220;inherit&#8220; overflow=&#8220;visible&#8220; pointer_events=&#8220;all&#8220;][vc_column_inner column_padding=&#8220;no-extra-padding&#8220; column_padding_tablet=&#8220;inherit&#8220; column_padding_phone=&#8220;inherit&#8220; column_padding_position=&#8220;all&#8220; column_element_direction_desktop=&#8220;default&#8220; column_element_spacing=&#8220;default&#8220; desktop_text_alignment=&#8220;default&#8220; tablet_text_alignment=&#8220;default&#8220; phone_text_alignment=&#8220;default&#8220; background_color_opacity=&#8220;1&#8243; background_hover_color_opacity=&#8220;1&#8243; column_backdrop_filter=&#8220;none&#8220; column_shadow=&#8220;none&#8220; column_border_radius=&#8220;none&#8220; column_link_target=&#8220;_self&#8220; overflow=&#8220;visible&#8220; gradient_direction=&#8220;left_to_right&#8220; overlay_strength=&#8220;0.3&#8243; width=&#8220;1\/1&#8243; tablet_width_inherit=&#8220;default&#8220; animation_type=&#8220;default&#8220; bg_image_animation=&#8220;none&#8220; border_type=&#8220;simple&#8220; column_border_width=&#8220;none&#8220; column_border_style=&#8220;solid&#8220;][vc_column_text]<strong> \u201eWir sind hier\u201c \u2013 Ausstellungser\u00f6ffnung, 08.11.2024, 18 Uhr, Veedelszimmer (BV Eigelstein)<\/strong><\/p>\n<p>Wir laden herzlich ein zur Ausstellungser\u00f6ffnung von \u201eWir sind hier\u201c am Freitag, 08.11.2024, 18 Uhr im \u201eVeedelszimmer\u201c (<a href=\"https:\/\/www.google.com\/maps\/search\/Weidengasse+23?entry=gmail&amp;source=g\">Weidengasse 23<\/a>) des B\u00fcrgervereins Eigelstein. Und sind sehr stolz darauf, dass die fotografischen Portraits und Texte, die 2023 in unserem Deutsch- und Alphabetisierungskurs entstanden sind, nun ab dem 08.11. am Eigelstein zu sehen sind. Nach der Ausstellungser\u00f6ffnung werden die Portr\u00e4ts vier Wochen im o.g. Veedelszimmer zu sehen sein.<\/p>\n<p><a href=\"https:\/\/www.romev.de\/?p=5868\">&gt;&gt;Weiterlesen<\/a>[\/vc_column_text][\/vc_column_inner][\/vc_row_inner][vc_column_text]\n<p class=\"x_MsoNormal\"><b>Ausstellung \u201eWir sind hier\u201c bei der Museumsnacht am 02.11.2024<\/b><\/p>\n<p class=\"x_MsoNormal\"><b>Menschenrechte! Und Punkt! <\/b><\/p>\n<p class=\"x_MsoNormal\">Genau darum geht es, wenn man die Arbeit des Centrum Schwule Geschichte e.V. (CSG) und Rom e.V. \u2013 Verein f\u00fcr die Verst\u00e4ndigung von Rom (Roma und Sinti) und Nicht-Rom \u2013 auf einen Punkt bringen will. Und unter diesem Titel sind exklusiv in der Museumsnacht 2024 (02.11.2024, ab 19 Uhr) im B\u00fcrgerhaus M\u00fcZe (in Tr\u00e4gerschaft des interKultur e.V.) in K\u00f6ln-M\u00fclheim Ausz\u00fcge aus den aktuellen Ausstellungen der beiden Vereine zu sehen.<\/p>\n<p><a href=\"https:\/\/www.romev.de\/?p=5862\">&gt;Weiterlesen<\/a>[\/vc_column_text][vc_row_inner column_margin=&#8220;default&#8220; column_direction=&#8220;default&#8220; column_direction_tablet=&#8220;default&#8220; column_direction_phone=&#8220;default&#8220; text_align=&#8220;left&#8220; row_position=&#8220;default&#8220; row_position_tablet=&#8220;inherit&#8220; row_position_phone=&#8220;inherit&#8220; overflow=&#8220;visible&#8220; pointer_events=&#8220;all&#8220;][vc_column_inner column_padding=&#8220;no-extra-padding&#8220; column_padding_tablet=&#8220;inherit&#8220; column_padding_phone=&#8220;inherit&#8220; column_padding_position=&#8220;all&#8220; column_element_direction_desktop=&#8220;default&#8220; column_element_spacing=&#8220;default&#8220; desktop_text_alignment=&#8220;default&#8220; tablet_text_alignment=&#8220;default&#8220; phone_text_alignment=&#8220;default&#8220; background_color_opacity=&#8220;1&#8243; background_hover_color_opacity=&#8220;1&#8243; column_backdrop_filter=&#8220;none&#8220; column_shadow=&#8220;none&#8220; column_border_radius=&#8220;none&#8220; column_link_target=&#8220;_self&#8220; overflow=&#8220;visible&#8220; gradient_direction=&#8220;left_to_right&#8220; overlay_strength=&#8220;0.3&#8243; width=&#8220;1\/1&#8243; tablet_width_inherit=&#8220;default&#8220; animation_type=&#8220;default&#8220; bg_image_animation=&#8220;none&#8220; border_type=&#8220;simple&#8220; column_border_width=&#8220;none&#8220; column_border_style=&#8220;solid&#8220;][vc_column_text]<strong>16.12.24: Einf\u00fchrungsworkshop \u201eRassismus gegen Rom:nja und Sinti:ze erkennen und entgegenwirken!\u201c<\/strong><\/p>\n<p>&nbsp;<\/p>\n<p><a href=\"https:\/\/www.romev.de\/?p=5882\"><img loading=\"lazy\" decoding=\"async\" class=\"alignleft wp-image-5884\" src=\"https:\/\/www.romev.de\/wp-content\/uploads\/Einfuehrungsworkshop-16.12.24-2-1024x1024.jpg\" alt=\"\" width=\"500\" height=\"500\" srcset=\"https:\/\/www.romev.de\/wp-content\/uploads\/Einfuehrungsworkshop-16.12.24-2-1024x1024.jpg 1024w, https:\/\/www.romev.de\/wp-content\/uploads\/Einfuehrungsworkshop-16.12.24-2-300x300.jpg 300w, https:\/\/www.romev.de\/wp-content\/uploads\/Einfuehrungsworkshop-16.12.24-2-150x150.jpg 150w, https:\/\/www.romev.de\/wp-content\/uploads\/Einfuehrungsworkshop-16.12.24-2-768x768.jpg 768w, https:\/\/www.romev.de\/wp-content\/uploads\/Einfuehrungsworkshop-16.12.24-2-100x100.jpg 100w, https:\/\/www.romev.de\/wp-content\/uploads\/Einfuehrungsworkshop-16.12.24-2-140x140.jpg 140w, https:\/\/www.romev.de\/wp-content\/uploads\/Einfuehrungsworkshop-16.12.24-2-500x500.jpg 500w, https:\/\/www.romev.de\/wp-content\/uploads\/Einfuehrungsworkshop-16.12.24-2-350x350.jpg 350w, https:\/\/www.romev.de\/wp-content\/uploads\/Einfuehrungsworkshop-16.12.24-2-1000x1000.jpg 1000w, https:\/\/www.romev.de\/wp-content\/uploads\/Einfuehrungsworkshop-16.12.24-2-800x800.jpg 800w, https:\/\/www.romev.de\/wp-content\/uploads\/Einfuehrungsworkshop-16.12.24-2.jpg 1080w\" sizes=\"auto, (max-width: 500px) 100vw, 500px\" \/><\/a>[\/vc_column_text][vc_column_text]\n<p>I am text block. Click edit button to change this text. Lorem ipsum dolor sit amet, consectetur adipiscing elit. Ut elit tellus, luctus nec ullamcorper mattis, pulvinar dapibus leo.<\/p>\n[\/vc_column_text][vc_column_text]<strong>Musik-Festival ALLA ZINGARESE, Samstag, 23.11.24, 16-22 Uhr<\/strong><\/p>\n<p>Gerne machen wir auf eine Veranstaltung des PHILOMENA FRANZ FORUM e.V. aufmerksam. Das Forum l\u00e4dt ein zum ersten Musik-Festival ALLA ZINGARESE, Samstag, 23. November 2024, 16 bis 22 Uhr, Konzertsaal Rathaus Bensberg, Bergisch-Gladbach.<\/p>\n<p>Das komplette Programm und weitere Detailinfos finden sich <a href=\"https:\/\/philomena-franz-forum.de\/wp-content\/uploads\/2024\/11\/Broschuere_PFF_23-11-2024_final_digital.pdf\" target=\"_blank\" rel=\"noopener\"><u>hier<\/u><\/a>, unter anderem auch ein Gru\u00dfwort des Vorsitzenden des Zentralrats Deutscher Sinti und Roma, Romani Rose.[\/vc_column_text][\/vc_column_inner][\/vc_row_inner][vc_row_inner column_margin=&#8220;default&#8220; column_direction=&#8220;default&#8220; column_direction_tablet=&#8220;default&#8220; column_direction_phone=&#8220;default&#8220; text_align=&#8220;left&#8220; row_position=&#8220;default&#8220; row_position_tablet=&#8220;inherit&#8220; row_position_phone=&#8220;inherit&#8220; overflow=&#8220;visible&#8220; pointer_events=&#8220;all&#8220;][vc_column_inner column_padding=&#8220;no-extra-padding&#8220; column_padding_tablet=&#8220;inherit&#8220; column_padding_phone=&#8220;inherit&#8220; column_padding_position=&#8220;all&#8220; column_element_direction_desktop=&#8220;default&#8220; column_element_spacing=&#8220;default&#8220; desktop_text_alignment=&#8220;default&#8220; tablet_text_alignment=&#8220;default&#8220; phone_text_alignment=&#8220;default&#8220; background_color_opacity=&#8220;1&#8243; background_hover_color_opacity=&#8220;1&#8243; column_backdrop_filter=&#8220;none&#8220; column_shadow=&#8220;none&#8220; column_border_radius=&#8220;none&#8220; column_link_target=&#8220;_self&#8220; overflow=&#8220;visible&#8220; gradient_direction=&#8220;left_to_right&#8220; overlay_strength=&#8220;0.3&#8243; width=&#8220;1\/1&#8243; tablet_width_inherit=&#8220;default&#8220; animation_type=&#8220;default&#8220; bg_image_animation=&#8220;none&#8220; border_type=&#8220;simple&#8220; column_border_width=&#8220;none&#8220; column_border_style=&#8220;solid&#8220;][vc_column_text]<strong>PRESSEMITTEILUNG<\/strong> 17.09.2024<br \/>\n<a href=\"https:\/\/www.romev.de\/wp-content\/uploads\/cropped-LG_Haltung_CMYK-scaled-3.jpg\" rel=\"prettyPhoto[gallery-QbPR]\" data-rel=\"lightbox-gallery-kaGXcbmI\" data-imagelightbox=\"1\" data-rl_title=\"\" data-rl_caption=\"\" title=\"\"><img loading=\"lazy\" decoding=\"async\" class=\"size-full wp-image-5857 alignnone\" src=\"https:\/\/www.romev.de\/wp-content\/uploads\/cropped-LG_Haltung_CMYK-scaled-3.jpg\" alt=\"\" width=\"240\" height=\"239\" srcset=\"https:\/\/www.romev.de\/wp-content\/uploads\/cropped-LG_Haltung_CMYK-scaled-3.jpg 240w, https:\/\/www.romev.de\/wp-content\/uploads\/cropped-LG_Haltung_CMYK-scaled-3-150x150.jpg 150w, https:\/\/www.romev.de\/wp-content\/uploads\/cropped-LG_Haltung_CMYK-scaled-3-100x100.jpg 100w, https:\/\/www.romev.de\/wp-content\/uploads\/cropped-LG_Haltung_CMYK-scaled-3-140x140.jpg 140w\" sizes=\"auto, (max-width: 240px) 100vw, 240px\" \/><\/a><\/p>\n<p><a href=\"https:\/\/www.romev.de\/wp-content\/uploads\/2024-09-17_Aufruf-Asylrecht-PM-KzH.pdf\" target=\"_blank\" rel=\"noopener\"><strong>B\u00fcndnis K\u00f6ln zeigt Haltung<\/strong> <\/a><\/p>\n<p><a href=\"https:\/\/www.romev.de\/wp-content\/uploads\/2024-09-17_Aufruf-Asylrecht-PM-KzH.pdf\" target=\"_blank\" rel=\"noopener\">Asylrecht verteidigen \u2013 Menschenw\u00fcrde sch\u00fctzen<br \/>\n\u2013 sozialen Frieden in K\u00f6ln wahren!<\/a>[\/vc_column_text][\/vc_column_inner][\/vc_row_inner][vc_row_inner column_margin=&#8220;default&#8220; column_direction=&#8220;default&#8220; column_direction_tablet=&#8220;default&#8220; column_direction_phone=&#8220;default&#8220; text_align=&#8220;left&#8220; row_position=&#8220;default&#8220; row_position_tablet=&#8220;inherit&#8220; row_position_phone=&#8220;inherit&#8220; overflow=&#8220;visible&#8220; pointer_events=&#8220;all&#8220;][vc_column_inner column_padding=&#8220;no-extra-padding&#8220; column_padding_tablet=&#8220;inherit&#8220; column_padding_phone=&#8220;inherit&#8220; column_padding_position=&#8220;all&#8220; column_element_direction_desktop=&#8220;default&#8220; column_element_spacing=&#8220;default&#8220; desktop_text_alignment=&#8220;default&#8220; tablet_text_alignment=&#8220;default&#8220; phone_text_alignment=&#8220;default&#8220; background_color_opacity=&#8220;1&#8243; background_hover_color_opacity=&#8220;1&#8243; column_backdrop_filter=&#8220;none&#8220; column_shadow=&#8220;none&#8220; column_border_radius=&#8220;none&#8220; column_link_target=&#8220;_self&#8220; overflow=&#8220;visible&#8220; gradient_direction=&#8220;left_to_right&#8220; overlay_strength=&#8220;0.3&#8243; width=&#8220;1\/1&#8243; tablet_width_inherit=&#8220;default&#8220; animation_type=&#8220;default&#8220; bg_image_animation=&#8220;none&#8220; border_type=&#8220;simple&#8220; column_border_width=&#8220;none&#8220; column_border_style=&#8220;solid&#8220;][image_with_animation image_url=&#8220;5848&#8243; image_size=&#8220;full&#8220; animation_type=&#8220;entrance&#8220; animation=&#8220;None&#8220; animation_movement_type=&#8220;transform_y&#8220; hover_animation=&#8220;none&#8220; alignment=&#8220;&#8220; border_radius=&#8220;none&#8220; box_shadow=&#8220;none&#8220; image_loading=&#8220;default&#8220; max_width=&#8220;100%&#8220; max_width_mobile=&#8220;default&#8220; img_link=&#8220;https:\/\/www.romev.de\/?p=5847&#8243;][\/vc_column_inner][\/vc_row_inner][vc_column_text]<strong>Erkl\u00e4rung des Vorstandes des Rom e.V. zu Solingen und zum Treffen der Bundesregierung mit den L\u00e4ndern und der CDU Opposition<\/strong><\/p>\n<p class=\"x_MsoNormal\">Wir sind zutiefst ersch\u00fcttert \u00fcber die Tat in Solingen, die von uns uneingeschr\u00e4nkt verurteilt wird. Islamistischer Terror darf zu keinem Zeitpunkt legitimiert werden und braucht harte Konsequenzen. Diese Konsequenzen d\u00fcrfen aber nicht zum Nachteil von Menschen werden, die vor Gewalt, Hunger, Verfolgung oder \u00e4hnlichem fliehen. Eine Tat, die entrechtende\u00a0 Konsequenzen\u00a0 f\u00fcr viele tausende Schutzsuchende h\u00e4tte, w\u00e4re fatal! Und dennoch passiert das gerade.<\/p>\n<p class=\"x_MsoNormal\"><a href=\"https:\/\/www.romev.de\/wp-content\/uploads\/2024-09-03-Erklaerung-zu-Solingen-und-zum-Treffen-Breg.-Laender-CDU-Opposition.pdf\" target=\"_blank\" rel=\"noopener\">Hier<\/a> die Erkl\u00e4rung des Vorstands des Rom e.V. zu Solingen und dem Treffen der Bundesregierung mit den L\u00e4ndern und der CDU-Opposition, in dem er sich der Stellungnahme unseres multikulturellen Beratungsteam anschlie\u00dft. Der Appell lautet, die Menschenrechte der Menschen, die zu uns migrieren, unbedingt zu sch\u00fctzen.<\/p>\n[\/vc_column_text][\/vc_column][vc_column column_padding=&#8220;no-extra-padding&#8220; column_padding_tablet=&#8220;inherit&#8220; column_padding_phone=&#8220;inherit&#8220; column_padding_position=&#8220;all&#8220; column_element_direction_desktop=&#8220;default&#8220; column_element_spacing=&#8220;default&#8220; desktop_text_alignment=&#8220;default&#8220; tablet_text_alignment=&#8220;default&#8220; phone_text_alignment=&#8220;default&#8220; background_color_opacity=&#8220;1&#8243; background_hover_color_opacity=&#8220;1&#8243; column_backdrop_filter=&#8220;none&#8220; column_shadow=&#8220;none&#8220; column_border_radius=&#8220;none&#8220; column_link_target=&#8220;_self&#8220; column_position=&#8220;default&#8220; gradient_direction=&#8220;left_to_right&#8220; overlay_strength=&#8220;0.3&#8243; width=&#8220;1\/1&#8243; tablet_width_inherit=&#8220;default&#8220; animation_type=&#8220;default&#8220; bg_image_animation=&#8220;none&#8220; border_type=&#8220;simple&#8220; column_border_width=&#8220;none&#8220; column_border_style=&#8220;solid&#8220;][\/vc_column][\/vc_row][vc_row type=&#8220;in_container&#8220; full_screen_row_position=&#8220;middle&#8220; column_margin=&#8220;default&#8220; equal_height=&#8220;yes&#8220; column_direction=&#8220;default&#8220; column_direction_tablet=&#8220;default&#8220; column_direction_phone=&#8220;default&#8220; scene_position=&#8220;center&#8220; text_color=&#8220;dark&#8220; text_align=&#8220;left&#8220; row_border_radius=&#8220;none&#8220; row_border_radius_applies=&#8220;bg&#8220; overflow=&#8220;visible&#8220; disable_element=&#8220;yes&#8220; overlay_strength=&#8220;0.3&#8243; gradient_direction=&#8220;left_to_right&#8220; shape_divider_position=&#8220;bottom&#8220; bg_image_animation=&#8220;none&#8220; shape_type=&#8220;&#8220; gradient_type=&#8220;default&#8220;][vc_column column_padding=&#8220;padding-1-percent&#8220; column_padding_tablet=&#8220;inherit&#8220; column_padding_phone=&#8220;inherit&#8220; column_padding_position=&#8220;all&#8220; column_element_direction_desktop=&#8220;default&#8220; column_element_spacing=&#8220;default&#8220; desktop_text_alignment=&#8220;default&#8220; tablet_text_alignment=&#8220;default&#8220; phone_text_alignment=&#8220;default&#8220; background_color_opacity=&#8220;1&#8243; background_hover_color_opacity=&#8220;1&#8243; column_backdrop_filter=&#8220;none&#8220; column_shadow=&#8220;small_depth&#8220; column_border_radius=&#8220;none&#8220; column_link_target=&#8220;_self&#8220; column_position=&#8220;default&#8220; boxed=&#8220;true&#8220; gradient_direction=&#8220;left_to_right&#8220; overlay_strength=&#8220;0.3&#8243; width=&#8220;1\/2&#8243; tablet_width_inherit=&#8220;default&#8220; animation_type=&#8220;default&#8220; bg_image_animation=&#8220;none&#8220; border_type=&#8220;simple&#8220; column_border_width=&#8220;none&#8220; column_border_style=&#8220;solid&#8220;][vc_column_text]\n<div class=\"col span_12 post-5756 post type-post status-publish format-standard category-aktionen category-aktuelles category-presse\">\n<div class=\"post-header\">\n<p class=\"title\"><strong><a href=\"https:\/\/www.romev.de\/?p=5756\">Kultur-politischen Fest beim Rom e.V. am 13. April, anl\u00e4sslich des Welt-Roma-Tages:<\/a><\/strong><\/p>\n<\/div>\n<div class=\"excerpt\">Nachdem am Nachmittag des\u00a0 8. April, unter Beteiligung von Frau\u00a0 Oberb\u00fcrgermeisterin Henriette Reker, die Roma-Flagge am Historischen Rathaus\/Alter Markt\u00a0 gehisst worden war, lud der Rom e.V. zum darauffolgenden Samstag in\u2026<\/div>\n<\/div>\n<div class=\"col span_12 post-5754 post type-post status-publish format-standard category-aktuelles category-presse category-stellungnahmen\">\n<div class=\"post-header\">\n<p class=\"title\"><strong><a href=\"https:\/\/www.romev.de\/?p=5754\">Welt-Roma-Tag in K\u00f6ln am 8. April 2024<\/a><\/strong><\/p>\n<\/div>\n<div class=\"excerpt\">Unter Beteiligung von Frau\u00a0 Oberb\u00fcrgermeisterin Henriette Reker wurde am Nachmittag des\u00a0 8. April\u00a0 die Roma-Flagge am Historischen Rathaus\/Alter Markt\u00a0 gehisst. Damit hat die Stadt K\u00f6ln zum dritten Mal, im dritten\u2026<\/div>\n<\/div>\n[\/vc_column_text][\/vc_column][vc_column column_padding=&#8220;padding-1-percent&#8220; column_padding_tablet=&#8220;inherit&#8220; column_padding_phone=&#8220;inherit&#8220; column_padding_position=&#8220;all&#8220; column_element_direction_desktop=&#8220;default&#8220; column_element_spacing=&#8220;default&#8220; desktop_text_alignment=&#8220;default&#8220; tablet_text_alignment=&#8220;default&#8220; phone_text_alignment=&#8220;default&#8220; background_color_opacity=&#8220;1&#8243; background_hover_color_opacity=&#8220;1&#8243; column_backdrop_filter=&#8220;none&#8220; column_shadow=&#8220;small_depth&#8220; column_border_radius=&#8220;none&#8220; column_link_target=&#8220;_self&#8220; column_position=&#8220;default&#8220; boxed=&#8220;true&#8220; gradient_direction=&#8220;left_to_right&#8220; overlay_strength=&#8220;0.3&#8243; width=&#8220;1\/2&#8243; tablet_width_inherit=&#8220;default&#8220; animation_type=&#8220;default&#8220; bg_image_animation=&#8220;none&#8220; border_type=&#8220;simple&#8220; column_border_width=&#8220;none&#8220; column_border_style=&#8220;solid&#8220;][image_with_animation image_url=&#8220;5752&#8243; image_size=&#8220;full&#8220; animation_type=&#8220;entrance&#8220; animation=&#8220;None&#8220; animation_movement_type=&#8220;transform_y&#8220; hover_animation=&#8220;none&#8220; alignment=&#8220;&#8220; border_radius=&#8220;none&#8220; box_shadow=&#8220;none&#8220; image_loading=&#8220;default&#8220; max_width=&#8220;100%&#8220; max_width_mobile=&#8220;default&#8220; img_link=&#8220;https:\/\/www.romev.de\/?p=5750&#8243;][\/vc_column][vc_column column_padding=&#8220;no-extra-padding&#8220; column_padding_tablet=&#8220;inherit&#8220; column_padding_phone=&#8220;inherit&#8220; column_padding_position=&#8220;all&#8220; column_element_direction_desktop=&#8220;default&#8220; column_element_spacing=&#8220;default&#8220; desktop_text_alignment=&#8220;default&#8220; tablet_text_alignment=&#8220;default&#8220; phone_text_alignment=&#8220;default&#8220; background_color_opacity=&#8220;1&#8243; background_hover_color_opacity=&#8220;1&#8243; column_backdrop_filter=&#8220;none&#8220; column_shadow=&#8220;none&#8220; column_border_radius=&#8220;none&#8220; column_link_target=&#8220;_self&#8220; column_position=&#8220;default&#8220; gradient_direction=&#8220;left_to_right&#8220; overlay_strength=&#8220;0.3&#8243; width=&#8220;1\/1&#8243; tablet_width_inherit=&#8220;default&#8220; animation_type=&#8220;default&#8220; bg_image_animation=&#8220;none&#8220; border_type=&#8220;simple&#8220; column_border_width=&#8220;none&#8220; column_border_style=&#8220;solid&#8220;][vc_row_inner disable_element=&#8220;yes&#8220; column_margin=&#8220;default&#8220; column_direction=&#8220;default&#8220; column_direction_tablet=&#8220;default&#8220; column_direction_phone=&#8220;default&#8220; text_align=&#8220;left&#8220; row_position=&#8220;default&#8220; row_position_tablet=&#8220;inherit&#8220; row_position_phone=&#8220;inherit&#8220; overflow=&#8220;visible&#8220; pointer_events=&#8220;all&#8220;][vc_column_inner column_padding=&#8220;no-extra-padding&#8220; column_padding_tablet=&#8220;inherit&#8220; column_padding_phone=&#8220;inherit&#8220; column_padding_position=&#8220;all&#8220; column_element_direction_desktop=&#8220;default&#8220; column_element_spacing=&#8220;default&#8220; desktop_text_alignment=&#8220;default&#8220; tablet_text_alignment=&#8220;default&#8220; phone_text_alignment=&#8220;default&#8220; background_color_opacity=&#8220;1&#8243; background_hover_color_opacity=&#8220;1&#8243; column_backdrop_filter=&#8220;none&#8220; column_shadow=&#8220;none&#8220; column_border_radius=&#8220;none&#8220; column_link_target=&#8220;_self&#8220; overflow=&#8220;visible&#8220; gradient_direction=&#8220;left_to_right&#8220; overlay_strength=&#8220;0.3&#8243; width=&#8220;1\/2&#8243; tablet_width_inherit=&#8220;default&#8220; animation_type=&#8220;default&#8220; bg_image_animation=&#8220;none&#8220; border_type=&#8220;simple&#8220; column_border_width=&#8220;none&#8220; column_border_style=&#8220;solid&#8220;][\/vc_column_inner][vc_column_inner column_padding=&#8220;no-extra-padding&#8220; column_padding_tablet=&#8220;inherit&#8220; column_padding_phone=&#8220;inherit&#8220; column_padding_position=&#8220;all&#8220; column_element_direction_desktop=&#8220;default&#8220; column_element_spacing=&#8220;default&#8220; desktop_text_alignment=&#8220;default&#8220; tablet_text_alignment=&#8220;default&#8220; phone_text_alignment=&#8220;default&#8220; background_color_opacity=&#8220;1&#8243; background_hover_color_opacity=&#8220;1&#8243; column_backdrop_filter=&#8220;none&#8220; column_shadow=&#8220;none&#8220; column_border_radius=&#8220;none&#8220; column_link_target=&#8220;_self&#8220; overflow=&#8220;visible&#8220; gradient_direction=&#8220;left_to_right&#8220; overlay_strength=&#8220;0.3&#8243; width=&#8220;1\/2&#8243; tablet_width_inherit=&#8220;default&#8220; animation_type=&#8220;default&#8220; bg_image_animation=&#8220;none&#8220; border_type=&#8220;simple&#8220; column_border_width=&#8220;none&#8220; column_border_style=&#8220;solid&#8220;][image_with_animation image_url=&#8220;5207&#8243; image_size=&#8220;full&#8220; animation_type=&#8220;entrance&#8220; animation=&#8220;None&#8220; animation_movement_type=&#8220;transform_y&#8220; hover_animation=&#8220;none&#8220; alignment=&#8220;&#8220; border_radius=&#8220;none&#8220; box_shadow=&#8220;none&#8220; image_loading=&#8220;default&#8220; max_width=&#8220;100%&#8220; max_width_mobile=&#8220;default&#8220; img_link=&#8220;https:\/\/www.romev.de\/?p=5205&#8243;][vc_column_text]\n<p class=\"x_MsoNormal\"><strong>Filmvorf\u00fchrung &#8222;Djelem, djelem: Rom:nja und Sinti:ze im langen Schatten des 20. Jahrhunderts&#8220;<\/strong><\/p>\n<p class=\"x_MsoNormal\">Erleben Sie am <b>Samstag, 19. August um 14 Uhr<\/b> auf dem <b>Neumarkt <\/b>in <b>K\u00f6ln<\/b> die bewegende Lebensrealit\u00e4t vieler Rom:nja und Sinti:ze durch den einzigartigen Film &#8222;Djelem, djelem.&#8220; Tauchen Sie ein in die Geschichte dieser Gemeinschaft und entdecken Sie mutige Aktivist:innen und K\u00fcnstler:innen, die Ver\u00e4nderungen ansto\u00dfen.<\/p>\n[\/vc_column_text][\/vc_column_inner][\/vc_row_inner][\/vc_column][\/vc_row][vc_row type=&#8220;in_container&#8220; full_screen_row_position=&#8220;middle&#8220; column_margin=&#8220;default&#8220; column_direction=&#8220;default&#8220; column_direction_tablet=&#8220;default&#8220; column_direction_phone=&#8220;default&#8220; scene_position=&#8220;center&#8220; text_color=&#8220;dark&#8220; text_align=&#8220;left&#8220; row_border_radius=&#8220;none&#8220; row_border_radius_applies=&#8220;bg&#8220; overflow=&#8220;visible&#8220; overlay_strength=&#8220;0.3&#8243; gradient_direction=&#8220;left_to_right&#8220; shape_divider_position=&#8220;bottom&#8220; bg_image_animation=&#8220;none&#8220;][vc_column column_padding=&#8220;no-extra-padding&#8220; column_padding_tablet=&#8220;inherit&#8220; column_padding_phone=&#8220;inherit&#8220; column_padding_position=&#8220;all&#8220; column_element_direction_desktop=&#8220;default&#8220; column_element_spacing=&#8220;default&#8220; desktop_text_alignment=&#8220;default&#8220; tablet_text_alignment=&#8220;default&#8220; phone_text_alignment=&#8220;default&#8220; background_color_opacity=&#8220;1&#8243; background_hover_color_opacity=&#8220;1&#8243; column_backdrop_filter=&#8220;none&#8220; column_shadow=&#8220;none&#8220; column_border_radius=&#8220;none&#8220; column_link_target=&#8220;_self&#8220; column_position=&#8220;default&#8220; gradient_direction=&#8220;left_to_right&#8220; overlay_strength=&#8220;0.3&#8243; width=&#8220;1\/1&#8243; tablet_width_inherit=&#8220;default&#8220; animation_type=&#8220;default&#8220; bg_image_animation=&#8220;none&#8220; border_type=&#8220;simple&#8220; column_border_width=&#8220;none&#8220; column_border_style=&#8220;solid&#8220;]<div  data-transition=\"slide\" data-overall_style=\"classic\" data-flexible-height=\"true\" data-animate-in-effect=\"none\" data-fullscreen=\"false\" data-button-sizing=\"regular\" data-button-styling=\"btn_with_count\" data-autorotate=\"4000\" data-parallax=\"false\" data-parallax-disable-mobile=\"\" data-caption-trans=\"fade_in_from_bottom\" data-parallax-style=\"bg_only\" data-bg-animation=\"none\" data-full-width=\"false\" class=\"nectar-slider-wrap \" id=\"nectar-slider-instance-1\"><div class=\"swiper-container\"  data-tho=\"auto\" data-tco=\"auto\" data-pho=\"auto\" data-pco=\"auto\" data-loop=\"true\" data-height=\"400\" data-min-height=\"\" data-arrows=\"true\" data-bullets=\"true\" data-bullet_style=\"see_through\" data-bullet_position=\"bottom\" data-desktop-swipe=\"true\" data-settings=\"\"> <div class=\"swiper-wrapper\"><div class=\"swiper-slide\" data-desktop-content-width=\"\" data-tablet-content-width=\"\" data-bg-alignment=\"center\" data-color-scheme=\"light\" data-x-pos=\"left\" data-y-pos=\"bottom\" ><div class=\"slide-bg-wrap\"><div class=\"image-bg\" style=\"background-image: url(https:\/\/www.romev.de\/wp-content\/uploads\/2014\/02\/page_t.jpg);\"> &nbsp; <\/div><\/div><div class=\"container\">\n\t\t\t\t\t\t<div class=\"content\"><p class=\"transparent-bg\" ><span>Unser Gel\u00e4nde am Venloer Wall 17<\/span><\/p><\/div>\n\t\t\t\t\t\t\t\t<\/div><!--\/container--><a href=\"#\" class=\"slider-down-arrow no-border\"><svg class=\"nectar-scroll-icon\" viewBox=\"0 0 30 45\" enable-background=\"new 0 0 30 45\">\n\t\t\t\t\t\t\t\t\t<path class=\"nectar-scroll-icon-path\" fill=\"none\" stroke=\"#ffffff\" stroke-width=\"2\" stroke-miterlimit=\"10\" d=\"M15,1.118c12.352,0,13.967,12.88,13.967,12.88v18.76  c0,0-1.514,11.204-13.967,11.204S0.931,32.966,0.931,32.966V14.05C0.931,14.05,2.648,1.118,15,1.118z\"><\/path>\n\t\t\t\t\t\t\t\t\t<\/svg><\/a><div class=\"video-texture \"> <span class=\"ie-fix\"><\/span> <\/div><\/div> <!--\/swiper-slide--><div class=\"swiper-slide\" data-desktop-content-width=\"\" data-tablet-content-width=\"\" data-bg-alignment=\"bottom\" data-color-scheme=\"light\" data-x-pos=\"left\" data-y-pos=\"bottom\" ><div class=\"slide-bg-wrap\"><div class=\"image-bg\" style=\"background-image: url(https:\/\/www.romev.de\/wp-content\/uploads\/2013\/11\/dia_archiv1.jpg);\"> &nbsp; <\/div><\/div><div class=\"container\">\n\t\t\t\t\t\t<div class=\"content\"><p class=\"transparent-bg\" ><span>Archiv und Dokumentationszentrum<\/span><\/p><\/div>\n\t\t\t\t\t\t\t\t<\/div><!--\/container--><div class=\"video-texture \"> <span class=\"ie-fix\"><\/span> <\/div><\/div> <!--\/swiper-slide--><div class=\"swiper-slide\" data-desktop-content-width=\"\" data-tablet-content-width=\"\" data-bg-alignment=\"top\" data-color-scheme=\"light\" data-x-pos=\"left\" data-y-pos=\"bottom\" ><div class=\"slide-bg-wrap\"><div class=\"image-bg\" style=\"background-image: url(https:\/\/www.romev.de\/wp-content\/uploads\/sozialberatung.jpg);\"> &nbsp; <\/div><\/div><div class=\"container\">\n\t\t\t\t\t\t<div class=\"content\"><p class=\"transparent-bg\" ><span>Sozialberatung<\/span><\/p><\/div>\n\t\t\t\t\t\t\t\t<\/div><!--\/container--><div class=\"video-texture \"> <span class=\"ie-fix\"><\/span> <\/div><\/div> <!--\/swiper-slide--><div class=\"swiper-slide\" data-desktop-content-width=\"\" data-tablet-content-width=\"\" data-bg-alignment=\"center\" data-color-scheme=\"light\" data-x-pos=\"left\" data-y-pos=\"bottom\" ><div class=\"slide-bg-wrap\"><div class=\"image-bg\" style=\"background-image: url(https:\/\/www.romev.de\/wp-content\/uploads\/2013\/11\/dia_kita.jpg);\"> &nbsp; <\/div><\/div><div class=\"container\">\n\t\t\t\t\t\t<div class=\"content\"><p  ><span>Kindergarten<\/span><\/p><\/div>\n\t\t\t\t\t\t\t\t<\/div><!--\/container--><div class=\"video-texture \"> <span class=\"ie-fix\"><\/span> <\/div><\/div> <!--\/swiper-slide--><div class=\"swiper-slide\" data-desktop-content-width=\"\" data-tablet-content-width=\"\" data-bg-alignment=\"center\" data-color-scheme=\"light\" data-x-pos=\"left\" data-y-pos=\"bottom\" ><div class=\"slide-bg-wrap\"><div class=\"image-bg\" style=\"background-image: url(https:\/\/www.romev.de\/wp-content\/uploads\/2013\/11\/dia_nachm.jpg);\"> &nbsp; <\/div><\/div><div class=\"container\">\n\t\t\t\t\t\t<div class=\"content\"><p class=\"transparent-bg\" ><span>Nachmittagsbetreuung<\/span><\/p><\/div>\n\t\t\t\t\t\t\t\t<\/div><!--\/container--><div class=\"video-texture \"> <span class=\"ie-fix\"><\/span> <\/div><\/div> <!--\/swiper-slide--><div class=\"swiper-slide\" data-desktop-content-width=\"auto\" data-tablet-content-width=\"auto\" data-bg-alignment=\"top\" data-color-scheme=\"light\" data-x-pos=\"left\" data-y-pos=\"middle\" ><div class=\"slide-bg-wrap\"><div class=\"image-bg\" style=\"background-image: url(https:\/\/www.romev.de\/wp-content\/uploads\/Die-Sprecher_innen-des-Rom-e.V.-\u00a9-Rom-e.V-scaled.jpg);\"> &nbsp; <\/div><\/div><div class=\"video-texture \"> <span class=\"ie-fix\"><\/span> <\/div><\/div> <!--\/swiper-slide--><\/div><a href=\"#\" class=\"slider-prev\"><i class=\"icon-salient-left-arrow\"><\/i> <div class=\"slide-count\"> <span class=\"slide-current\">1<\/span> <i class=\"icon-salient-right-line\"><\/i> <span class=\"slide-total\"><\/span> <\/div> <\/a>\n\t\t\t\t\t\t<a href=\"#\" class=\"slider-next\"><i class=\"icon-salient-right-arrow\"><\/i> <div class=\"slide-count\"> <span class=\"slide-current\">1<\/span> <i class=\"icon-salient-right-line\"><\/i> <span class=\"slide-total\"><\/span> <\/div> <\/a><div class=\"container normal-container slider-pagination-wrap\"><div class=\"slider-pagination\"><\/div><\/div><div class=\"nectar-slider-loading \"> <span class=\"loading-icon none\">   <\/span> <\/div> <\/div> \n\t\t\t\t\t\n\t\t\t\t\t<\/div>[\/vc_column][\/vc_row][vc_row type=&#8220;in_container&#8220; full_screen_row_position=&#8220;middle&#8220; column_margin=&#8220;default&#8220; column_direction=&#8220;default&#8220; column_direction_tablet=&#8220;default&#8220; column_direction_phone=&#8220;default&#8220; scene_position=&#8220;center&#8220; text_color=&#8220;dark&#8220; text_align=&#8220;left&#8220; row_border_radius=&#8220;none&#8220; row_border_radius_applies=&#8220;bg&#8220; overflow=&#8220;visible&#8220; overlay_strength=&#8220;0.3&#8243; gradient_direction=&#8220;left_to_right&#8220; shape_divider_position=&#8220;bottom&#8220; bg_image_animation=&#8220;none&#8220;][vc_column column_padding=&#8220;no-extra-padding&#8220; column_padding_tablet=&#8220;inherit&#8220; column_padding_phone=&#8220;inherit&#8220; column_padding_position=&#8220;all&#8220; column_element_direction_desktop=&#8220;default&#8220; column_element_spacing=&#8220;default&#8220; desktop_text_alignment=&#8220;default&#8220; tablet_text_alignment=&#8220;default&#8220; phone_text_alignment=&#8220;default&#8220; background_color_opacity=&#8220;1&#8243; background_hover_color_opacity=&#8220;1&#8243; column_backdrop_filter=&#8220;none&#8220; column_shadow=&#8220;none&#8220; column_border_radius=&#8220;none&#8220; column_link_target=&#8220;_self&#8220; column_position=&#8220;default&#8220; gradient_direction=&#8220;left_to_right&#8220; overlay_strength=&#8220;0.3&#8243; width=&#8220;1\/1&#8243; tablet_width_inherit=&#8220;default&#8220; animation_type=&#8220;default&#8220; bg_image_animation=&#8220;none&#8220; border_type=&#8220;simple&#8220; column_border_width=&#8220;none&#8220; column_border_style=&#8220;solid&#8220;][divider line_type=&#8220;Full Width Line&#8220; line_thickness=&#8220;1&#8243; divider_color=&#8220;default&#8220;][\/vc_column][\/vc_row][vc_row type=&#8220;in_container&#8220; full_screen_row_position=&#8220;middle&#8220; column_margin=&#8220;20px&#8220; equal_height=&#8220;yes&#8220; content_placement=&#8220;middle&#8220; column_direction=&#8220;default&#8220; column_direction_tablet=&#8220;default&#8220; column_direction_phone=&#8220;default&#8220; scene_position=&#8220;center&#8220; text_color=&#8220;dark&#8220; text_align=&#8220;left&#8220; row_border_radius=&#8220;none&#8220; row_border_radius_applies=&#8220;bg&#8220; overflow=&#8220;visible&#8220; disable_element=&#8220;yes&#8220; overlay_strength=&#8220;0.3&#8243; gradient_direction=&#8220;left_to_right&#8220; shape_divider_position=&#8220;bottom&#8220; bg_image_animation=&#8220;none&#8220; shape_type=&#8220;&#8220;][vc_column column_padding=&#8220;padding-2-percent&#8220; column_padding_tablet=&#8220;inherit&#8220; column_padding_phone=&#8220;inherit&#8220; column_padding_position=&#8220;all&#8220; column_element_direction_desktop=&#8220;default&#8220; column_element_spacing=&#8220;default&#8220; desktop_text_alignment=&#8220;default&#8220; tablet_text_alignment=&#8220;default&#8220; phone_text_alignment=&#8220;default&#8220; background_color_opacity=&#8220;1&#8243; background_hover_color_opacity=&#8220;1&#8243; column_backdrop_filter=&#8220;none&#8220; column_shadow=&#8220;none&#8220; column_border_radius=&#8220;none&#8220; column_link_target=&#8220;_self&#8220; column_position=&#8220;default&#8220; gradient_direction=&#8220;left_to_right&#8220; overlay_strength=&#8220;0.3&#8243; width=&#8220;1\/3&#8243; tablet_width_inherit=&#8220;default&#8220; animation_type=&#8220;default&#8220; bg_image_animation=&#8220;none&#8220; border_type=&#8220;simple&#8220; column_border_width=&#8220;none&#8220; column_border_style=&#8220;solid&#8220;][image_with_animation image_url=&#8220;3608&#8243; image_size=&#8220;full&#8220; animation_type=&#8220;entrance&#8220; animation=&#8220;None&#8220; animation_movement_type=&#8220;transform_y&#8220; hover_animation=&#8220;none&#8220; alignment=&#8220;center&#8220; border_radius=&#8220;10px&#8220; box_shadow=&#8220;none&#8220; image_loading=&#8220;default&#8220; max_width=&#8220;100%&#8220; max_width_mobile=&#8220;default&#8220;][\/vc_column][vc_column column_padding=&#8220;no-extra-padding&#8220; column_padding_tablet=&#8220;inherit&#8220; column_padding_phone=&#8220;inherit&#8220; column_padding_position=&#8220;all&#8220; column_element_direction_desktop=&#8220;default&#8220; column_element_spacing=&#8220;default&#8220; centered_text=&#8220;true&#8220; desktop_text_alignment=&#8220;default&#8220; tablet_text_alignment=&#8220;default&#8220; phone_text_alignment=&#8220;default&#8220; background_color_opacity=&#8220;1&#8243; background_hover_color_opacity=&#8220;1&#8243; column_backdrop_filter=&#8220;none&#8220; column_shadow=&#8220;none&#8220; column_border_radius=&#8220;none&#8220; column_link_target=&#8220;_self&#8220; column_position=&#8220;default&#8220; gradient_direction=&#8220;left_to_right&#8220; overlay_strength=&#8220;0.3&#8243; width=&#8220;1\/3&#8243; tablet_width_inherit=&#8220;default&#8220; animation_type=&#8220;default&#8220; bg_image_animation=&#8220;none&#8220; border_type=&#8220;simple&#8220; column_border_width=&#8220;none&#8220; column_border_style=&#8220;solid&#8220;][image_with_animation image_url=&#8220;4036&#8243; image_size=&#8220;full&#8220; animation_type=&#8220;entrance&#8220; animation=&#8220;None&#8220; animation_movement_type=&#8220;transform_y&#8220; hover_animation=&#8220;zoom&#8220; alignment=&#8220;center&#8220; img_link_target=&#8220;_blank&#8220; border_radius=&#8220;none&#8220; box_shadow=&#8220;none&#8220; image_loading=&#8220;default&#8220; max_width=&#8220;100%&#8220; max_width_mobile=&#8220;default&#8220; img_link=&#8220;www.ki-koeln.de&#8220;][divider line_type=&#8220;No Line&#8220; custom_height=&#8220;10&#8243;][image_with_animation image_url=&#8220;4035&#8243; image_size=&#8220;full&#8220; animation_type=&#8220;entrance&#8220; animation=&#8220;Fade In&#8220; animation_easing=&#8220;default&#8220; animation_movement_type=&#8220;transform_y&#8220; hover_animation=&#8220;zoom&#8220; alignment=&#8220;center&#8220; img_link_target=&#8220;_blank&#8220; border_radius=&#8220;none&#8220; box_shadow=&#8220;none&#8220; image_loading=&#8220;default&#8220; max_width=&#8220;100%&#8220; max_width_mobile=&#8220;default&#8220; img_link=&#8220;stadt-koeln.de&#8220;][\/vc_column][vc_column column_padding=&#8220;padding-2-percent&#8220; column_padding_tablet=&#8220;inherit&#8220; column_padding_phone=&#8220;inherit&#8220; column_padding_position=&#8220;all&#8220; column_element_direction_desktop=&#8220;default&#8220; column_element_spacing=&#8220;default&#8220; desktop_text_alignment=&#8220;default&#8220; tablet_text_alignment=&#8220;default&#8220; phone_text_alignment=&#8220;default&#8220; background_color_opacity=&#8220;1&#8243; background_hover_color_opacity=&#8220;1&#8243; column_backdrop_filter=&#8220;none&#8220; column_shadow=&#8220;none&#8220; column_border_radius=&#8220;none&#8220; column_link_target=&#8220;_self&#8220; column_position=&#8220;default&#8220; gradient_direction=&#8220;left_to_right&#8220; overlay_strength=&#8220;0.3&#8243; width=&#8220;1\/3&#8243; tablet_width_inherit=&#8220;default&#8220; animation_type=&#8220;default&#8220; bg_image_animation=&#8220;none&#8220; border_type=&#8220;simple&#8220; column_border_width=&#8220;none&#8220; column_border_style=&#8220;solid&#8220;][image_with_animation image_url=&#8220;2216&#8243; image_size=&#8220;full&#8220; animation_type=&#8220;entrance&#8220; animation=&#8220;None&#8220; animation_movement_type=&#8220;transform_y&#8220; hover_animation=&#8220;zoom&#8220; alignment=&#8220;center&#8220; img_link_target=&#8220;_blank&#8220; border_radius=&#8220;none&#8220; box_shadow=&#8220;none&#8220; image_loading=&#8220;default&#8220; max_width=&#8220;100%&#8220; max_width_mobile=&#8220;default&#8220; img_link=&#8220;http:\/\/interkulturell.koeln&#8220;][\/vc_column][\/vc_row][vc_row type=&#8220;in_container&#8220; full_screen_row_position=&#8220;middle&#8220; column_margin=&#8220;default&#8220; column_direction=&#8220;default&#8220; column_direction_tablet=&#8220;default&#8220; column_direction_phone=&#8220;default&#8220; scene_position=&#8220;center&#8220; text_color=&#8220;dark&#8220; text_align=&#8220;left&#8220; row_border_radius=&#8220;none&#8220; row_border_radius_applies=&#8220;bg&#8220; overflow=&#8220;visible&#8220; disable_element=&#8220;yes&#8220; overlay_strength=&#8220;0.3&#8243; gradient_direction=&#8220;left_to_right&#8220; shape_divider_position=&#8220;bottom&#8220; bg_image_animation=&#8220;none&#8220; shape_type=&#8220;&#8220;][vc_column column_padding=&#8220;no-extra-padding&#8220; column_padding_tablet=&#8220;inherit&#8220; column_padding_phone=&#8220;inherit&#8220; column_padding_position=&#8220;all&#8220; column_element_direction_desktop=&#8220;default&#8220; column_element_spacing=&#8220;default&#8220; desktop_text_alignment=&#8220;default&#8220; tablet_text_alignment=&#8220;default&#8220; phone_text_alignment=&#8220;default&#8220; background_color_opacity=&#8220;1&#8243; background_hover_color_opacity=&#8220;1&#8243; column_backdrop_filter=&#8220;none&#8220; column_shadow=&#8220;none&#8220; column_border_radius=&#8220;none&#8220; column_link_target=&#8220;_self&#8220; column_position=&#8220;default&#8220; gradient_direction=&#8220;left_to_right&#8220; overlay_strength=&#8220;0.3&#8243; width=&#8220;1\/1&#8243; tablet_width_inherit=&#8220;default&#8220; animation_type=&#8220;default&#8220; bg_image_animation=&#8220;none&#8220; border_type=&#8220;simple&#8220; column_border_width=&#8220;none&#8220; column_border_style=&#8220;solid&#8220;]<div  data-transition=\"slide\" data-overall_style=\"classic\" data-flexible-height=\"true\" data-animate-in-effect=\"none\" data-fullscreen=\"false\" data-button-sizing=\"regular\" data-button-styling=\"btn_with_count\" data-autorotate=\"5000\" data-parallax=\"false\" data-parallax-disable-mobile=\"\" data-caption-trans=\"fade_in_from_bottom\" data-parallax-style=\"bg_only\" data-bg-animation=\"none\" data-full-width=\"false\" class=\"nectar-slider-wrap \" id=\"nectar-slider-instance-2\"><div class=\"swiper-container\"  data-tho=\"auto\" data-tco=\"auto\" data-pho=\"auto\" data-pco=\"auto\" data-loop=\"false\" data-height=\"400\" data-min-height=\"\" data-arrows=\"true\" data-bullets=\"true\" data-bullet_style=\"see_through\" data-bullet_position=\"bottom\" data-desktop-swipe=\"true\" data-settings=\"\"> <div class=\"swiper-wrapper\"><div class=\"swiper-slide\" data-desktop-content-width=\"auto\" data-tablet-content-width=\"auto\" data-bg-alignment=\"top\" data-color-scheme=\"light\" data-x-pos=\"centered\" data-y-pos=\"middle\" ><div class=\"slide-bg-wrap\"><div class=\"image-bg\" style=\"background-image: url(https:\/\/www.romev.de\/wp-content\/uploads\/Gedenken-Deportationen-1.jpg);\"> &nbsp; <\/div><\/div><div class=\"video-texture active_texture\"> <span class=\"ie-fix\"><\/span> <\/div><\/div> <!--\/swiper-slide--><div class=\"swiper-slide\" data-desktop-content-width=\"50%\" data-tablet-content-width=\"50%\" data-bg-alignment=\"center\" data-color-scheme=\"light\" data-x-pos=\"centered\" data-y-pos=\"middle\" ><div class=\"slide-bg-wrap\"><div class=\"image-bg\" style=\"background-image: url(https:\/\/www.romev.de\/wp-content\/uploads\/Gedenken-Deportationen-2.jpg);\"> &nbsp; <\/div><\/div><div class=\"video-texture \"> <span class=\"ie-fix\"><\/span> <\/div><\/div> <!--\/swiper-slide--><div class=\"swiper-slide\" data-desktop-content-width=\"50%\" data-tablet-content-width=\"50%\" data-bg-alignment=\"center\" data-color-scheme=\"light\" data-x-pos=\"left\" data-y-pos=\"middle\" ><div class=\"slide-bg-wrap\"><div class=\"image-bg\" style=\"background-image: url(https:\/\/www.romev.de\/wp-content\/uploads\/1_widerstand.jpg);\"> &nbsp; <\/div><\/div><div class=\"video-texture \"> <span class=\"ie-fix\"><\/span> <\/div><\/div> <!--\/swiper-slide--><div class=\"swiper-slide\" data-desktop-content-width=\"50%\" data-tablet-content-width=\"50%\" data-bg-alignment=\"center\" data-color-scheme=\"light\" data-x-pos=\"left\" data-y-pos=\"middle\" ><div class=\"slide-bg-wrap\"><div class=\"image-bg\" style=\"background-image: url(https:\/\/www.romev.de\/wp-content\/uploads\/2_widerstand.jpg);\"> &nbsp; <\/div><\/div><div class=\"video-texture \"> <span class=\"ie-fix\"><\/span> <\/div><\/div> <!--\/swiper-slide--><div class=\"swiper-slide\" data-desktop-content-width=\"auto\" data-tablet-content-width=\"auto\" data-bg-alignment=\"center\" data-color-scheme=\"light\" data-x-pos=\"left\" data-y-pos=\"middle\" ><div class=\"slide-bg-wrap\"><div class=\"image-bg\" style=\"background-image: url(https:\/\/www.romev.de\/wp-content\/uploads\/1_am.jpg);\"> &nbsp; <\/div><\/div><div class=\"video-texture \"> <span class=\"ie-fix\"><\/span> <\/div><\/div> <!--\/swiper-slide--><div class=\"swiper-slide\" data-desktop-content-width=\"auto\" data-tablet-content-width=\"auto\" data-bg-alignment=\"center\" data-color-scheme=\"light\" data-x-pos=\"left\" data-y-pos=\"middle\" ><div class=\"slide-bg-wrap\"><div class=\"image-bg\" style=\"background-image: url(https:\/\/www.romev.de\/wp-content\/uploads\/2_am.jpg);\"> &nbsp; <\/div><\/div><div class=\"video-texture \"> <span class=\"ie-fix\"><\/span> <\/div><\/div> <!--\/swiper-slide--><div class=\"swiper-slide\" data-desktop-content-width=\"auto\" data-tablet-content-width=\"auto\" data-bg-alignment=\"center\" data-color-scheme=\"light\" data-x-pos=\"left\" data-y-pos=\"middle\" ><div class=\"slide-bg-wrap\"><div class=\"image-bg\" style=\"background-image: url(https:\/\/www.romev.de\/wp-content\/uploads\/3_am.jpg);\"> &nbsp; <\/div><\/div><div class=\"video-texture \"> <span class=\"ie-fix\"><\/span> <\/div><\/div> <!--\/swiper-slide--><div class=\"swiper-slide\" data-desktop-content-width=\"auto\" data-tablet-content-width=\"auto\" data-bg-alignment=\"center\" data-color-scheme=\"light\" data-x-pos=\"left\" data-y-pos=\"middle\" ><div class=\"slide-bg-wrap\"><div class=\"image-bg\" style=\"background-image: url(https:\/\/www.romev.de\/wp-content\/uploads\/1_cs.jpg);\"> &nbsp; <\/div><\/div><div class=\"video-texture \"> <span class=\"ie-fix\"><\/span> <\/div><\/div> <!--\/swiper-slide--><div class=\"swiper-slide\" data-desktop-content-width=\"auto\" data-tablet-content-width=\"auto\" data-bg-alignment=\"center\" data-color-scheme=\"light\" data-x-pos=\"left\" data-y-pos=\"middle\" ><div class=\"slide-bg-wrap\"><div class=\"image-bg\" style=\"background-image: url(https:\/\/www.romev.de\/wp-content\/uploads\/2_cs.jpg);\"> &nbsp; <\/div><\/div><div class=\"video-texture \"> <span class=\"ie-fix\"><\/span> <\/div><\/div> <!--\/swiper-slide--><div class=\"swiper-slide\" data-desktop-content-width=\"auto\" data-tablet-content-width=\"auto\" data-bg-alignment=\"center\" data-color-scheme=\"light\" data-x-pos=\"left\" data-y-pos=\"middle\" ><div class=\"slide-bg-wrap\"><div class=\"image-bg\" style=\"background-image: url(https:\/\/www.romev.de\/wp-content\/uploads\/3_cs.jpg);\"> &nbsp; <\/div><\/div><div class=\"video-texture \"> <span class=\"ie-fix\"><\/span> <\/div><\/div> <!--\/swiper-slide--><div class=\"swiper-slide\" data-desktop-content-width=\"auto\" data-tablet-content-width=\"auto\" data-bg-alignment=\"center\" data-color-scheme=\"light\" data-x-pos=\"left\" data-y-pos=\"middle\" ><div class=\"slide-bg-wrap\"><div class=\"image-bg\" style=\"background-image: url(https:\/\/www.romev.de\/wp-content\/uploads\/1_kgj.jpg);\"> &nbsp; <\/div><\/div><div class=\"video-texture \"> <span class=\"ie-fix\"><\/span> <\/div><\/div> <!--\/swiper-slide--><div class=\"swiper-slide\" data-desktop-content-width=\"auto\" data-tablet-content-width=\"auto\" data-bg-alignment=\"center\" data-color-scheme=\"light\" data-x-pos=\"left\" data-y-pos=\"middle\" ><div class=\"slide-bg-wrap\"><div class=\"image-bg\" style=\"background-image: url(https:\/\/www.romev.de\/wp-content\/uploads\/2_kgj.jpg);\"> &nbsp; <\/div><\/div><div class=\"video-texture \"> <span class=\"ie-fix\"><\/span> <\/div><\/div> <!--\/swiper-slide--><div class=\"swiper-slide\" data-desktop-content-width=\"auto\" data-tablet-content-width=\"auto\" data-bg-alignment=\"center\" data-color-scheme=\"light\" data-x-pos=\"left\" data-y-pos=\"middle\" ><div class=\"slide-bg-wrap\"><div class=\"image-bg\" style=\"background-image: url(https:\/\/www.romev.de\/wp-content\/uploads\/3_kgj.jpg);\"> &nbsp; <\/div><\/div><div class=\"video-texture \"> <span class=\"ie-fix\"><\/span> <\/div><\/div> <!--\/swiper-slide--><\/div><a href=\"#\" class=\"slider-prev\"><i class=\"icon-salient-left-arrow\"><\/i> <div class=\"slide-count\"> <span class=\"slide-current\">1<\/span> <i class=\"icon-salient-right-line\"><\/i> <span class=\"slide-total\"><\/span> <\/div> <\/a>\n\t\t\t\t\t\t<a href=\"#\" class=\"slider-next\"><i class=\"icon-salient-right-arrow\"><\/i> <div class=\"slide-count\"> <span class=\"slide-current\">1<\/span> <i class=\"icon-salient-right-line\"><\/i> <span class=\"slide-total\"><\/span> <\/div> <\/a><div class=\"container normal-container slider-pagination-wrap\"><div class=\"slider-pagination\"><\/div><\/div><div class=\"nectar-slider-loading \"> <span class=\"loading-icon none\">   <\/span> <\/div> <\/div> \n\t\t\t\t\t\n\t\t\t\t\t<\/div>[\/vc_column][\/vc_row]\n","protected":false},"excerpt":{"rendered":"<p>[vc_row type=&#8220;in_container&#8220; full_screen_row_position=&#8220;middle&#8220; column_margin=&#8220;default&#8220; column_direction=&#8220;default&#8220; column_direction_tablet=&#8220;default&#8220; column_direction_phone=&#8220;default&#8220; scene_position=&#8220;center&#8220; text_color=&#8220;dark&#8220; text_align=&#8220;left&#8220; row_border_radius=&#8220;none&#8220; row_border_radius_applies=&#8220;bg&#8220; overflow=&#8220;visible&#8220; overlay_strength=&#8220;0.3&#8243; gradient_direction=&#8220;left_to_right&#8220; shape_divider_position=&#8220;bottom&#8220; bg_image_animation=&#8220;none&#8220;][vc_column column_padding=&#8220;no-extra-padding&#8220; column_padding_tablet=&#8220;inherit&#8220; column_padding_phone=&#8220;inherit&#8220; column_padding_position=&#8220;all&#8220; column_element_direction_desktop=&#8220;default&#8220; column_element_spacing=&#8220;default&#8220; desktop_text_alignment=&#8220;default&#8220; tablet_text_alignment=&#8220;default&#8220; phone_text_alignment=&#8220;default&#8220; background_color_opacity=&#8220;1&#8243; background_hover_color_opacity=&#8220;1&#8243; column_backdrop_filter=&#8220;none&#8220; column_shadow=&#8220;none&#8220;&#8230;<\/p>\n","protected":false},"author":1965,"featured_media":0,"parent":0,"menu_order":0,"comment_status":"closed","ping_status":"closed","template":"page-sidebar.php","meta":{"footnotes":""},"class_list":["post-2018","page","type-page","status-publish"],"_links":{"self":[{"href":"https:\/\/www.romev.de\/index.php?rest_route=\/wp\/v2\/pages\/2018","targetHints":{"allow":["GET"]}}],"collection":[{"href":"https:\/\/www.romev.de\/index.php?rest_route=\/wp\/v2\/pages"}],"about":[{"href":"https:\/\/www.romev.de\/index.php?rest_route=\/wp\/v2\/types\/page"}],"author":[{"embeddable":true,"href":"https:\/\/www.romev.de\/index.php?rest_route=\/wp\/v2\/users\/1965"}],"replies":[{"embeddable":true,"href":"https:\/\/www.romev.de\/index.php?rest_route=%2Fwp%2Fv2%2Fcomments&post=2018"}],"version-history":[{"count":484,"href":"https:\/\/www.romev.de\/index.php?rest_route=\/wp\/v2\/pages\/2018\/revisions"}],"predecessor-version":[{"id":6279,"href":"https:\/\/www.romev.de\/index.php?rest_route=\/wp\/v2\/pages\/2018\/revisions\/6279"}],"wp:attachment":[{"href":"https:\/\/www.romev.de\/index.php?rest_route=%2Fwp%2Fv2%2Fmedia&parent=2018"}],"curies":[{"name":"wp","href":"https:\/\/api.w.org\/{rel}","templated":true}]}}