{"id":2604,"date":"2017-02-02T23:17:02","date_gmt":"2017-02-02T22:17:02","guid":{"rendered":"http:\/\/www.romev.de\/?page_id=2604"},"modified":"2026-04-23T21:58:28","modified_gmt":"2026-04-23T20:58:28","slug":"sozialpaedagoginsozialarbeiterin","status":"publish","type":"page","link":"https:\/\/www.romev.de\/?page_id=2604","title":{"rendered":"Stellenangebote"},"content":{"rendered":"[vc_row type=&#8220;in_container&#8220; full_screen_row_position=&#8220;middle&#8220; column_margin=&#8220;default&#8220; column_direction=&#8220;default&#8220; column_direction_tablet=&#8220;default&#8220; column_direction_phone=&#8220;default&#8220; scene_position=&#8220;center&#8220; text_color=&#8220;dark&#8220; text_align=&#8220;left&#8220; row_border_radius=&#8220;none&#8220; row_border_radius_applies=&#8220;bg&#8220; overflow=&#8220;visible&#8220; overlay_strength=&#8220;0.3&#8243; gradient_direction=&#8220;left_to_right&#8220; shape_divider_position=&#8220;bottom&#8220; bg_image_animation=&#8220;none&#8220;][vc_column column_padding=&#8220;no-extra-padding&#8220; column_padding_tablet=&#8220;inherit&#8220; column_padding_phone=&#8220;inherit&#8220; column_padding_position=&#8220;all&#8220; column_element_direction_desktop=&#8220;default&#8220; column_element_spacing=&#8220;default&#8220; desktop_text_alignment=&#8220;default&#8220; tablet_text_alignment=&#8220;default&#8220; phone_text_alignment=&#8220;default&#8220; background_color_opacity=&#8220;1&#8243; background_hover_color_opacity=&#8220;1&#8243; column_backdrop_filter=&#8220;none&#8220; column_shadow=&#8220;none&#8220; column_border_radius=&#8220;none&#8220; column_link_target=&#8220;_self&#8220; column_position=&#8220;default&#8220; gradient_direction=&#8220;left_to_right&#8220; overlay_strength=&#8220;0.3&#8243; width=&#8220;1\/1&#8243; tablet_width_inherit=&#8220;default&#8220; animation_type=&#8220;default&#8220; bg_image_animation=&#8220;none&#8220; border_type=&#8220;simple&#8220; column_border_width=&#8220;none&#8220; column_border_style=&#8220;solid&#8220;][vc_row_inner column_margin=&#8220;default&#8220; column_direction=&#8220;default&#8220; column_direction_tablet=&#8220;default&#8220; column_direction_phone=&#8220;default&#8220; text_align=&#8220;left&#8220; row_position=&#8220;default&#8220; row_position_tablet=&#8220;inherit&#8220; row_position_phone=&#8220;inherit&#8220; overflow=&#8220;visible&#8220; pointer_events=&#8220;all&#8220;][vc_column_inner column_padding=&#8220;no-extra-padding&#8220; column_padding_tablet=&#8220;inherit&#8220; column_padding_phone=&#8220;inherit&#8220; column_padding_position=&#8220;all&#8220; bottom_margin=&#8220;20&#8243; column_element_direction_desktop=&#8220;default&#8220; column_element_spacing=&#8220;default&#8220; desktop_text_alignment=&#8220;default&#8220; tablet_text_alignment=&#8220;default&#8220; phone_text_alignment=&#8220;default&#8220; background_color_opacity=&#8220;1&#8243; background_hover_color_opacity=&#8220;1&#8243; column_backdrop_filter=&#8220;none&#8220; column_shadow=&#8220;none&#8220; column_border_radius=&#8220;none&#8220; column_link_target=&#8220;_self&#8220; overflow=&#8220;visible&#8220; gradient_direction=&#8220;left_to_right&#8220; overlay_strength=&#8220;0.3&#8243; width=&#8220;1\/1&#8243; tablet_width_inherit=&#8220;default&#8220; animation_type=&#8220;default&#8220; bg_image_animation=&#8220;none&#8220; border_type=&#8220;simple&#8220; column_border_width=&#8220;none&#8220; column_border_style=&#8220;solid&#8220; column_padding_type=&#8220;default&#8220; gradient_type=&#8220;default&#8220;][vc_column_text]\n<h1>\u00ad\u00adSozialarbeiter\/in (m\/w\/d) \u2013 Hilfe zur Erziehung<\/h1>\n<p>&nbsp;<\/p>\n<p>F\u00fcr unseren <strong>ambulanten Bereich der Hilfen zur Erziehung<\/strong> (\u00a7\u00a7 27 und 31 SGB VIII) suchen wir zum n\u00e4chstm\u00f6glichen Zeitpunkt engagierte Verst\u00e4rkung (m\/w\/d) f\u00fcr unser Team mit einer Wochenarbeitszeit von 39 Stunden. Wir arbeiten vorwiegend mit aus Osteuropa zugewanderten Familien und deren Kinder aus den Roma-Communities.<\/p>\n<p>Der seit mehr als 30 Jahren bestehende gemeinn\u00fctzige Verein Rom e.V. ist eine Roma-Selbstorganisation, der f\u00fcr Menschen- und B\u00fcrgerrechte von Rom:nja und Sinti:ze eintritt. Wir treten aktiv dem Rassismus und Antiziganismus durch Information und Aufkl\u00e4rung entgegen. Der Verein ist ein Interkulturelles Zentrum in der K\u00f6lner Innenstadt, unterh\u00e4lt eine Sozial-, Gefl\u00fcchteten- und Integrationsberatungsstelle und eine Integrationsagentur, betreibt eine KiTa und Familienzentrum, die p\u00e4dagogischen Projekte \u201eAmaro Kher\u201c, \u201eAmen Ushta\u201c und \u201eAngle Dikhas\u201c sowie \u201eRomBuK\u201c (Bildung und Kultur im Rom e.V.).<\/p>\n<p>Wir sind Mitglied im Parit\u00e4tischen Wohlfahrtsverband.<\/p>\n<p><strong>Ihre Aufgaben:<\/strong><\/p>\n<ul>\n<li>Betreuung und Begleitung der Familien in ihren Erziehungsaufgaben (sozialp\u00e4dagogische Familienhilfe SPFH)<\/li>\n<li>Hilfe bei der Bew\u00e4ltigung von Alltagsproblemen<\/li>\n<li>Hilfe in \u00e4rztlichen und b\u00fcrokratischen Angelegenheiten<\/li>\n<li>L\u00f6sung von Konflikten und Krisen<\/li>\n<li>Bew\u00e4ltigung von Entwicklungsproblemen<\/li>\n<li>F\u00f6rderung der Verselbstst\u00e4ndigung<\/li>\n<\/ul>\n<p><strong>Sie bringen mit:<\/strong><\/p>\n<ul>\n<li>Abgeschlossenes Studium in Soziale Arbeit, Sozialp\u00e4dagogik oder einer vergleichbaren Fachrichtung (BA\/MA)<\/li>\n<li>Motivation und Geduld<\/li>\n<li>Empathie (N\u00e4he und Distanz) und Kommunikationsst\u00e4rke<\/li>\n<li>Wertsch\u00e4tzende, nicht verurteilende Haltung<\/li>\n<li>Flexibilit\u00e4t und Teamf\u00e4higkeit<\/li>\n<li>Belastbarkeit und Selbstf\u00fcrsorge<\/li>\n<li>gutes Reflexionsverm\u00f6gen und strukturiertes Arbeiten<\/li>\n<li>Berufserfahrung w\u00fcnschenswert<\/li>\n<li>Grundkenntnisse \u00fcber die Geschichte\/Situation von Rom:nja und Sinti:ze w\u00fcnschenswert<\/li>\n<li>Sprachkenntnisse insbesondere in Romanes und\/oder Kroatisch\/Bosnisch\/Serbisch (bzw. und\/oder anderer im Westbalkan gesprochenen Sprachen) sind von Vorteil<\/li>\n<\/ul>\n<p><strong>Wir bieten:<\/strong><\/p>\n<ul>\n<li>abwechslungsreiche T\u00e4tigkeit<\/li>\n<li>Faire Verg\u00fctung<\/li>\n<li>multiprofessionelles Team<\/li>\n<li>Wochenarbeitszeit 39 Stunden<\/li>\n<li>30 Tage Urlaub (5 Tage Woche)<\/li>\n<li>Supervision und Fortbildung<\/li>\n<li>verkehrsg\u00fcnstige Lage<\/li>\n<\/ul>\n<p>Wir sch\u00e4tzen Vielfalt und begr\u00fc\u00dfen daher alle geeigneten Bewerbungen, unabh\u00e4ngig von Geschlecht, Nationalit\u00e4t, ethnischer und sozialer Herkunft, Religion oder Weltanschauung, Behinderung, Alter sowie sexueller Orientierung und Identit\u00e4t.<\/p>\n<p>Schriftliche Bewerbungen an Rom e.V., Marion Kr\u00e4mer, Venloer Wall 17, 50672 K\u00f6ln. Bei einer Bewerbung per Mail bitte alle Unterlagen in <strong>EINEM <\/strong>Dokument einreichen (m\u00f6glichst pdf).<\/p>\n<p>&nbsp;<\/p>\n<p><a name=\"b-referent\"><\/a><\/p>\n<hr style=\"border-top: 1px dotted #ccc;\" \/>\n[\/vc_column_text][\/vc_column_inner][\/vc_row_inner][vc_column_text]\n<h1><strong>Wissenschaftliche:r Mitarbeiter:in \u00a0(m\/w\/d) &#8211; Bibliothekar:in, Dokumentar:in, Archivar:in, Historiker:in oder vergleichbare Qualifikation &#8211; in Teilzeit (32 Wochenstunden) ab sofort <\/strong><\/h1>\n<p><strong>\u00a0<\/strong><\/p>\n<p>F\u00fcr den Bereich RomBuK (Bildung und Kultur im Rom e.V.) in unserem Archiv und Dokumentationszentrum in K\u00f6ln suchen wir <strong>ab sofort eine: wissenschaftliche:n Mitarbeiter:in<\/strong> (<strong>m\/w\/d) <\/strong>mit einer Wochenarbeitszeit 32 Stunden.<strong>\u00a0<\/strong><\/p>\n<p>Der Rom e.V. ist eine Roma-Selbstorganisation f\u00fcr Teilhabe, Bildung und Kultur und seit \u00fcber 30 Jahren t\u00e4tig. Ziel ist die umfassende gesellschaftliche Teilhabe von Rom:nja und Sinti:ze. Neben dem Archiv und Dokumentationszentrum zu den Geschichten und Kulturen der Rom:nja betreiben wir eine Sozial-, Gefl\u00fcchteten- und Integrationsberatungsstelle, eine Integrationsagentur, eine KiTa mit Familienzentrum und mehrere p\u00e4dagogische Projekte. Zentrale Bausteine von RomBuK sind neben der Fachbibliothek, dem Archiv und Dokumentationszentrum die Bek\u00e4mpfung des Rassismus gegen Rom:nja und Sinti:ze\u00a0 und die Unterst\u00fctzung und F\u00f6rderung von gesellschaftlicher und politischer Teilhabe der Communities.<\/p>\n<p><strong>Der T\u00e4tigkeitsbereich:<\/strong><\/p>\n<ul>\n<li>archivarische Aufarbeitung und Archivierung von Personennachl\u00e4ssen (Schwerpunkt Antiziganismus):<\/li>\n<\/ul>\n<ul>\n<li style=\"list-style-type: none;\">\n<ul>\n<li>Erfassung in Datenbank<\/li>\n<li>archivgerechte Aufbereitung der Dokumente<\/li>\n<\/ul>\n<\/li>\n<li>Unterst\u00fctzung bei Revision der Bibliothekssammlung und logistisch\/organisatorische Unterst\u00fctzung bei Neugestaltung der Bibliothek<\/li>\n<li>Unterst\u00fctzung von Organisation und Umsetzung der Neu-Pr\u00e4sentation des Archivs (\u00d6ffentlichkeitsarbeit, Kuration &amp; Recherche f\u00fcr Ausstellung)<strong>\u00a0<\/strong><\/li>\n<\/ul>\n<p><strong>Voraussetzungen:<\/strong><\/p>\n<ul>\n<li>ein abgeschlossenes Studium der Archivwissenschaften oder alternativ ein vergleichbarer Studiengang mit Archivbezug (zum Beispiel Geschichtswissenschaften)<\/li>\n<\/ul>\n<ul>\n<li>Erfahrung mit Archivarbeit (Arbeit mit Datenbanken, Erfassung und Recherche) und Kenntnisse zum praktischen Archivieren (S\u00e4uberung, Erfassung, Lagerung))<\/li>\n<li>Rassismuskritische Ausrichtung, Auseinandersetzung mit Antiziganismus\/Rassismus gegen Rom:nja und Sinti:ze ist w\u00fcnschenswert<\/li>\n<li>spezifisches Wissen zur Geschichte und Gegenwart von Rom:nja und Sinti:ze in Deutschland\/K\u00f6ln ist von Vorteil<\/li>\n<\/ul>\n<ul>\n<li>Teamf\u00e4higkeit, auch in der Zusammenarbeit mit Ehrenamtlichen<\/li>\n<li>F\u00e4higkeit zum strukturierten und eigenverantwortlichen Arbeiten<strong>\u00a0<\/strong><\/li>\n<\/ul>\n<p><strong>Wir bieten:<\/strong><\/p>\n<ul>\n<li>Abwechslungsreiche T\u00e4tigkeit in einem multiprofessionellem Team<\/li>\n<li>Fortbildung und Supervision<\/li>\n<li>Faire Verg\u00fctung und Jobticket<\/li>\n<li>Wochenarbeitszeit 32 Stunden<\/li>\n<li>Zentrale Lage mit guter Verkehrsanbindung<\/li>\n<\/ul>\n<p>Die Stelle ist <strong>bis zum 31.12.2026 befristet<\/strong>. Wir sch\u00e4tzen Vielfalt und begr\u00fc\u00dfen daher alle geeigneten Bewerbungen, unabh\u00e4ngig von Geschlecht, Nationalit\u00e4t, ethnischer und sozialer Herkunft, Religion oder Weltanschauung, Behinderung, Alter sowie sexueller Orientierung und Identit\u00e4t. Wir laden besonders BIPoC, LGBTIQA* und sonst mehrfachdiskriminierte Menschen dazu ein, sich zu bewerben.<\/p>\n<p>Schriftliche Bewerbungen bitte an Rom e.V., Marion Kr\u00e4mer, Venloer Wall 17, 50672 K\u00f6ln oder marion.kraemer@romev.de, Tel. 0221\/2786075. Bei einer Bewerbung per Mail bitte alle Unterlagen in <strong>EINEM <\/strong>Dokument einreichen (m\u00f6glichst pdf).[\/vc_column_text][\/vc_column][\/vc_row][vc_row type=&#8220;in_container&#8220; full_screen_row_position=&#8220;middle&#8220; column_margin=&#8220;default&#8220; column_direction=&#8220;default&#8220; column_direction_tablet=&#8220;default&#8220; column_direction_phone=&#8220;default&#8220; scene_position=&#8220;center&#8220; text_color=&#8220;dark&#8220; text_align=&#8220;left&#8220; row_border_radius=&#8220;none&#8220; row_border_radius_applies=&#8220;bg&#8220; overflow=&#8220;visible&#8220; disable_element=&#8220;yes&#8220; overlay_strength=&#8220;0.3&#8243; gradient_direction=&#8220;left_to_right&#8220; shape_divider_position=&#8220;bottom&#8220; bg_image_animation=&#8220;none&#8220; gradient_type=&#8220;default&#8220; shape_type=&#8220;&#8220;][vc_column column_padding=&#8220;no-extra-padding&#8220; column_padding_tablet=&#8220;inherit&#8220; column_padding_phone=&#8220;inherit&#8220; column_padding_position=&#8220;all&#8220; column_element_direction_desktop=&#8220;default&#8220; column_element_spacing=&#8220;default&#8220; desktop_text_alignment=&#8220;default&#8220; tablet_text_alignment=&#8220;default&#8220; phone_text_alignment=&#8220;default&#8220; background_color_opacity=&#8220;1&#8243; background_hover_color_opacity=&#8220;1&#8243; column_backdrop_filter=&#8220;none&#8220; column_shadow=&#8220;none&#8220; column_border_radius=&#8220;none&#8220; column_link_target=&#8220;_self&#8220; column_position=&#8220;default&#8220; gradient_direction=&#8220;left_to_right&#8220; overlay_strength=&#8220;0.3&#8243; width=&#8220;1\/1&#8243; tablet_width_inherit=&#8220;default&#8220; animation_type=&#8220;default&#8220; bg_image_animation=&#8220;none&#8220; border_type=&#8220;simple&#8220; column_border_width=&#8220;none&#8220; column_border_style=&#8220;solid&#8220;][vc_column_text]Momentan haben wir keine offenen Stellen zu besetzen.[\/vc_column_text][\/vc_column][vc_column column_padding=&#8220;no-extra-padding&#8220; column_padding_tablet=&#8220;inherit&#8220; column_padding_phone=&#8220;inherit&#8220; column_padding_position=&#8220;all&#8220; column_element_direction_desktop=&#8220;default&#8220; column_element_spacing=&#8220;default&#8220; desktop_text_alignment=&#8220;default&#8220; tablet_text_alignment=&#8220;default&#8220; phone_text_alignment=&#8220;default&#8220; background_color_opacity=&#8220;1&#8243; background_hover_color_opacity=&#8220;1&#8243; column_backdrop_filter=&#8220;none&#8220; column_shadow=&#8220;none&#8220; column_border_radius=&#8220;none&#8220; column_link_target=&#8220;_self&#8220; column_position=&#8220;default&#8220; gradient_direction=&#8220;left_to_right&#8220; overlay_strength=&#8220;0.3&#8243; width=&#8220;1\/1&#8243; tablet_width_inherit=&#8220;default&#8220; animation_type=&#8220;default&#8220; bg_image_animation=&#8220;none&#8220; border_type=&#8220;simple&#8220; column_border_width=&#8220;none&#8220; column_border_style=&#8220;solid&#8220;][\/vc_column][\/vc_row][vc_row type=&#8220;in_container&#8220; full_screen_row_position=&#8220;middle&#8220; column_margin=&#8220;default&#8220; column_direction=&#8220;default&#8220; column_direction_tablet=&#8220;default&#8220; column_direction_phone=&#8220;default&#8220; scene_position=&#8220;center&#8220; text_color=&#8220;dark&#8220; text_align=&#8220;left&#8220; row_border_radius=&#8220;none&#8220; row_border_radius_applies=&#8220;bg&#8220; overflow=&#8220;visible&#8220; disable_element=&#8220;yes&#8220; overlay_strength=&#8220;0.3&#8243; gradient_direction=&#8220;left_to_right&#8220; shape_divider_position=&#8220;bottom&#8220; bg_image_animation=&#8220;none&#8220; gradient_type=&#8220;default&#8220; shape_type=&#8220;&#8220;][vc_column column_padding=&#8220;no-extra-padding&#8220; column_padding_tablet=&#8220;inherit&#8220; column_padding_phone=&#8220;inherit&#8220; column_padding_position=&#8220;all&#8220; column_element_direction_desktop=&#8220;default&#8220; column_element_spacing=&#8220;default&#8220; desktop_text_alignment=&#8220;default&#8220; tablet_text_alignment=&#8220;default&#8220; phone_text_alignment=&#8220;default&#8220; background_color_opacity=&#8220;1&#8243; background_hover_color_opacity=&#8220;1&#8243; column_backdrop_filter=&#8220;none&#8220; column_shadow=&#8220;none&#8220; column_border_radius=&#8220;none&#8220; column_link_target=&#8220;_self&#8220; column_position=&#8220;default&#8220; gradient_direction=&#8220;left_to_right&#8220; overlay_strength=&#8220;0.3&#8243; width=&#8220;1\/1&#8243; tablet_width_inherit=&#8220;default&#8220; animation_type=&#8220;default&#8220; bg_image_animation=&#8220;none&#8220; border_type=&#8220;simple&#8220; column_border_width=&#8220;none&#8220; column_border_style=&#8220;solid&#8220;][vc_row_inner column_margin=&#8220;default&#8220; column_direction=&#8220;default&#8220; column_direction_tablet=&#8220;default&#8220; column_direction_phone=&#8220;default&#8220; text_align=&#8220;left&#8220; row_position=&#8220;default&#8220; row_position_tablet=&#8220;inherit&#8220; row_position_phone=&#8220;inherit&#8220; overflow=&#8220;visible&#8220; pointer_events=&#8220;all&#8220;][vc_column_inner column_padding=&#8220;no-extra-padding&#8220; column_padding_tablet=&#8220;inherit&#8220; column_padding_phone=&#8220;inherit&#8220; column_padding_position=&#8220;all&#8220; column_element_direction_desktop=&#8220;default&#8220; column_element_spacing=&#8220;default&#8220; desktop_text_alignment=&#8220;default&#8220; tablet_text_alignment=&#8220;default&#8220; phone_text_alignment=&#8220;default&#8220; background_color_opacity=&#8220;1&#8243; background_hover_color_opacity=&#8220;1&#8243; column_backdrop_filter=&#8220;none&#8220; column_shadow=&#8220;none&#8220; column_border_radius=&#8220;none&#8220; column_link_target=&#8220;_self&#8220; overflow=&#8220;visible&#8220; gradient_direction=&#8220;left_to_right&#8220; overlay_strength=&#8220;0.3&#8243; width=&#8220;1\/1&#8243; tablet_width_inherit=&#8220;default&#8220; animation_type=&#8220;default&#8220; bg_image_animation=&#8220;none&#8220; border_type=&#8220;simple&#8220; column_border_width=&#8220;none&#8220; column_border_style=&#8220;solid&#8220;][\/vc_column_inner][\/vc_row_inner][vc_column_text]\n<h1>Sozialarbeiter\/Sozialp\u00e4dagoge (m\/w\/d) in unserer Sozial,- Gefl\u00fcchteten &#8211; und Integrationsberatung (Vollzeit), ab sofort<\/h1>\n<p>&nbsp;<\/p>\n<p>Zur Vervollst\u00e4ndigung unseres Teams in der Sozial,- Gefl\u00fcchteten und Integrationsberatungsstelle ist ab sofort die <strong>Stelle eines <\/strong><strong>Sozialp\u00e4dagogen\/Sozialarbeiters (m\/w\/d)<\/strong> \u00a0mit 39 Wochenstunden (Vollzeit) zu besetzen.<\/p>\n<p>Der Rom e.V. arbeitet seit \u00fcber 30 Jahren als interkultureller, gemeinn\u00fctziger Verein f\u00fcr die Verst\u00e4ndigung von Rom:nja\/Sinti:zze und der Mehrheitsgesellschaft. Ziel ist die umfassende Teilhabe von Rom:nja und Sinti:ze. Neben dem Archiv und Dokumentationszentrum zu den Geschichten und Kulturen der Rom:nja betreiben wir eine KiTa mit Familienzentrum und mehrere p\u00e4dagogische Projekte sowie eine Sozial-, Gefl\u00fcchteten- und Integrationsberatungsstelle. Diese bietet mit verschiedenen Programmen Unterst\u00fctzung und Begleitung von Rom:nja aus Zuwanderer- und Fl\u00fcchtlingsfamilien. Zudem sind wir ein Interkulturelles Zentrum.<\/p>\n<p>Dar\u00fcber hinaus betreiben wir eine Integrationsagentur im Rahmen des NRW Programms Integrationsagenturen (<a href=\"https:\/\/www.mkjfgfi.nrw\/integrationsagenturen\">Infos des Landesministeriums<\/a>). Unsere Integrationsagentur arbeitet strukturell eng mit der Beratungsstelle zusammen.<\/p>\n<p><strong>Aufgaben: <\/strong><\/p>\n<ul>\n<li>Leitung der Integrationsagentur mit Teilnahme an verschiedenen Arbeitskreisen\/Gremien im Arbeitsbereich \u201eGefl\u00fcchtetenpolitik in K\u00f6ln\u201c<\/li>\n<li>Koordination der Arbeiten des multikulturellen Teams der Beratungsstelle mit derzeit 10 Personen, das in Projekten mit unterschiedlichen Beratungsschwerpunkten arbeitet<\/li>\n<li>Kooperation mit Beh\u00f6rden\/Institutionen<\/li>\n<li>Falldokumentationen und Verfassen von Sachberichten<\/li>\n<li>Verfolgung der fl\u00fcchtlingspolitischen Diskussionen<\/li>\n<li>Kooperation innerhalb des Vereins und Vernetzung mit anderen Einrichtungen<\/li>\n<li>In Einzelf\u00e4llen Beratung und Begleitung von Familien und Einzelpersonen nach Terminvereinbarung<\/li>\n<\/ul>\n<p><strong>Voraussetzungen: <\/strong><\/p>\n<ul>\n<li>Hochschulabschluss im sozialen Bereich (zwingend erforderlich)<\/li>\n<li>Erfahrung in leitenden Funktionen<\/li>\n<li>Erfahrung in aktiver Arbeit mit Gefl\u00fcchteten\/Zuwanderern<\/li>\n<li>Gute Rechtskenntnisse in SGB II und XII und im Aufenthaltsgesetz<\/li>\n<li>teamorientiertes, strukturiertes Arbeiten<\/li>\n<li>interkulturelle Sensibilit\u00e4t und Belastbarkeit<\/li>\n<li>Bereitschaft zu selbst\u00e4ndiger, kultursensibler, eigenverantwortlicher, kooperativer Arbeit im Sinne unseres Leitbildes<\/li>\n<li>Grundkenntnisse \u00fcber die Geschichte und Situation von Rom:nja und Sinti:zze<\/li>\n<li>Sprachkenntnisse insbesondere in Romanes und\/oder Kroatisch\/Bosnisch\/Serbisch (bzw. und\/oder anderer im Westbalkan gesprochenen Sprachen) sind von Vorteil<\/li>\n<\/ul>\n<p>Diese Stelle ist nicht f\u00fcr Berufsanf\u00e4nger:innen geeignet.<\/p>\n<p><strong>\u00a0<\/strong><\/p>\n<p><strong>Wir bieten: <\/strong><\/p>\n<ul>\n<li>abwechslungsreiche T\u00e4tigkeit in einem multiprofessionellem, engagiertem Team<\/li>\n<li>Fortbildung und Supervision<\/li>\n<li>Faire Verg\u00fctung und Deutschlandticket<\/li>\n<li>Befristetes Anstellungsangebot bis 31.12.2025 mit der Aussicht auf Verl\u00e4ngerung<\/li>\n<li>Wochenarbeitszeit 39 Stunden<\/li>\n<li>Zentrale Lage mit guter Verkehrsanbindung<\/li>\n<\/ul>\n<p>&nbsp;<\/p>\n<p>Wir sch\u00e4tzen Vielfalt und begr\u00fc\u00dfen daher alle geeigneten Bewerbungen, unabh\u00e4ngig von Geschlecht, Nationalit\u00e4t, ethnischer und sozialer Herkunft, Religion oder Weltanschauung, Behinderung, Alter sowie sexueller Orientierung und Identit\u00e4t. Bewerbungen von Menschen mit internationaler Familiengeschichte sind ausdr\u00fccklich erw\u00fcnscht.<\/p>\n<p>&nbsp;<\/p>\n<p>Schriftliche Bewerbungen bitte an Rom e.V., Marion Kr\u00e4mer, Venloer Wall 17, 50672 K\u00f6ln oder marion.kraemer@romev.de, Tel. 0221\/2786075. Bei einer Bewerbung per Mail bitte alle Unterlagen in <strong>EINEM <\/strong>Dokument einreichen (m\u00f6glichst pdf).<\/p>\n<p><a href=\"https:\/\/www.romev.de\/\">https:\/\/www.romev.de\/<\/a><\/p>\n<p>&nbsp;<\/p>\n<p>&nbsp;<\/p>\n<hr \/>\n[\/vc_column_text][\/vc_column][\/vc_row][vc_row type=&#8220;in_container&#8220; full_screen_row_position=&#8220;middle&#8220; column_margin=&#8220;default&#8220; column_direction=&#8220;default&#8220; column_direction_tablet=&#8220;default&#8220; column_direction_phone=&#8220;default&#8220; scene_position=&#8220;center&#8220; text_color=&#8220;dark&#8220; text_align=&#8220;left&#8220; row_border_radius=&#8220;none&#8220; row_border_radius_applies=&#8220;bg&#8220; overflow=&#8220;visible&#8220; overlay_strength=&#8220;0.3&#8243; gradient_direction=&#8220;left_to_right&#8220; shape_divider_position=&#8220;bottom&#8220; bg_image_animation=&#8220;none&#8220;][vc_column column_padding=&#8220;no-extra-padding&#8220; column_padding_tablet=&#8220;inherit&#8220; column_padding_phone=&#8220;inherit&#8220; column_padding_position=&#8220;all&#8220; column_element_direction_desktop=&#8220;default&#8220; column_element_spacing=&#8220;default&#8220; desktop_text_alignment=&#8220;default&#8220; tablet_text_alignment=&#8220;default&#8220; phone_text_alignment=&#8220;default&#8220; background_color_opacity=&#8220;1&#8243; background_hover_color_opacity=&#8220;1&#8243; column_backdrop_filter=&#8220;none&#8220; column_shadow=&#8220;none&#8220; column_border_radius=&#8220;none&#8220; column_link_target=&#8220;_self&#8220; column_position=&#8220;default&#8220; gradient_direction=&#8220;left_to_right&#8220; overlay_strength=&#8220;0.3&#8243; width=&#8220;1\/1&#8243; tablet_width_inherit=&#8220;default&#8220; animation_type=&#8220;default&#8220; bg_image_animation=&#8220;none&#8220; border_type=&#8220;simple&#8220; column_border_width=&#8220;none&#8220; column_border_style=&#8220;solid&#8220;][vc_row_inner column_margin=&#8220;default&#8220; column_direction=&#8220;default&#8220; column_direction_tablet=&#8220;default&#8220; column_direction_phone=&#8220;default&#8220; text_align=&#8220;left&#8220; row_position=&#8220;default&#8220; row_position_tablet=&#8220;inherit&#8220; row_position_phone=&#8220;inherit&#8220; overflow=&#8220;visible&#8220; pointer_events=&#8220;all&#8220;][vc_column_inner column_padding=&#8220;no-extra-padding&#8220; column_padding_tablet=&#8220;inherit&#8220; column_padding_phone=&#8220;inherit&#8220; column_padding_position=&#8220;all&#8220; column_element_direction_desktop=&#8220;default&#8220; column_element_spacing=&#8220;default&#8220; desktop_text_alignment=&#8220;default&#8220; tablet_text_alignment=&#8220;default&#8220; phone_text_alignment=&#8220;default&#8220; background_color_opacity=&#8220;1&#8243; background_hover_color_opacity=&#8220;1&#8243; column_backdrop_filter=&#8220;none&#8220; column_shadow=&#8220;none&#8220; column_border_radius=&#8220;none&#8220; column_link_target=&#8220;_self&#8220; overflow=&#8220;visible&#8220; gradient_direction=&#8220;left_to_right&#8220; overlay_strength=&#8220;0.3&#8243; width=&#8220;1\/1&#8243; tablet_width_inherit=&#8220;default&#8220; animation_type=&#8220;default&#8220; bg_image_animation=&#8220;none&#8220; border_type=&#8220;simple&#8220; column_border_width=&#8220;none&#8220; column_border_style=&#8220;solid&#8220;][\/vc_column_inner][\/vc_row_inner][vc_row_inner disable_element=&#8220;yes&#8220; column_margin=&#8220;default&#8220; column_direction=&#8220;default&#8220; column_direction_tablet=&#8220;default&#8220; column_direction_phone=&#8220;default&#8220; text_align=&#8220;left&#8220; row_position=&#8220;default&#8220; row_position_tablet=&#8220;inherit&#8220; row_position_phone=&#8220;inherit&#8220; overflow=&#8220;visible&#8220; pointer_events=&#8220;all&#8220;][vc_column_inner column_padding=&#8220;no-extra-padding&#8220; column_padding_tablet=&#8220;inherit&#8220; column_padding_phone=&#8220;inherit&#8220; column_padding_position=&#8220;all&#8220; column_element_direction_desktop=&#8220;default&#8220; column_element_spacing=&#8220;default&#8220; desktop_text_alignment=&#8220;default&#8220; tablet_text_alignment=&#8220;default&#8220; phone_text_alignment=&#8220;default&#8220; background_color_opacity=&#8220;1&#8243; background_hover_color_opacity=&#8220;1&#8243; column_backdrop_filter=&#8220;none&#8220; column_shadow=&#8220;none&#8220; column_border_radius=&#8220;none&#8220; column_link_target=&#8220;_self&#8220; overflow=&#8220;visible&#8220; gradient_direction=&#8220;left_to_right&#8220; overlay_strength=&#8220;0.3&#8243; width=&#8220;1\/1&#8243; tablet_width_inherit=&#8220;default&#8220; animation_type=&#8220;default&#8220; bg_image_animation=&#8220;none&#8220; border_type=&#8220;simple&#8220; column_border_width=&#8220;none&#8220; column_border_style=&#8220;solid&#8220;][vc_column_text]\n<h1>Dokumentar:in, Archivar:in, Bibliothekar:in (m\/w\/d)<\/h1>\n<p>&nbsp;<\/p>\n<p>F\u00fcr den Bereich RomBuK (Bildung und Kultur im Rom e.V.) in unserem Archiv und Dokumentationszentrum in K\u00f6ln suchen wir <strong>ab sofort<\/strong> eine <strong>Dokumentar:in, Archivar:in, Bibliothekar:in (m\/w\/d) <\/strong>mit einer Wochenarbeitszeit von 39 Stunden.<\/p>\n<p>Der Rom e.V. arbeitet seit \u00fcber 30 Jahren als interkultureller, gemeinn\u00fctziger Verein f\u00fcr die Verst\u00e4ndigung von Rom:nja\/Sinti:ze und der Mehrheitsgesellschaft. Ziel ist die umfassende Teilhabe von Rom:nja und Sinti:ze. Neben dem Archiv und Dokumentationszentrum zu den Geschichten und Kulturen der Rom:nja betreiben wir eine Sozial-, Gefl\u00fcchteten- und Integrationsberatungsstelle, eine Integrationsagentur, eine KiTa mit Familienzentrum und mehrere p\u00e4dagogische Projekte. Zentrale Bausteine von RomBuK sind neben der Fachbibliothek, dem Archiv und Dokumentationszentrum die Bek\u00e4mpfung des Rassismus gegen Rom:nja und Sinti:ze \u00a0und die Unterst\u00fctzung und F\u00f6rderung von gesellschaftlicher und politischer Teilhabe der Communities.<\/p>\n<p><strong>Der T\u00e4tigkeitsbereich:<\/strong><\/p>\n<ul>\n<li>Konzeptionelle und inhaltliche Weiterentwicklung des Archiv und Dokumentationszentrums<\/li>\n<li>Erhaltung und schrittweise Erweiterung von Archiv, Dokumentationszentrums und Bibliothek<\/li>\n<li>Netzwerkarbeit mit anderen Zentren zur Geschichte der Rom:nja und Sint:ze sowie mit wissenschaftlichen Einrichtungen<\/li>\n<li>Bearbeiten von Anfragen und Betreuung von Nutzer:innen<\/li>\n<li>Mitarbeit bei der Konzeptionierung und Umsetzung archivp\u00e4dagogischer Projekte<\/li>\n<li>Mitarbeit bei der Erstellung von Publikationen, Vortr\u00e4gen und Veranstaltungen sowie bei der \u00d6ffentlichkeitsarbeit des Rom V.<\/li>\n<li>Mitarbeit bei der Weiterentwicklung der vorhandenen Datenbank des Rom V. inkl. weitere Ma\u00dfnahmen zur Digitalisierung (Langzeitarchivierung)<\/li>\n<li>Akquise von Drittmitteln f\u00fcr die Archiv- und Dokumentationsarbeit<\/li>\n<li>Anleitung von nicht-wissenschaftlichem Personal<\/li>\n<\/ul>\n<p><strong>Voraussetzungen:<\/strong><\/p>\n<ul>\n<li>ein abgeschlossenes Studium der Archivwissenschaften oder alternativ ein vergleichbarer Studiengang mit Archivbezug (zum Beispiel Geschichtswissenschaften) in Verbindung mit Berufs- erfahrung in einem Archiv oder mehrj\u00e4hrige verantwortungsvolle T\u00e4tigkeiten in Archiven oder Dokumentationszentren<\/li>\n<li>Kenntnisse archivwissenschaftlicher Standards und Grundkenntnisse in der digitalen Langzeit- archivierung<\/li>\n<li>Basiswissen zu den Themenfeldern: Geschichte der Rom:nja und Sinti:ze sowie Rassismus gegen Rom:nja und Sinti:ze<\/li>\n<li>Teamf\u00e4higkeit, auch in der Zusammenarbeit mit Ehrenamtlichen<\/li>\n<li>F\u00e4higkeit zum strukturierten und eigenverantwortlichen Arbeiten<\/li>\n<\/ul>\n<p><strong>Wir bieten:<\/strong><\/p>\n<ul>\n<li>Abwechslungsreiche T\u00e4tigkeit in einem multiprofessionellem Team<\/li>\n<li>Fortbildung und Supervision<\/li>\n<li>Verg\u00fctung angelehnt an TV\u00f6D und Jobticket<\/li>\n<li>Wochenarbeitszeit 39 Stunden<\/li>\n<li>Befristetes Anstellungsangebot bis 12.2024 mit der Aussicht auf Verl\u00e4ngerung<\/li>\n<li>Zentrale Lage mit guter Verkehrsanbindung<\/li>\n<\/ul>\n<p>Wir sch\u00e4tzen Vielfalt und begr\u00fc\u00dfen daher alle geeigneten Bewerbungen, unabh\u00e4ngig von Geschlecht, Nationalit\u00e4t, ethnischer und sozialer Herkunft, Religion oder Weltanschauung, Behinderung, Alter sowie sexueller Orientierung und Identit\u00e4t. Wir laden auch BIPoC, LGBTIQA* und sonst mehrfachdiskriminierte Menschen dazu ein, sich zu bewerben.<\/p>\n<p>Schriftliche Bewerbungen bitte an Rom e.V., Marion Kr\u00e4mer, Venloer Wall 17, 50672 K\u00f6ln oder<a href=\"mailto:marion.kraemer@romev.de\"> marion.kraemer@romev.de,<\/a> Tel. 0221\/2786075. Bei einer Bewerbung per Mail bitte alle Unterlagen in <strong>EINEM<\/strong> Dokument einreichen (m\u00f6glichst pdf).<\/p>\n<p><a href=\"http:\/\/www.romev.de\/\">https:\/\/www.romev.de\/<\/a><\/p>\n<p><a name=\"pedagogin\"><\/a><\/p>\n<hr style=\"border-top: 1px dotted #ccc;\" \/>\n[\/vc_column_text][\/vc_column_inner][\/vc_row_inner][vc_row_inner disable_element=&#8220;yes&#8220; column_margin=&#8220;default&#8220; column_direction=&#8220;default&#8220; column_direction_tablet=&#8220;default&#8220; column_direction_phone=&#8220;default&#8220; text_align=&#8220;left&#8220; row_position=&#8220;default&#8220; row_position_tablet=&#8220;inherit&#8220; row_position_phone=&#8220;inherit&#8220; overflow=&#8220;visible&#8220; pointer_events=&#8220;all&#8220;][vc_column_inner column_padding=&#8220;no-extra-padding&#8220; column_padding_tablet=&#8220;inherit&#8220; column_padding_phone=&#8220;inherit&#8220; column_padding_position=&#8220;all&#8220; column_element_direction_desktop=&#8220;default&#8220; column_element_spacing=&#8220;default&#8220; desktop_text_alignment=&#8220;default&#8220; tablet_text_alignment=&#8220;default&#8220; phone_text_alignment=&#8220;default&#8220; background_color_opacity=&#8220;1&#8243; background_hover_color_opacity=&#8220;1&#8243; column_backdrop_filter=&#8220;none&#8220; column_shadow=&#8220;none&#8220; column_border_radius=&#8220;none&#8220; column_link_target=&#8220;_self&#8220; overflow=&#8220;visible&#8220; gradient_direction=&#8220;left_to_right&#8220; overlay_strength=&#8220;0.3&#8243; width=&#8220;1\/1&#8243; tablet_width_inherit=&#8220;default&#8220; animation_type=&#8220;default&#8220; bg_image_animation=&#8220;none&#8220; border_type=&#8220;simple&#8220; column_border_width=&#8220;none&#8220; column_border_style=&#8220;solid&#8220;][vc_column_text]\n<h1>P\u00e4dagog:in (m\/w\/d) als Projektleiter:in, ab sofort, 35 Wochenstunden<\/h1>\n<p><strong>\u00a0<\/strong><\/p>\n<p>Zur Vervollst\u00e4ndigung unseres Teams im rechtsrheinischen Schulf\u00f6rderprojekt \u201eAmen Ushta\u201c suchen wir ab sofort eine <strong>p\u00e4dagogische Fachkraft<\/strong> als Projektleiter:in (m\/w\/d)\u00a0 in Teilzeit (35 Wochenstunden).<\/p>\n<p>&nbsp;<\/p>\n<p>Der Rom e.V. arbeitet seit \u00fcber 30 Jahren als gemeinn\u00fctziger Verein f\u00fcr die Verst\u00e4ndigung von Rom:nja\/Sinti:ze und der Mehrheitsgesellschaft. Unser Ziel ist die umfassende Teilhabe von Rom:nja und Sinti:ze. Der Verein ist ein Interkulturelles Zentrum in der K\u00f6lner Innenstadt, unterh\u00e4lt eine Sozial-, Gefl\u00fcchteten- und Integrationsberatungsstelle und eine Integrationsagentur, betreibt eine KiTa und Familienzentrum, die p\u00e4dagogischen Projekte \u201eAmaro Kher\u201c, \u201eAmen Ushta\u201c und \u201eAngle Dikhas\u201c sowie \u201eRomBuK\u201c (Bildung und Kultur im Rom e.V.).<\/p>\n<p>&nbsp;<\/p>\n<p>\u201eAmen Ushta\u201c bietet Unterst\u00fctzung und Begleitung von Roma-Kindern aus Zuwanderer-und Fl\u00fcchtlingsfamilien im Hinblick auf die Anforderungen in Regelklassen rechtsrheinischer Grundschulen durch<\/p>\n<ul>\n<li>Sicherstellen des regelm\u00e4\u00dfigen Schulbesuchs u.a. durch Elternarbeit<\/li>\n<li>Individuelle und Kleingruppenf\u00f6rderung<\/li>\n<li>DaZ-Angebot und Alphabetisierung (falls notwendig)<\/li>\n<li>Resilienzf\u00f6rderung<\/li>\n<li>Teilnahme am Ganztag als wichtiger Schritt zur Integration<\/li>\n<\/ul>\n<p><strong>Voraussetzungen:<\/strong><\/p>\n<ul>\n<li>Abgeschlossenes Studium\/Ausbildung im p\u00e4dagogischen\/sozialen oder vergleichbarem Bereich<\/li>\n<li>Erfahrung in Teamf\u00fchrung, Dokumentation und Umgang mit Kooperationspartner:innen<\/li>\n<li>Erfahrung in der Familienarbeit<\/li>\n<li>Interkulturelle Kompetenz<\/li>\n<li>Belastbarkeit<\/li>\n<li>Selbstst\u00e4ndige und verantwortungsbewusste Arbeitsweise<\/li>\n<li>Mehrsprachigkeit ist von Vorteil (v.a. osteurop\u00e4ische Sprachen)<\/li>\n<\/ul>\n<p><strong>Wir bieten:<\/strong><\/p>\n<ul>\n<li>Abwechslungsreiche T\u00e4tigkeit<\/li>\n<li>Fortbildung und Supervision<\/li>\n<li>Verg\u00fctung angelehnt an TV\u00f6D<\/li>\n<li>Wochenarbeitszeit 35 Stunden<\/li>\n<li>Jobticket<\/li>\n<\/ul>\n<p>Wir sch\u00e4tzen Vielfalt und begr\u00fc\u00dfen daher alle geeigneten Bewerbungen, unabh\u00e4ngig von Geschlecht, Nationalit\u00e4t, ethnischer und sozialer Herkunft, Religion oder Weltanschauung, Behinderung, Alter sowie sexueller Orientierung und Identit\u00e4t. Wir laden besonders BIPoC, LGBTIQA* und sonst mehrfachdiskriminierte Menschen dazu ein, sich zu bewerben.<\/p>\n<p>&nbsp;<\/p>\n<p>Schriftliche Bewerbungen bitte an Rom e.V.,\u00a0 Marion Kr\u00e4mer, Venloer Wall 17, 50672 K\u00f6ln oder per Mail an <a href=\"mailto:marion.kraemer@romev.de\">marion.kraemer@romev.de<\/a>, Tel.\u00a0 0221\/2786075. Bei einer Bewerbung per Mail bitte alle Unterlagen in EINEM Dokument einreichen (m\u00f6glichst pdf).<\/p>\n<p>&nbsp;<\/p>\n<hr \/>\n[\/vc_column_text][\/vc_column_inner][\/vc_row_inner][vc_row_inner disable_element=&#8220;yes&#8220; column_margin=&#8220;default&#8220; column_direction=&#8220;default&#8220; column_direction_tablet=&#8220;default&#8220; column_direction_phone=&#8220;default&#8220; text_align=&#8220;left&#8220; row_position=&#8220;default&#8220; row_position_tablet=&#8220;inherit&#8220; row_position_phone=&#8220;inherit&#8220; overflow=&#8220;visible&#8220; pointer_events=&#8220;all&#8220;][vc_column_inner column_padding=&#8220;no-extra-padding&#8220; column_padding_tablet=&#8220;inherit&#8220; column_padding_phone=&#8220;inherit&#8220; column_padding_position=&#8220;all&#8220; column_element_direction_desktop=&#8220;default&#8220; column_element_spacing=&#8220;default&#8220; desktop_text_alignment=&#8220;default&#8220; tablet_text_alignment=&#8220;default&#8220; phone_text_alignment=&#8220;default&#8220; background_color_opacity=&#8220;1&#8243; background_hover_color_opacity=&#8220;1&#8243; column_backdrop_filter=&#8220;none&#8220; column_shadow=&#8220;none&#8220; column_border_radius=&#8220;none&#8220; column_link_target=&#8220;_self&#8220; overflow=&#8220;visible&#8220; gradient_direction=&#8220;left_to_right&#8220; overlay_strength=&#8220;0.3&#8243; width=&#8220;1\/1&#8243; tablet_width_inherit=&#8220;default&#8220; animation_type=&#8220;default&#8220; bg_image_animation=&#8220;none&#8220; border_type=&#8220;simple&#8220; column_border_width=&#8220;none&#8220; column_border_style=&#8220;solid&#8220;][vc_column_text]\n<h1>P\u00e4dagogische:r Mitarbeiter:in (m\/w\/d)<\/h1>\n<h2>Kinder- und Jugendarbeit mit Gefl\u00fcchteten, Teilzeit (Nachmittag), ab sofort<\/h2>\n<p>&nbsp;<\/p>\n<p>F\u00fcr die Arbeit mit Kindern\/Jugendlichen aus Amaro Kher \u2013 P\u00e4dagogische Angebote und Beratung f\u00fcr Kinder, Jugendliche und ihre Familien des Rom e.V. \u2013 suchen wir ab sofort eine:n p\u00e4dagogische:n Mitarbeiter:in (m\/w\/d) in Teilzeit im Nachmittagsbereich f\u00fcr die Kinder- und Jugendarbeit mit Gefl\u00fcchteten. Hauptaufgabe des\/der p\u00e4dagogischen Mitarbeiter(s):in (m\/w\/d) ist die individuelle F\u00f6rderung der Kinder- und Jugendlichen sowie die Begleitung von Kindern und Familien in ihrem schulischen Bildungsprozess und die Unterst\u00fctzung des gesamten Integrationsprozesses. Die p\u00e4dagogische Arbeit in Amaro Kher orientiert sich an der Resilienzf\u00f6rderung. Sie folgt einem ganzheitlichen Ansatz, der das Individuum und dessen Ressourcen anerkennt und in den Fokus stellt.<\/p>\n<p>Der Rom e.V. arbeitet seit \u00fcber 30 Jahren als gemeinn\u00fctziger Verein f\u00fcr die Verst\u00e4ndigung von Roma\/Sinti und der Mehrheitsgesellschaft. Unser Ziel ist die umfassende Teilhabe von Rom:nja und Sinti:ze. Der Verein ist ein Interkulturelles Zentrum in der K\u00f6lner Innenstadt, unterh\u00e4lt eine Sozial-, Gefl\u00fcchteten- und Integrationsberatungsstelle und eine Integrationsagentur, betreibt eine KiTa und Familienzentrum, die p\u00e4dagogischen Projekte \u201eAmaro Kher\u201c, \u201eAmen Ushta\u201c und \u201eAngle Dikhas\u201c sowie \u201eRomBuK\u201c (Bildung und Kultur im Rom e.V.).<\/p>\n<p>Wir sind Mitglied im Parit\u00e4tischen Wohlfahrtsverband.<\/p>\n<p><strong>Voraussetzungen:<\/strong><\/p>\n<ul>\n<li>Abgeschlossene Ausbildung\/Studium im p\u00e4dagogischen Bereich<\/li>\n<li>Erfahrung in der Kinder- und Jugendarbeit mit Gefl\u00fcchteten<\/li>\n<li>Interkulturelle Kompetenz<\/li>\n<li>Belastbarkeit<\/li>\n<li>Verantwortungsbewusste Arbeitsweise<\/li>\n<li>Kooperationsf\u00e4higkeit<\/li>\n<li>Interesse an der Gesamtentwicklung des Vereins<\/li>\n<\/ul>\n<p><strong>Wir bieten:<\/strong><\/p>\n<ul>\n<li>Abwechslungsreiche T\u00e4tigkeit<\/li>\n<li>Mitarbeit an der Fortschreibung des Konzeptes<\/li>\n<li>Wochenarbeitszeit 25 Stunden<\/li>\n<li>Verg\u00fctung angelehnt an TV\u00d6D<\/li>\n<li>Supervision und Fortbildung<\/li>\n<li>Verkehrsg\u00fcnstige Lage<\/li>\n<\/ul>\n<p>Wir sch\u00e4tzen Vielfalt und begr\u00fc\u00dfen daher alle geeigneten Bewerbungen, unabh\u00e4ngig von Geschlecht, Nationalit\u00e4t, ethnischer und sozialer Herkunft, Religion oder Weltanschauung, Behinderung, Alter sowie sexueller Orientierung und Identit\u00e4t.<\/p>\n<p>Schriftliche Bewerbungen bitte an Rom e.V.,\u00a0 Marion Kr\u00e4mer, Venloer Wall 17, 50672 K\u00f6ln oder <a href=\"mailto:marion.kraemer@romev.de\">marion.kraemer@romev.de<\/a>, Tel.\u00a0 0221\/2786075. Bei einer Bewerbung per Mail bitte alle Unterlagen in EINEM Dokument einreichen (m\u00f6glichst pdf).[\/vc_column_text][\/vc_column_inner][\/vc_row_inner][\/vc_column][\/vc_row][vc_row type=&#8220;in_container&#8220; full_screen_row_position=&#8220;middle&#8220; column_margin=&#8220;default&#8220; column_direction=&#8220;default&#8220; column_direction_tablet=&#8220;default&#8220; column_direction_phone=&#8220;default&#8220; scene_position=&#8220;center&#8220; text_color=&#8220;dark&#8220; text_align=&#8220;left&#8220; row_border_radius=&#8220;none&#8220; row_border_radius_applies=&#8220;bg&#8220; overflow=&#8220;visible&#8220; disable_element=&#8220;yes&#8220; overlay_strength=&#8220;0.3&#8243; gradient_direction=&#8220;left_to_right&#8220; shape_divider_position=&#8220;bottom&#8220; bg_image_animation=&#8220;none&#8220; gradient_type=&#8220;default&#8220; shape_type=&#8220;&#8220;][vc_column column_padding=&#8220;no-extra-padding&#8220; column_padding_tablet=&#8220;inherit&#8220; column_padding_phone=&#8220;inherit&#8220; column_padding_position=&#8220;all&#8220; column_element_direction_desktop=&#8220;default&#8220; column_element_spacing=&#8220;default&#8220; desktop_text_alignment=&#8220;default&#8220; tablet_text_alignment=&#8220;default&#8220; phone_text_alignment=&#8220;default&#8220; background_color_opacity=&#8220;1&#8243; background_hover_color_opacity=&#8220;1&#8243; column_backdrop_filter=&#8220;none&#8220; column_shadow=&#8220;none&#8220; column_border_radius=&#8220;none&#8220; column_link_target=&#8220;_self&#8220; column_position=&#8220;default&#8220; gradient_direction=&#8220;left_to_right&#8220; overlay_strength=&#8220;0.3&#8243; width=&#8220;1\/1&#8243; tablet_width_inherit=&#8220;default&#8220; animation_type=&#8220;default&#8220; bg_image_animation=&#8220;none&#8220; border_type=&#8220;simple&#8220; column_border_width=&#8220;none&#8220; column_border_style=&#8220;solid&#8220;][vc_column_text]\n<h1>Sozialarbeiter\/Sozialp\u00e4dagoge (m\/w\/d)<\/h1>\n<h2>in unserer Sozial,- Gefl\u00fcchteten &#8211; und Integrationsberatung\u00a0(29 Stunden), ab sofort<\/h2>\n<p>&nbsp;<\/p>\n<p>Zur Vervollst\u00e4ndigung unseres Teams in der Sozial,- Gefl\u00fcchteten und Integrationsberatungsstelle ist ab sofort die <strong>Stelle eines Sozialp\u00e4dagogen\/Sozialarbeiters (m\/w\/d)<\/strong> mit 29 Wochenstunden (Teilzeit) zu besetzen.<\/p>\n<p>Der seit mehr als 30 Jahren bestehende gemeinn\u00fctzige Verein Rom e.V. ist eine Roma-Selbstorganisation, der f\u00fcr Menschen- und B\u00fcrgerrechte von Rom:nja und Sinti:ze eintritt. Wir treten aktiv dem Rassismus und Antiziganismus durch Information und Aufkl\u00e4rung entgegen. Der Verein ist ein Interkulturelles Zentrum in der K\u00f6lner Innenstadt, unterh\u00e4lt eine Sozial-, Gefl\u00fcchteten- und Integrationsberatungsstelle und eine Integrationsagentur, betreibt eine KiTa und Familienzentrum, die p\u00e4dagogischen Projekte \u201eAmaro Kher\u201c, \u201eAmen Ushta\u201c und\u00a0\u201eAngle Dikhas\u201c sowie \u201eRomBuK\u201c (Bildung und Kultur im Rom e.V.). Die Beratungsstelle bietet mit verschiedenen Programmen Unterst\u00fctzung und Begleitung von Rom:nja aus Zuwanderer- und Fl\u00fcchtlingsfamilien.<\/p>\n<p><strong>\u00a0<\/strong><strong>Aufgaben: <\/strong><\/p>\n<ul>\n<li>F\u00fchrung und Koordination der Arbeiten in einem multikulturellen Beratungsteam von derzeit 10 Personen, das in Projekten mit unterschiedlichen Beratungsschwerpunkten arbeitet<\/li>\n<li>Mitwirkung\u00a0an struktureller Weiterentwicklung\u00a0des Beratungsteams<\/li>\n<li>Leitung der in der Beratungsstelle angesiedelten Integrationsagentur mit Teilnahme an verschiedenen Arbeitskreisen\/Gremien im Arbeitsbereich \u201eBeratung von Gefl\u00fcchteten\u201c in K\u00f6ln<\/li>\n<li>Kooperation mit Beh\u00f6rden\/Institutionen<\/li>\n<li>Falldokumentationen und Verfassen von Sachberichten<\/li>\n<li>Verfolgung der fl\u00fcchtlingspolitischen Diskussionen<\/li>\n<li>Kooperation innerhalb des Vereins und Vernetzung mit anderen Einrichtungen<\/li>\n<li>In Einzelf\u00e4llen Beratung und Begleitung von Familien und Einzelpersonen nach Terminvereinbarung<\/li>\n<\/ul>\n<p><strong>Voraussetzungen: <\/strong><\/p>\n<ul>\n<li>Hochschulabschluss im sozialen Bereich (zwingend erforderlich)<\/li>\n<li>Erfahrung in leitenden Funktionen<\/li>\n<li>Erfahrung in aktiver Arbeit mit Gefl\u00fcchteten\/Zuwanderern<\/li>\n<li>Gute Rechtskenntnisse in SGB II und XII und im Aufenthaltsgesetz<\/li>\n<li>teamorientiertes, strukturiertes Arbeiten<\/li>\n<li>interkulturelle Sensibilit\u00e4t und Belastbarkeit<\/li>\n<li>Bereitschaft zu selbst\u00e4ndiger, kultursensibler, eigenverantwortlicher, kooperativer Arbeit im Sinne unseres Leitbildes<\/li>\n<li>Grundkenntnisse \u00fcber die Geschichte und Situation von Rom:nja und Sinti:zze<\/li>\n<li>Sprachkenntnisse insbesondere in Romanes und\/oder Kroatisch\/Bosnisch\/Serbisch (bzw. und\/oder anderer im Westbalkan gesprochenen Sprachen) sind von Vorteil<\/li>\n<\/ul>\n<p>Diese Stelle ist nicht f\u00fcr Berufsanf\u00e4nger:innen geeignet.<\/p>\n<p><strong>Wir bieten: <\/strong><\/p>\n<ul>\n<li>abwechslungsreiche T\u00e4tigkeit in einem multiprofessionellem, engagiertem Team<\/li>\n<li>Fortbildung und Supervision<\/li>\n<li>Faire Verg\u00fctung und Deutschlandticket<\/li>\n<li>Befristetes Anstellungsangebot bis 31.12.2025 mit der Aussicht auf Verl\u00e4ngerung<\/li>\n<li>Wochenarbeitszeit 29 Stunden<\/li>\n<li>Zentrale Lage mit guter Verkehrsanbindung<\/li>\n<\/ul>\n<p>Wir sch\u00e4tzen Vielfalt und begr\u00fc\u00dfen daher alle geeigneten Bewerbungen, unabh\u00e4ngig von Geschlecht, Nationalit\u00e4t, ethnischer und sozialer Herkunft, Religion oder Weltanschauung, Behinderung, Alter sowie sexueller Orientierung und Identit\u00e4t. Bewerbungen von Menschen mit internationaler Familiengeschichte sind ausdr\u00fccklich erw\u00fcnscht.<\/p>\n<p>Schriftliche Bewerbungen bitte an Rom e.V., Marion Kr\u00e4mer, Venloer Wall 17, 50672 K\u00f6ln oder marion.kraemer@romev.de, Tel. 0221\/2786075. Bei einer Bewerbung per Mail bitte alle Unterlagen in <strong>EINEM <\/strong>Dokument einreichen (m\u00f6glichst pdf).<\/p>\n<p><a href=\"https:\/\/www.romev.de\/\">https:\/\/www.romev.de\/<\/a><\/p>\n<hr \/>\n[\/vc_column_text][\/vc_column][\/vc_row][vc_row type=&#8220;in_container&#8220; full_screen_row_position=&#8220;middle&#8220; column_margin=&#8220;default&#8220; column_direction=&#8220;default&#8220; column_direction_tablet=&#8220;default&#8220; column_direction_phone=&#8220;default&#8220; scene_position=&#8220;center&#8220; text_color=&#8220;dark&#8220; text_align=&#8220;left&#8220; row_border_radius=&#8220;none&#8220; row_border_radius_applies=&#8220;bg&#8220; overflow=&#8220;visible&#8220; disable_element=&#8220;yes&#8220; overlay_strength=&#8220;0.3&#8243; gradient_direction=&#8220;left_to_right&#8220; shape_divider_position=&#8220;bottom&#8220; bg_image_animation=&#8220;none&#8220; gradient_type=&#8220;default&#8220; shape_type=&#8220;&#8220;][vc_column column_padding=&#8220;no-extra-padding&#8220; column_padding_tablet=&#8220;inherit&#8220; column_padding_phone=&#8220;inherit&#8220; column_padding_position=&#8220;all&#8220; column_element_direction_desktop=&#8220;default&#8220; column_element_spacing=&#8220;default&#8220; desktop_text_alignment=&#8220;default&#8220; tablet_text_alignment=&#8220;default&#8220; phone_text_alignment=&#8220;default&#8220; background_color_opacity=&#8220;1&#8243; background_hover_color_opacity=&#8220;1&#8243; column_backdrop_filter=&#8220;none&#8220; column_shadow=&#8220;none&#8220; column_border_radius=&#8220;none&#8220; column_link_target=&#8220;_self&#8220; column_position=&#8220;default&#8220; gradient_direction=&#8220;left_to_right&#8220; overlay_strength=&#8220;0.3&#8243; width=&#8220;1\/1&#8243; tablet_width_inherit=&#8220;default&#8220; animation_type=&#8220;default&#8220; bg_image_animation=&#8220;none&#8220; border_type=&#8220;simple&#8220; column_border_width=&#8220;none&#8220; column_border_style=&#8220;solid&#8220;][vc_column_text]\n<h1>Erzieher:in (m\/w\/d) als Schwangerschaftsvertretung in Vollzeit, Kita\u00a0 &amp; Familienzentrum Amaro Kher<\/h1>\n<p>&nbsp;<\/p>\n<p>F\u00fcr <strong>\u201eAmaro Kher\u201c Kita und Familienzentrum <\/strong>suchen wir ab sofort eine:n Erzieher:in (m\/w\/d)\/p\u00e4dagogische Fachkraft als Schwangerschaftsvertretung und ggf. anschlie\u00dfende Elternzeit in Vollzeit (39 Stunden\/Woche). In der Kita werden bis zu 22 Kinder aus Roma- und Fl\u00fcchtlingsfamilien im Alter von 2-6 Jahren betreut und gef\u00f6rdert. Es handelt sich um eine eingruppige Einrichtung.<\/p>\n<p>Der seit mehr als 30 Jahren bestehende gemeinn\u00fctzige Verein Rom e.V. ist eine Roma-Selbstorganisation, der f\u00fcr Menschen- und B\u00fcrgerrechte von Rom:nja und Sinti:ze eintritt. Wir treten aktiv dem Rassismus und Antiziganismus durch Information und Aufkl\u00e4rung entgegen. Der Verein ist ein Interkulturelles Zentrum in der K\u00f6lner Innenstadt, unterh\u00e4lt eine Sozial-, Gefl\u00fcchteten- und Integrationsberatungsstelle und eine Integrationsagentur, betreibt eine KiTa und Familienzentrum, die p\u00e4dagogischen Projekte \u201eAmaro Kher\u201c, \u201eAmen Ushta\u201c und\u00a0\u201eAngle Dikhas\u201c sowie \u201eRomBuK\u201c (Bildung und Kultur im Rom e.V.).<\/p>\n<p>Wir sind Mitglied im Parit\u00e4tischen Wohlfahrtsverband.<\/p>\n<p><strong>Voraussetzungen:<\/strong><\/p>\n<ul>\n<li>abgeschlossene Ausbildung\/Studium im p\u00e4dagogischen Bereich (Erzieher:in, Sozialp\u00e4dagog:in, Heilp\u00e4dagog:in oder vergleichbare Ausbildung)<\/li>\n<li>interkulturelle Kompetenz<\/li>\n<li>verantwortungsbewusste Arbeitsweise<\/li>\n<\/ul>\n<p><strong>Wir bieten:<\/strong><\/p>\n<ul>\n<li>abwechslungsreiche T\u00e4tigkeit<\/li>\n<li>multiprofessionelles Team<\/li>\n<li>Wochenarbeitszeit 39 Stunden<\/li>\n<li>Faire Verg\u00fctung<\/li>\n<li>Supervision und Fortbildung<\/li>\n<li>verkehrsg\u00fcnstige Lage<\/li>\n<\/ul>\n<p>Wir sch\u00e4tzen Vielfalt und begr\u00fc\u00dfen daher alle geeigneten Bewerbungen, unabh\u00e4ngig von Geschlecht, Nationalit\u00e4t, ethnischer und sozialer Herkunft, Religion oder Weltanschauung, Behinderung, Alter sowie sexueller Orientierung und Identit\u00e4t.<\/p>\n<p>Schriftliche Bewerbungen bitte <strong>bis zum 30.04.2025<\/strong>\u00a0 an Rom e.V.,\u00a0 Marion Kr\u00e4mer, Venloer Wall 17, 50672 K\u00f6ln. Bei einer Bewerbung per Mail bitte alle Unterlagen in <strong>EINEM <\/strong>Dokument einreichen (m\u00f6glichst pdf).<\/p>\n<p><a href=\"https:\/\/www.romev.de\/\">https:\/\/www.romev.de\/<\/a>[\/vc_column_text][\/vc_column][\/vc_row]\n","protected":false},"excerpt":{"rendered":"<p>[vc_row type=&#8220;in_container&#8220; full_screen_row_position=&#8220;middle&#8220; column_margin=&#8220;default&#8220; column_direction=&#8220;default&#8220; column_direction_tablet=&#8220;default&#8220; column_direction_phone=&#8220;default&#8220; scene_position=&#8220;center&#8220; text_color=&#8220;dark&#8220; text_align=&#8220;left&#8220; row_border_radius=&#8220;none&#8220; row_border_radius_applies=&#8220;bg&#8220; overflow=&#8220;visible&#8220; overlay_strength=&#8220;0.3&#8243; gradient_direction=&#8220;left_to_right&#8220; shape_divider_position=&#8220;bottom&#8220; bg_image_animation=&#8220;none&#8220;][vc_column column_padding=&#8220;no-extra-padding&#8220; column_padding_tablet=&#8220;inherit&#8220; column_padding_phone=&#8220;inherit&#8220; column_padding_position=&#8220;all&#8220; column_element_direction_desktop=&#8220;default&#8220; column_element_spacing=&#8220;default&#8220; desktop_text_alignment=&#8220;default&#8220; tablet_text_alignment=&#8220;default&#8220; phone_text_alignment=&#8220;default&#8220; background_color_opacity=&#8220;1&#8243; background_hover_color_opacity=&#8220;1&#8243; column_backdrop_filter=&#8220;none&#8220; column_shadow=&#8220;none&#8220;&#8230;<\/p>\n","protected":false},"author":1965,"featured_media":0,"parent":0,"menu_order":0,"comment_status":"closed","ping_status":"closed","template":"page-sidebar.php","meta":{"footnotes":""},"class_list":["post-2604","page","type-page","status-publish"],"_links":{"self":[{"href":"https:\/\/www.romev.de\/index.php?rest_route=\/wp\/v2\/pages\/2604","targetHints":{"allow":["GET"]}}],"collection":[{"href":"https:\/\/www.romev.de\/index.php?rest_route=\/wp\/v2\/pages"}],"about":[{"href":"https:\/\/www.romev.de\/index.php?rest_route=\/wp\/v2\/types\/page"}],"author":[{"embeddable":true,"href":"https:\/\/www.romev.de\/index.php?rest_route=\/wp\/v2\/users\/1965"}],"replies":[{"embeddable":true,"href":"https:\/\/www.romev.de\/index.php?rest_route=%2Fwp%2Fv2%2Fcomments&post=2604"}],"version-history":[{"count":311,"href":"https:\/\/www.romev.de\/index.php?rest_route=\/wp\/v2\/pages\/2604\/revisions"}],"predecessor-version":[{"id":6286,"href":"https:\/\/www.romev.de\/index.php?rest_route=\/wp\/v2\/pages\/2604\/revisions\/6286"}],"wp:attachment":[{"href":"https:\/\/www.romev.de\/index.php?rest_route=%2Fwp%2Fv2%2Fmedia&parent=2604"}],"curies":[{"name":"wp","href":"https:\/\/api.w.org\/{rel}","templated":true}]}}