{"id":42,"date":"2013-11-04T13:42:42","date_gmt":"2013-11-04T11:42:42","guid":{"rendered":"http:\/\/www.amaro-kher.de\/romev\/?page_id=42"},"modified":"2022-11-22T12:23:50","modified_gmt":"2022-11-22T11:23:50","slug":"arbeitsbereiche","status":"publish","type":"page","link":"https:\/\/www.romev.de\/?page_id=42","title":{"rendered":"Arbeitsbereiche"},"content":{"rendered":"<div>\n<div>\n<div id=\"attachment_96\" style=\"width: 310px\" class=\"wp-caption alignright\"><a href=\"\/wp-content\/uploads\/2013\/11\/pa1g.jpg\" rel=\"prettyPhoto[gallery-K2q9]\" data-rel=\"lightbox-gallery-xYRk6idU\" data-imagelightbox=\"0\" data-rl_title=\"\" data-rl_caption=\"\" title=\"\"><img loading=\"lazy\" decoding=\"async\" aria-describedby=\"caption-attachment-96\" class=\"wp-image-96 size-medium\" src=\"https:\/\/www.romev.de\/wp-content\/uploads\/2013\/11\/pa1g-300x206.jpg\" alt=\"Demo der K\u00f6lner Roma vor dem Innenministerium NRW\" width=\"300\" height=\"206\" srcset=\"https:\/\/www.romev.de\/wp-content\/uploads\/2013\/11\/pa1g-300x206.jpg 300w, https:\/\/www.romev.de\/wp-content\/uploads\/2013\/11\/pa1g.jpg 413w\" sizes=\"auto, (max-width: 300px) 100vw, 300px\" \/><\/a><p id=\"caption-attachment-96\" class=\"wp-caption-text\">Demo der K\u00f6lner Roma vor dem Innenministerium NRW<\/p><\/div>\n<p>Der Rom e.V. hat in seiner Anfangszeit vor allen f\u00fcr das Bleiberecht der Roma-Fl\u00fcchtlinge gek\u00e4mpft. Das tut er zwar bis heute; aber inzwischen sind weitere Arbeitsbereiche dazugekommen. Viele Familien leben mittlerweile seit Jahren, manche seit fast zwei Jahrzehnten in K\u00f6ln, eben dank der Verhinderung von Abschiebungen. Daher liegt ein neuer Schwerpunkt darauf, die Integration der Familien zu unterst\u00fctzen, also den Aufenthalt zu verfestigen die Wohnbedingungen und die Gesundheitsversorgung zu verbessern, Hilfe bei der Arbeitssuche zu leisten und vor allem den Schulbesuch der Kinder vorzubereiten und zu begleiten.<br \/>\nDas Dokumentationszentrum des Rom e.V., das neben den aufreibenden Alltagsk\u00e4mpfen aufgebaut wurde, geh\u00f6rt mittlerweile zu den gr\u00f6\u00dften Spezial-Bibliotheken bzw. Archiven in Europa und besitzt umfangreiche Sammlungen von Grafiken, historischen Fotos und Edikten zur Geschichte der Rom:nja.<\/p>\n<\/div>\n<\/div>\n","protected":false},"excerpt":{"rendered":"<p>Der Rom e.V. hat in seiner Anfangszeit vor allen f\u00fcr das Bleiberecht der Roma-Fl\u00fcchtlinge gek\u00e4mpft. Das tut er zwar bis heute; aber inzwischen sind weitere Arbeitsbereiche dazugekommen. Viele Familien leben&#8230;<\/p>\n","protected":false},"author":1965,"featured_media":0,"parent":0,"menu_order":3,"comment_status":"closed","ping_status":"closed","template":"page-sidebar.php","meta":{"footnotes":""},"class_list":["post-42","page","type-page","status-publish"],"_links":{"self":[{"href":"https:\/\/www.romev.de\/index.php?rest_route=\/wp\/v2\/pages\/42","targetHints":{"allow":["GET"]}}],"collection":[{"href":"https:\/\/www.romev.de\/index.php?rest_route=\/wp\/v2\/pages"}],"about":[{"href":"https:\/\/www.romev.de\/index.php?rest_route=\/wp\/v2\/types\/page"}],"author":[{"embeddable":true,"href":"https:\/\/www.romev.de\/index.php?rest_route=\/wp\/v2\/users\/1965"}],"replies":[{"embeddable":true,"href":"https:\/\/www.romev.de\/index.php?rest_route=%2Fwp%2Fv2%2Fcomments&post=42"}],"version-history":[{"count":6,"href":"https:\/\/www.romev.de\/index.php?rest_route=\/wp\/v2\/pages\/42\/revisions"}],"predecessor-version":[{"id":4839,"href":"https:\/\/www.romev.de\/index.php?rest_route=\/wp\/v2\/pages\/42\/revisions\/4839"}],"wp:attachment":[{"href":"https:\/\/www.romev.de\/index.php?rest_route=%2Fwp%2Fv2%2Fmedia&parent=42"}],"curies":[{"name":"wp","href":"https:\/\/api.w.org\/{rel}","templated":true}]}}